{"id":2184,"date":"2021-11-16T08:28:14","date_gmt":"2021-11-16T07:28:14","guid":{"rendered":"https:\/\/www.parthages.be\/eboutique\/?post_type=product&#038;p=2184"},"modified":"2021-11-16T08:28:15","modified_gmt":"2021-11-16T07:28:15","slug":"hors-scene-du-handicap-a-laventure-theatrale","status":"publish","type":"product","link":"https:\/\/www.parthages.be\/eboutique\/produit\/hors-scene-du-handicap-a-laventure-theatrale\/","title":{"rendered":"Hors-sc\u00e8ne : du handicap \u00e0 l&rsquo;aventure th\u00e9\u00e2trale"},"content":{"rendered":"<p>\u00ab Soudain, en plein milieu du spectacle, alors qu\u2019il va bient\u00f4t devoir entrer en sc\u00e8ne, Guillaume vacille : t\u00eate lourde et douloureuse, fourmillements au visage, d\u00e9mangeaisons. Il se gratte, se frotte le visage. Je l\u2019\u00e9ponge et lui glisse un peu d\u2019eau froide sur le front. Vient la sc\u00e8ne qu\u2019il doit jouer. \u00c0 cet instant pr\u00e9cis, Guillaume est par terre, comme viss\u00e9 au sol. Il se rel\u00e8ve, p\u00e9niblement. Tout cela para\u00eet mal engag\u00e9. Que faire ? Lui seul peut mesurer la situation, je le laisse donc d\u00e9cider. \u201cC\u2019est bon, je vais jouer\u201d, affirme-t-il. Je le porte alors jusqu\u2019\u00e0 son entr\u00e9e en sc\u00e8ne. Y a-t-il un sens de le conduire vers une telle situation de danger, avec l\u2019intention sous-jacente de contribuer \u00e0 un progr\u00e8s de son \u00e9volution personnelle ? [\u2026] En fin de spectacle, le corps de l\u2019acteur est tendu. Guillaume avance son poing vers le public, fixe les spectateurs d\u2019un regard bless\u00e9, les exhorte \u00e0 ne jamais perdre de vue sa vuln\u00e9rabilit\u00e9 ni l\u2019extr\u00eame pr\u00e9carit\u00e9 de sa condition. \u00bb JK<\/p>\n<p>Regard de l\u2019int\u00e9rieur d\u2019un Centre d\u2019aide par le travail artistique (CAT), l\u2019ouvrage raconte l\u2019histoire d\u2019une troupe professionnelle de com\u00e9diens, musiciens et marionnettistes en situation de handicap. Sont mis en dialogue des r\u00e9cits de tourn\u00e9e, des entretiens et des paroles d\u2019artistes, des r\u00e9flexions sur les enjeux et les r\u00e9sistances des pratiques artistiques en milieu m\u00e9dico-social. L\u2019auteur nous livre ici une histoire, des aventures, une tentative d\u2019y pr\u00eater du sens et une plong\u00e9e par la narration au c\u0153ur d\u2019une utopie en acte.<\/p>\n<p>KEROUANTON J.<\/p>\n<p>Editions Er\u00e8s<\/p>\n<p>2005-151p.-20.50\u20ac<\/p>\n<p>262gr<\/p>\n<p>ISBN\u00a0: 2-7492-0528-X<\/p>\n<p>Cote doc\u00a0: 4-50-KER-H<\/p>\n<p>Mots cl\u00e9s\u00a0: PERSONNE HANDICAPEE, ART, LANGAGE VERBAL, ADULTE, ACTIVITE<\/p>\n<span class=\"et_bloom_bottom_trigger\"><\/span>","protected":false},"excerpt":{"rendered":"<p>Soudain, en plein milieu du spectacle, alors qu\u2019il va bient\u00f4t devoir entrer en sc\u00e8ne, Guillaume vacille : t\u00eate lourde et douloureuse, fourmillements au visage, d\u00e9mangeaisons&#8230;<\/p>\n","protected":false},"featured_media":2185,"comment_status":"closed","ping_status":"closed","template":"","meta":{"_et_pb_use_builder":"","_et_pb_old_content":"","_et_gb_content_width":"","spay_email":""},"class_list":["post-2184","product","type-product","status-publish","has-post-thumbnail","hentry","product_cat-livres","product_tag-activite-artistique","product_tag-adulte","product_tag-art","product_tag-communication","product_tag-expression-artistique","product_tag-france","product_tag-langage-verbal","product_tag-musique","product_tag-participation","product_tag-personne-handicapee"],"jetpack_sharing_enabled":true,"jetpack_likes_enabled":true,"_links":{"self":[{"href":"https:\/\/www.parthages.be\/eboutique\/wp-json\/wp\/v2\/product\/2184","targetHints":{"allow":["GET"]}}],"collection":[{"href":"https:\/\/www.parthages.be\/eboutique\/wp-json\/wp\/v2\/product"}],"about":[{"href":"https:\/\/www.parthages.be\/eboutique\/wp-json\/wp\/v2\/types\/product"}],"replies":[{"embeddable":true,"href":"https:\/\/www.parthages.be\/eboutique\/wp-json\/wp\/v2\/comments?post=2184"}],"wp:featuredmedia":[{"embeddable":true,"href":"https:\/\/www.parthages.be\/eboutique\/wp-json\/wp\/v2\/media\/2185"}],"wp:attachment":[{"href":"https:\/\/www.parthages.be\/eboutique\/wp-json\/wp\/v2\/media?parent=2184"}],"curies":[{"name":"wp","href":"https:\/\/api.w.org\/{rel}","templated":true}]}}