{"id":2198,"date":"2021-11-23T14:35:47","date_gmt":"2021-11-23T13:35:47","guid":{"rendered":"https:\/\/www.parthages.be\/eboutique\/?post_type=product&#038;p=2198"},"modified":"2021-11-23T14:35:48","modified_gmt":"2021-11-23T13:35:48","slug":"accompagner-les-jeunes-handicapes-ou-en-difficulte-education-specialisee-et-integration","status":"publish","type":"product","link":"https:\/\/www.parthages.be\/eboutique\/produit\/accompagner-les-jeunes-handicapes-ou-en-difficulte-education-specialisee-et-integration\/","title":{"rendered":"Accompagner les jeunes handicap\u00e9s ou en difficult\u00e9 : \u00e9ducation sp\u00e9cialis\u00e9e et int\u00e9gration"},"content":{"rendered":"<p>Droits des usagers, responsabilit\u00e9 \u00e9ducative des parents, politique d&rsquo;int\u00e9gration, \u00e9valuation du service offert, le secteur social et m\u00e9dico-social est en pleine mutation. Fond\u00e9 \u00e0 l&rsquo;origine sur une approche psychom\u00e9dicale, il est aujourd&rsquo;hui \u00e0 la recherche d&rsquo;une nouvelle l\u00e9gitimit\u00e9, comme en t\u00e9moigne la loi du 2 janvier 2002 r\u00e9novant l&rsquo;action sociale et m\u00e9dicosociale. Il s&rsquo;agit de passer d&rsquo;une r\u00e9ponse s\u00e9gr\u00e9gative en milieu sp\u00e9cialis\u00e9 \u00e0 une r\u00e9ponse en milieu ordinaire avec des soutiens sp\u00e9cifiques cons\u00e9quents.<\/p>\n<p>Cet ouvrage incite \u00e0 s&#8217;emparer des opportunit\u00e9s qu&rsquo;offre cette mutation. Si les professionnels sont parfois justifi\u00e9s de redouter une int\u00e9gration au rabais, ils doivent cependant adopter une posture active en favorisant les situations de vie ordinaires au sein m\u00eame des \u00e9tablissements sp\u00e9cialis\u00e9s et en d\u00e9veloppant l&rsquo;int\u00e9gration dans les dispositifs de droits communs.<\/p>\n<p>L&rsquo;auteur illustre cette perspective en examinant le syst\u00e8me institutionnel, le projet individuel, l&rsquo;\u00e9valuation, la place des usagers, le travail avec les parents, et propose un cadre de r\u00e9f\u00e9rence, des outils et des pratiques \u00e0 mettre en \u0153uvre. Plut\u00f4t que de solliciter des mod\u00e8les externes, sa d\u00e9marche m\u00e9thodologique s&rsquo;appuie sur l&rsquo;exp\u00e9rience des acteurs de terrain, \u00e9ducateurs sp\u00e9cialis\u00e9s, cadres de direction d&rsquo;\u00e9tablissements, enseignants sp\u00e9cialis\u00e9s et professionnels du soin psychologique et de la r\u00e9\u00e9ducation, auxquels il s&rsquo;adresse en priorit\u00e9.<\/p>\n<p>(Pr\u00e9sentation de l\u2019\u00e9diteur)<\/p>\n<p>DUBREUIL B.<\/p>\n<p>Dunod<\/p>\n<p>2002-171p.-27\u20ac<\/p>\n<p>370gr<\/p>\n<p>ISBN: 2-10-006706-0<\/p>\n<p>Cote doc: 4-50-DUB-A<\/p>\n<span class=\"et_bloom_bottom_trigger\"><\/span>","protected":false},"excerpt":{"rendered":"<p>Droits des usagers, responsabilit\u00e9 \u00e9ducative des parents, politique d&rsquo;int\u00e9gration, \u00e9valuation du service offert, le secteur social et m\u00e9dico-social est en pleine mutation.<\/p>\n","protected":false},"featured_media":2199,"comment_status":"closed","ping_status":"closed","template":"","meta":{"_et_pb_use_builder":"","_et_pb_old_content":"","_et_gb_content_width":"","spay_email":""},"class_list":["post-2198","product","type-product","status-publish","has-post-thumbnail","hentry","product_cat-livres","product_tag-accompagnement","product_tag-approche-pluridisciplinaire","product_tag-contrat-daccompagnement","product_tag-evolution","product_tag-exclusion","product_tag-institution","product_tag-integration","product_tag-jeune","product_tag-motivation","product_tag-negociation","product_tag-observation","product_tag-parent","product_tag-personne-handicapee","product_tag-prise-en-charge","product_tag-projet-individuel","product_tag-responsabilite","product_tag-violence"],"jetpack_sharing_enabled":true,"jetpack_likes_enabled":true,"_links":{"self":[{"href":"https:\/\/www.parthages.be\/eboutique\/wp-json\/wp\/v2\/product\/2198","targetHints":{"allow":["GET"]}}],"collection":[{"href":"https:\/\/www.parthages.be\/eboutique\/wp-json\/wp\/v2\/product"}],"about":[{"href":"https:\/\/www.parthages.be\/eboutique\/wp-json\/wp\/v2\/types\/product"}],"replies":[{"embeddable":true,"href":"https:\/\/www.parthages.be\/eboutique\/wp-json\/wp\/v2\/comments?post=2198"}],"wp:featuredmedia":[{"embeddable":true,"href":"https:\/\/www.parthages.be\/eboutique\/wp-json\/wp\/v2\/media\/2199"}],"wp:attachment":[{"href":"https:\/\/www.parthages.be\/eboutique\/wp-json\/wp\/v2\/media?parent=2198"}],"curies":[{"name":"wp","href":"https:\/\/api.w.org\/{rel}","templated":true}]}}