{"id":2217,"date":"2021-11-30T09:16:02","date_gmt":"2021-11-30T08:16:02","guid":{"rendered":"https:\/\/www.parthages.be\/eboutique\/?post_type=product&#038;p=2217"},"modified":"2021-11-30T09:16:03","modified_gmt":"2021-11-30T08:16:03","slug":"travailler-en-equipe-a-un-projet-pedagogique","status":"publish","type":"product","link":"https:\/\/www.parthages.be\/eboutique\/produit\/travailler-en-equipe-a-un-projet-pedagogique\/","title":{"rendered":"Travailler en \u00e9quipe \u00e0 un projet p\u00e9dagogique"},"content":{"rendered":"<p>\u00a0\u00bb Bien qu&rsquo;on nous ait baptis\u00e9s \u00a0\u00bb \u00e9quipe p\u00e9dagogique \u00ab\u00a0, nous constatons, apr\u00e8s six mois de fonctionnement, qu&rsquo;il n&rsquo;en est rien en d\u00e9pit de nos tentatives pour y parvenir. \u00a0\u00bb Cette expression illustre une r\u00e9alit\u00e9 courante dans les \u00e9tablissements scolaires comme dans les organismes de formation. Les projets se sont multipli\u00e9s, le besoin de les conduire en \u00e9quipe est vivement ressenti. Les exp\u00e9riences conduisent trop souvent \u00e0 la d\u00e9ception. Cet ouvrage apporte des r\u00e9ponses aux interrogations pratiques des acteurs dans trois domaines : l&rsquo;\u00e9quipe p\u00e9dagogique : son fonctionnement, la fa\u00e7on de communiquer, de travailler ensemble, de cr\u00e9er une v\u00e9ritable solidarit\u00e9 entre ses membres ; l&rsquo;activit\u00e9 p\u00e9dagogique de l&rsquo;\u00e9quipe : le projet et son suivi, l&rsquo;animation du groupe en formation, les relations de l&rsquo;\u00e9quipe avec son environnement, la gestion de ses activit\u00e9s, son projet de communication avec son environnement ; les m\u00e9thodes et les techniques : la conduite de r\u00e9union, les analyses, la prise de d\u00e9cision, les \u00e9valuations. L&rsquo;ouvrage engage le lecteur \u00e0 une r\u00e9flexion sur sa fa\u00e7on cl\u00e9 communiquer, sur ses relations aux autres et l&rsquo;invite au respect d&rsquo;autrui, au sens de la responsabilit\u00e9 collective et, par un retour au projet p\u00e9dagogique, \u00e0 la signification de l&rsquo;action au service des \u00e9l\u00e8ves ou du groupe en formation. Ce livre, qui est un v\u00e9ritable mode d&#8217;emploi, s&rsquo;adresse aux enseignants et formateurs qui conduisent et animent un projet de formation pour des \u00e9l\u00e8ves ou des stagiaires. Il int\u00e9resse \u00e9galement les chefs d&rsquo;\u00e9tablissement et organisateurs de formation qui en tireront avantage pour constituer leurs \u00e9quipes et les aider dans leur fonctionnement. (Pr\u00e9sentation de l\u2019\u00e9diteur)<\/p>\n<p>BROCH M.-H.<\/p>\n<p>Chronique sociale<\/p>\n<p>2004-218p.-20.10\u20ac<\/p>\n<p>340gr<\/p>\n<p>ISBN\u00a0: 2-85008-569-3<\/p>\n<p>Cote doc\u00a0: 4-50-BRO-T<\/p>\n<span class=\"et_bloom_bottom_trigger\"><\/span>","protected":false},"excerpt":{"rendered":"<p>\u00a0\u00bb Bien qu&rsquo;on nous ait baptis\u00e9s \u00a0\u00bb \u00e9quipe p\u00e9dagogique \u00ab\u00a0, nous constatons, apr\u00e8s six mois de fonctionnement, qu&rsquo;il n&rsquo;en est rien en d\u00e9pit de nos tentatives pour y parvenir.<\/p>\n","protected":false},"featured_media":2218,"comment_status":"closed","ping_status":"closed","template":"","meta":{"_et_pb_use_builder":"","_et_pb_old_content":"","_et_gb_content_width":"","spay_email":""},"class_list":["post-2217","product","type-product","status-publish","has-post-thumbnail","hentry","product_cat-livres","product_tag-communication","product_tag-evaluation","product_tag-formation-denseignant","product_tag-formation-du-personnel","product_tag-methodologie","product_tag-projet-pedagogique","product_tag-reflexion","product_tag-relation-professionnelle","product_tag-travail-en-equipe"],"jetpack_sharing_enabled":true,"jetpack_likes_enabled":true,"_links":{"self":[{"href":"https:\/\/www.parthages.be\/eboutique\/wp-json\/wp\/v2\/product\/2217","targetHints":{"allow":["GET"]}}],"collection":[{"href":"https:\/\/www.parthages.be\/eboutique\/wp-json\/wp\/v2\/product"}],"about":[{"href":"https:\/\/www.parthages.be\/eboutique\/wp-json\/wp\/v2\/types\/product"}],"replies":[{"embeddable":true,"href":"https:\/\/www.parthages.be\/eboutique\/wp-json\/wp\/v2\/comments?post=2217"}],"wp:featuredmedia":[{"embeddable":true,"href":"https:\/\/www.parthages.be\/eboutique\/wp-json\/wp\/v2\/media\/2218"}],"wp:attachment":[{"href":"https:\/\/www.parthages.be\/eboutique\/wp-json\/wp\/v2\/media?parent=2217"}],"curies":[{"name":"wp","href":"https:\/\/api.w.org\/{rel}","templated":true}]}}