{"id":2237,"date":"2021-11-30T09:37:53","date_gmt":"2021-11-30T08:37:53","guid":{"rendered":"https:\/\/www.parthages.be\/eboutique\/?post_type=product&#038;p=2237"},"modified":"2021-11-30T09:37:53","modified_gmt":"2021-11-30T08:37:53","slug":"technologies-urbaines-vieillissements-et-handicaps","status":"publish","type":"product","link":"https:\/\/www.parthages.be\/eboutique\/produit\/technologies-urbaines-vieillissements-et-handicaps\/","title":{"rendered":"Technologies urbaines: vieillissements et handicaps"},"content":{"rendered":"<p>Partir des usages pour interroger la conception des objets et des am\u00e9nagements urbains : telle est l&rsquo;approche commune \u00e0 tous les collaborateurs de cet ouvrage. Au domicile comme dans l&rsquo;espace public, il s&rsquo;agit d&rsquo;interroger les extensions et les glissements d&rsquo;usage des objets ordinaires et leur capacit\u00e9 \u00e0 compenser les limites de mobilit\u00e9 des individus. Entre fascination pour le progr\u00e8s technique et d\u00e9ceptions de certains usagers, plusieurs processus pr\u00e9sent\u00e9s permettent de comprendre comment certaines r\u00e9alisations, qui visent l&rsquo;accessibilit\u00e9 pour tous ou l&rsquo;adaptabilit\u00e9 \u00e0 certaines formes de handicaps, se diffusent tandis que d&rsquo;autres restent peu pr\u00e9sentes et peu usit\u00e9es. Ces r\u00e9sultats fondent une posture scientifique, ils esquissent aussi une forme de plaidoyer. Lorsque les promoteurs des politiques de l&rsquo;habitat et de la ville prennent en compte les usages des personnes, simultan\u00e9ment et non post\u00e9rieurement \u00e0 la conception des techniques, la continuit\u00e9 des liens entre conception et usages se fait plus forte. Cette le\u00e7on vaut pour les am\u00e9nagements du domicile comme pour les objets de communication (audiovisuel, t\u00e9l\u00e9communications) et les transports en commun (bus, m\u00e9tro), successivement examin\u00e9s dans l&rsquo;ouvrage. \u00a0(Pr\u00e9sentation de l\u2019\u00e9diteur)<\/p>\n<p>PENNEC S.- LE BORGNE-UGUEN F.<\/p>\n<p>Editions Ensp<\/p>\n<p>2005-219p.<\/p>\n<p>ISBN\u00a0: 2-85952-913-6<\/p>\n<p>Cote doc\u00a0: 4-40-PEN-T<\/p>\n<p><strong><em>Uniquement \u00e0 la location<\/em><\/strong><\/p>\n<span class=\"et_bloom_bottom_trigger\"><\/span>","protected":false},"excerpt":{"rendered":"<p>Partir des usages pour interroger la conception des objets et des am\u00e9nagements urbains : telle est l&rsquo;approche commune \u00e0 tous les collaborateurs de cet ouvrage.<\/p>\n","protected":false},"featured_media":2238,"comment_status":"closed","ping_status":"closed","template":"","meta":{"_et_pb_use_builder":"","_et_pb_old_content":"","_et_gb_content_width":"","spay_email":""},"class_list":["post-2237","product","type-product","status-publish","has-post-thumbnail","hentry","product_cat-livres","product_tag-acces","product_tag-aide-technique","product_tag-communication","product_tag-france","product_tag-handicap","product_tag-logement","product_tag-nouvelle-technologie","product_tag-personne-a-mobilite-reduite","product_tag-personne-agee","product_tag-transport"],"jetpack_sharing_enabled":true,"jetpack_likes_enabled":true,"_links":{"self":[{"href":"https:\/\/www.parthages.be\/eboutique\/wp-json\/wp\/v2\/product\/2237","targetHints":{"allow":["GET"]}}],"collection":[{"href":"https:\/\/www.parthages.be\/eboutique\/wp-json\/wp\/v2\/product"}],"about":[{"href":"https:\/\/www.parthages.be\/eboutique\/wp-json\/wp\/v2\/types\/product"}],"replies":[{"embeddable":true,"href":"https:\/\/www.parthages.be\/eboutique\/wp-json\/wp\/v2\/comments?post=2237"}],"wp:featuredmedia":[{"embeddable":true,"href":"https:\/\/www.parthages.be\/eboutique\/wp-json\/wp\/v2\/media\/2238"}],"wp:attachment":[{"href":"https:\/\/www.parthages.be\/eboutique\/wp-json\/wp\/v2\/media?parent=2237"}],"curies":[{"name":"wp","href":"https:\/\/api.w.org\/{rel}","templated":true}]}}