{"id":2281,"date":"2022-01-18T11:34:29","date_gmt":"2022-01-18T10:34:29","guid":{"rendered":"https:\/\/www.parthages.be\/eboutique\/?post_type=product&#038;p=2281"},"modified":"2022-01-18T11:34:29","modified_gmt":"2022-01-18T10:34:29","slug":"handicap-et-sexualites","status":"publish","type":"product","link":"https:\/\/www.parthages.be\/eboutique\/produit\/handicap-et-sexualites\/","title":{"rendered":"Handicap et sexualit\u00e9s"},"content":{"rendered":"<p>Nos soci\u00e9t\u00e9s ont par rapport \u00e0 la question de la sexualit\u00e9 des personnes handicap\u00e9es une position paradoxale. Alors qu\u2019on ne cesse de proclamer le droit des personnes d\u00e9pendantes \u00e0 l\u2019\u00e9galit\u00e9 des chances dans tous les domaines, on peine encore \u00e0\u00a0reconna\u00eetre l\u2019accompagnement \u00e0 la\u00a0vie affective et sexuelle comme un v\u00e9ritable sujet de\u00a0soci\u00e9t\u00e9.\u00a0Et ce malgr\u00e9 la grande d\u00e9tresse des personnes concern\u00e9es.<br \/>\nEn effet le d\u00e9bat soul\u00e8ve des probl\u00e8mes tout \u00e0 la fois d\u2019ordres \u00e9thique, technique, m\u00e9dical, juridique et \u00e9conomique, mais il nous renvoie surtout \u00e0 nos tabous ainsi qu\u2019\u00e0 nos repr\u00e9sentations des personnes en situation de handicap.<br \/>\nMarcel Nuss nous livre ici le premier recueil de\u00a0t\u00e9moignages\u00a0intimes de personnes handicap\u00e9es, mais\u00a0aussi de soignants, de conjoints, d\u2019accompagnateurs\u00a0sexuels \u00e9trangers, d\u2019institutionnels, de philosophes\u00a0et de juristes.\u00a0Il nous permet ainsi de faire un point exhaustif et honn\u00eate sur la question.<br \/>\nUn collectif d\u2019associations, compos\u00e9 de l\u2019AFM, de l\u2019APF, de la CHA et de Handicap International, a engag\u00e9 une r\u00e9flexion sur l\u2019ensemble de ces sujets afin de promouvoir des \u00e9changes et\u00a0permettre la construction de propositions\u00a0d\u2019actions avec les personnes concern\u00e9es et\u00a0les pouvoirs publics. (Pr\u00e9sentation de l\u2019\u00e9diteur)<\/p>\n<p>NUSS M.<\/p>\n<p>Dunod<\/p>\n<p>2014-260p.-26\u20ac<\/p>\n<p>435gr<\/p>\n<p>ISBN\u00a0: 978-2-10-051700-8<\/p>\n<p>Cote doc\u00a0: 4-20-NUS-H<\/p>\n<span class=\"et_bloom_bottom_trigger\"><\/span>","protected":false},"excerpt":{"rendered":"<p>Nos soci\u00e9t\u00e9s ont par rapport \u00e0 la question de la sexualit\u00e9 des personnes handicap\u00e9es une position paradoxale.<\/p>\n","protected":false},"featured_media":2282,"comment_status":"closed","ping_status":"closed","template":"","meta":{"_et_pb_use_builder":"","_et_pb_old_content":"","_et_gb_content_width":"","spay_email":""},"class_list":["post-2281","product","type-product","status-publish","has-post-thumbnail","hentry","product_cat-livres","product_tag-accompagnement","product_tag-action-sante","product_tag-egalite-des-chances","product_tag-ethique","product_tag-personne-handicapee","product_tag-pouvoirs-publics","product_tag-sexualite","product_tag-temoignage","product_tag-vie-affective"],"jetpack_sharing_enabled":true,"jetpack_likes_enabled":true,"_links":{"self":[{"href":"https:\/\/www.parthages.be\/eboutique\/wp-json\/wp\/v2\/product\/2281","targetHints":{"allow":["GET"]}}],"collection":[{"href":"https:\/\/www.parthages.be\/eboutique\/wp-json\/wp\/v2\/product"}],"about":[{"href":"https:\/\/www.parthages.be\/eboutique\/wp-json\/wp\/v2\/types\/product"}],"replies":[{"embeddable":true,"href":"https:\/\/www.parthages.be\/eboutique\/wp-json\/wp\/v2\/comments?post=2281"}],"wp:featuredmedia":[{"embeddable":true,"href":"https:\/\/www.parthages.be\/eboutique\/wp-json\/wp\/v2\/media\/2282"}],"wp:attachment":[{"href":"https:\/\/www.parthages.be\/eboutique\/wp-json\/wp\/v2\/media?parent=2281"}],"curies":[{"name":"wp","href":"https:\/\/api.w.org\/{rel}","templated":true}]}}