{"id":2308,"date":"2022-01-18T15:18:47","date_gmt":"2022-01-18T14:18:47","guid":{"rendered":"https:\/\/www.parthages.be\/eboutique\/?post_type=product&#038;p=2308"},"modified":"2022-01-18T15:18:48","modified_gmt":"2022-01-18T14:18:48","slug":"sexualite-vie-affective-et-deficience-mentale","status":"publish","type":"product","link":"https:\/\/www.parthages.be\/eboutique\/produit\/sexualite-vie-affective-et-deficience-mentale\/","title":{"rendered":"Sexualit\u00e9 vie affective et d\u00e9ficience mentale"},"content":{"rendered":"<p>La dimension sexuelle du comportement des personnes d\u00e9ficientes mentales a \u00e9t\u00e9 longtemps ignor\u00e9e, entra\u00eenant \u00e0 l&rsquo;\u00e9gard de ce groupe social un cruel d\u00e9ficit d&rsquo;information et de formation et donc de nombreux effets pervers : vuln\u00e9rabilit\u00e9 plus grande aux abus sexuels, aux d\u00e9viances, au sida, aux grossesses non d\u00e9sir\u00e9es. A l&rsquo;heure d&rsquo;une plus grande attention port\u00e9e \u00e0 l&rsquo;autonomie des personnes d\u00e9ficientes mentales \u00e0 leur int\u00e9gration sociale, il est urgent d&rsquo;aborder de mani\u00e8re lucide et critique les probl\u00e8mes li\u00e9s \u00e0 leur sexualit\u00e9. Quelle libert\u00e9, quels risques, quelles responsabilit\u00e9s assumer ? Quelle \u00e9ducation, quel accompagnement leur offrir ? Par la diversit\u00e9 des approches ici r\u00e9unies, les contributions \u00e9vitent l&rsquo;enfermement dans le carcan des id\u00e9es toutes faites et mettent l&rsquo;accent sur une indispensable ouverture. Sexualit\u00e9, vie affective et d\u00e9ficience mentale est destin\u00e9 aux parents, aux professionnels, aux formateurs et aux chercheurs qui, dans le champ de la promotion de la sant\u00e9, visent \u00e0 mieux intervenir aupr\u00e8s des personnes d\u00e9ficientes mentales. (Pr\u00e9sentation de l&rsquo;\u00e9diteur)<\/p>\n<p>DELVILLE J.- MERCIER M.<\/p>\n<p>Editions De Boeck Universit\u00e9<\/p>\n<p>1997-241p.<\/p>\n<p>ISBN\u00a0: 2-8041-2409-6<\/p>\n<p>Cote doc\u00a0: 4-20-DEL-S<\/p>\n<p><strong><em>Uniquement \u00e0 la location<\/em><\/strong><\/p>\n<span class=\"et_bloom_bottom_trigger\"><\/span>","protected":false},"excerpt":{"rendered":"<p>La dimension sexuelle du comportement des personnes d\u00e9ficientes mentales a \u00e9t\u00e9 longtemps ignor\u00e9e, entra\u00eenant \u00e0 l&rsquo;\u00e9gard de ce groupe social un cruel d\u00e9ficit d&rsquo;information et de formation et donc de nombreux effets pervers : vuln\u00e9rabilit\u00e9 plus grande aux abus sexuels, aux d\u00e9viances, au sida, aux grossesses non d\u00e9sir\u00e9es.<\/p>\n","protected":false},"featured_media":2309,"comment_status":"closed","ping_status":"closed","template":"","meta":{"_et_pb_use_builder":"","_et_pb_old_content":"","_et_gb_content_width":"","spay_email":""},"class_list":["post-2308","product","type-product","status-publish","has-post-thumbnail","hentry","product_cat-livres","product_tag-abus-sexuel","product_tag-adulte","product_tag-deficience-intellectuelle","product_tag-education-affective-et-sexuelle","product_tag-etude","product_tag-grossesse","product_tag-homosexualite","product_tag-intervenant","product_tag-legislation","product_tag-organisme","product_tag-parent","product_tag-personne-handicapee","product_tag-prevention","product_tag-promotion-de-la-sante","product_tag-sexualite","product_tag-sida","product_tag-tabou","product_tag-vie-affective","product_tag-violence-sexuelle"],"jetpack_sharing_enabled":true,"jetpack_likes_enabled":true,"_links":{"self":[{"href":"https:\/\/www.parthages.be\/eboutique\/wp-json\/wp\/v2\/product\/2308","targetHints":{"allow":["GET"]}}],"collection":[{"href":"https:\/\/www.parthages.be\/eboutique\/wp-json\/wp\/v2\/product"}],"about":[{"href":"https:\/\/www.parthages.be\/eboutique\/wp-json\/wp\/v2\/types\/product"}],"replies":[{"embeddable":true,"href":"https:\/\/www.parthages.be\/eboutique\/wp-json\/wp\/v2\/comments?post=2308"}],"wp:featuredmedia":[{"embeddable":true,"href":"https:\/\/www.parthages.be\/eboutique\/wp-json\/wp\/v2\/media\/2309"}],"wp:attachment":[{"href":"https:\/\/www.parthages.be\/eboutique\/wp-json\/wp\/v2\/media?parent=2308"}],"curies":[{"name":"wp","href":"https:\/\/api.w.org\/{rel}","templated":true}]}}