{"id":2360,"date":"2022-02-22T09:23:59","date_gmt":"2022-02-22T08:23:59","guid":{"rendered":"https:\/\/www.parthages.be\/eboutique\/?post_type=product&#038;p=2360"},"modified":"2022-03-15T11:47:32","modified_gmt":"2022-03-15T10:47:32","slug":"parentalite-des-personnes-deficientes-mentales","status":"publish","type":"product","link":"https:\/\/www.parthages.be\/eboutique\/produit\/parentalite-des-personnes-deficientes-mentales\/","title":{"rendered":"Parentalit\u00e9 des personnes d\u00e9ficientes mentales"},"content":{"rendered":"<p>Valisette contenant un manuel d\u2019animation (68 pages), un dossier de 23 vignettes cliniques et un DVD (40 minutes).<\/p>\n<p>\u00ab\u00a0Parentalit\u00e9 des personnes d\u00e9ficientes mentales\u00a0\u00bb est un outil p\u00e9dagogique destin\u00e9 \u00e0 des professionnels de l\u2019accompagnement. Il comprend: un DVD de t\u00e9moignages de personnes handicap\u00e9es, de professionnels de l\u2019accompagnement et de chercheurs \/ un manuel de r\u00e9flexion \/ des vignettes cliniques. Cet outil est issu du projet \u00ab\u00a0Liens\u00a0\u00bb r\u00e9alis\u00e9 \u00e0 l\u2019initiative du Conseil scientifique de l\u2019ONE. Il ne pr\u00e9tend pas \u00eatre exhaustif mais veut sensibiliser \u00e0 diff\u00e9rents aspects de la probl\u00e9matique abord\u00e9e : la parentalit\u00e9, le droit et le d\u00e9sir d\u2019\u00eatre parent, les droits des enfants, les repr\u00e9sentations du grand public, les doutes et les dangers, l\u2019importance du travail d\u2019\u00e9quipe dans l\u2019accompagnement, l\u2019approche en r\u00e9seau. Un projet : du D\u00e9partement de psychologie de la Facult\u00e9 de m\u00e9decine \u2013 FUNDP (Centre Handicap et Sant\u00e9 subsidi\u00e9 par la Communaut\u00e9 fran\u00e7aise de Belgique) \/ de l\u2019Association des Services d\u2019Accompagnement pour Personnes Handicap\u00e9es (ASAH) \/ de l\u2019Office de la Naissance et de l\u2019Enfance (ONE). (Pr\u00e9sentation de l&rsquo;\u00e9diteur)<\/p>\n<p>MERCIER M. &#8211; BAZIER G.<\/p>\n<p>Presses universitaires de Namur<\/p>\n<p>2008- 75\u20ac<\/p>\n<p>600gr<\/p>\n<p>ISBN\u00a0: 978-2-87037-569-3<\/p>\n<p>Cote doc\u00a0: 4-10-MER-P<\/p>\n<span class=\"et_bloom_bottom_trigger\"><\/span>","protected":false},"excerpt":{"rendered":"<p>\u00ab\u00a0Parentalit\u00e9 des personnes d\u00e9ficientes mentales\u00a0\u00bb est un outil p\u00e9dagogique destin\u00e9 \u00e0 des professionnels de l\u2019accompagnement.<\/p>\n","protected":false},"featured_media":2344,"comment_status":"closed","ping_status":"closed","template":"","meta":{"_et_pb_use_builder":"","_et_pb_old_content":"","_et_gb_content_width":"","spay_email":""},"class_list":["post-2360","product","type-product","status-publish","has-post-thumbnail","hentry","product_cat-livres","product_cat-livres-jeunesse","product_tag-accompagnement","product_tag-deficience-intellectuelle","product_tag-droits-de-lenfant","product_tag-ethique","product_tag-one","product_tag-outil-pedagogique","product_tag-parentalite","product_tag-personne-handicapee","product_tag-reseau","product_tag-temoignage"],"jetpack_sharing_enabled":true,"jetpack_likes_enabled":true,"_links":{"self":[{"href":"https:\/\/www.parthages.be\/eboutique\/wp-json\/wp\/v2\/product\/2360","targetHints":{"allow":["GET"]}}],"collection":[{"href":"https:\/\/www.parthages.be\/eboutique\/wp-json\/wp\/v2\/product"}],"about":[{"href":"https:\/\/www.parthages.be\/eboutique\/wp-json\/wp\/v2\/types\/product"}],"replies":[{"embeddable":true,"href":"https:\/\/www.parthages.be\/eboutique\/wp-json\/wp\/v2\/comments?post=2360"}],"wp:featuredmedia":[{"embeddable":true,"href":"https:\/\/www.parthages.be\/eboutique\/wp-json\/wp\/v2\/media\/2344"}],"wp:attachment":[{"href":"https:\/\/www.parthages.be\/eboutique\/wp-json\/wp\/v2\/media?parent=2360"}],"curies":[{"name":"wp","href":"https:\/\/api.w.org\/{rel}","templated":true}]}}