{"id":2393,"date":"2022-03-01T13:26:18","date_gmt":"2022-03-01T12:26:18","guid":{"rendered":"https:\/\/www.parthages.be\/eboutique\/?post_type=product&#038;p=2393"},"modified":"2022-04-15T08:38:01","modified_gmt":"2022-04-15T06:38:01","slug":"lautisme-explique-par-un-autiste","status":"publish","type":"product","link":"https:\/\/www.parthages.be\/eboutique\/produit\/lautisme-explique-par-un-autiste\/","title":{"rendered":"L\u2019autisme expliqu\u00e9 par un autiste"},"content":{"rendered":"<p>Qu&rsquo;est-ce que l&rsquo;autisme ? Qu&rsquo;est-ce que le spectre de l&rsquo;autisme ? Comment le cerveau d&rsquo;une personne autiste fonctionne-t-il ? Pourquoi l&rsquo;autisme est-il confondu \u00e0 tort avec un probl\u00e8me de communication, un handicap mental, ou une surdouance ? Pourquoi notre soci\u00e9t\u00e9 ne parvient-t-elle pas \u00e0 le comprendre ? Au XXIe si\u00e8cle, les id\u00e9es re\u00e7ues sur l&rsquo;autisme ont la peau dure et son spectre reste mal connu. Cela s&rsquo;av\u00e8re pr\u00e9judiciable pour les autistes qui tentent de faire entendre leur voix. Dans cet ouvrage, Thibaud Moulas nous offre un point de vue in\u00e9dit : profitant de sa diff\u00e9rence, en tant qu&rsquo;autiste Asperger, il partage son exp\u00e9rience et ses connaissances de l&rsquo;autisme. Thibaud Moulas plonge dans le spectre de l&rsquo;autisme et l&rsquo;analyse \u00e0 travers l&rsquo;histoire et la recherche scientifique. Remontant aux origines de la notion, il fait \u00e9tat des erreurs et synth\u00e8ses h\u00e2tives ayant jalonn\u00e9 l&rsquo;\u00e9tude de l&rsquo;autisme, et d\u00e9crit la vie des autistes depuis la pr\u00e9histoire. Il nous fait ainsi voyager \u00e0 travers les \u00e9poques, avant de se pencher sur la situation actuelle et les difficult\u00e9s quotidiennes des personnes autistes. Un autiste prend la parole et nous permet de mieux comprendre l&rsquo;autisme, son spectre et ses possibilit\u00e9s. (Pr\u00e9sentation de l\u2019\u00e9diteur)<\/p>\n<p>MOULAS T.<\/p>\n<p>Editions Mardaga<\/p>\n<p>2021-208p.- 19.90\u20ac<\/p>\n<p>288gr<\/p>\n<p>ISBN\u00a0: 978-2804708498<\/p>\n<p>COTE DOC:1-70-MOU-A<\/p>\n<span class=\"et_bloom_bottom_trigger\"><\/span>","protected":false},"excerpt":{"rendered":"<p>Qu&rsquo;est-ce que l&rsquo;autisme ? Qu&rsquo;est-ce que le spectre de l&rsquo;autisme ? Comment le cerveau d&rsquo;une personne autiste fonctionne-t-il ?<\/p>\n","protected":false},"featured_media":2457,"comment_status":"closed","ping_status":"closed","template":"","meta":{"_et_pb_use_builder":"","_et_pb_old_content":"","_et_gb_content_width":"","spay_email":""},"class_list":["post-2393","product","type-product","status-publish","has-post-thumbnail","hentry","product_cat-livres","product_tag-autisme","product_tag-difference","product_tag-historique","product_tag-personne-handicapee","product_tag-prejuge","product_tag-reconnaissance-du-handicap","product_tag-syndrome-dasperger-2","product_tag-vulgarisation"],"jetpack_sharing_enabled":true,"jetpack_likes_enabled":true,"_links":{"self":[{"href":"https:\/\/www.parthages.be\/eboutique\/wp-json\/wp\/v2\/product\/2393","targetHints":{"allow":["GET"]}}],"collection":[{"href":"https:\/\/www.parthages.be\/eboutique\/wp-json\/wp\/v2\/product"}],"about":[{"href":"https:\/\/www.parthages.be\/eboutique\/wp-json\/wp\/v2\/types\/product"}],"replies":[{"embeddable":true,"href":"https:\/\/www.parthages.be\/eboutique\/wp-json\/wp\/v2\/comments?post=2393"}],"wp:featuredmedia":[{"embeddable":true,"href":"https:\/\/www.parthages.be\/eboutique\/wp-json\/wp\/v2\/media\/2457"}],"wp:attachment":[{"href":"https:\/\/www.parthages.be\/eboutique\/wp-json\/wp\/v2\/media?parent=2393"}],"curies":[{"name":"wp","href":"https:\/\/api.w.org\/{rel}","templated":true}]}}