{"id":240,"date":"2012-10-04T11:43:27","date_gmt":"2012-10-04T09:43:27","guid":{"rendered":"https:\/\/www.parthages.be\/wordpress\/produit\/l-integration-scolaire-et-socioprofessionnelle\/"},"modified":"2021-08-23T09:43:54","modified_gmt":"2021-08-23T07:43:54","slug":"l-integration-scolaire-et-socioprofessionnelle","status":"publish","type":"product","link":"https:\/\/www.parthages.be\/eboutique\/produit\/l-integration-scolaire-et-socioprofessionnelle\/","title":{"rendered":"L&rsquo;Int\u00e9gration scolaire et socioprofessionnelle"},"content":{"rendered":"<p>Marie-Laure Souplet est aveugle depuis sa naissance. Aujourd\u2019hui, elle a cr\u00e9\u00e9 sa propre activit\u00e9 d\u2019accompagnement et de sensibilisation au handicap. Dans cet ouvrage, elle dresse un diagnostic \u00e9tendu du handicap en France; les lois, les institutions, les allocations\u2026 mais aussi l\u2019apprentissage des connaissances, la r\u00e9\u00e9ducation, les techniques palliatives, l\u2019accompagnement des familles et la perception de ces diff\u00e9rences \u00e0 l\u2019\u00e9cole, en entreprise et dans les loisirs. Nous voyons \u00e0 travers ce texte que l\u2019accueil d\u2019un \u00ab\u00a0plus faible que soi\u00a0\u00bb n\u2019est pas une \u00e9vidence, et que des actions de formation et de sensibilisation au handicap sont indispensables pour que ces personnes puissent vivre une vie plus digne et plus l\u00e9g\u00e8re.<\/p>\n<p>\u00c0 travers les diff\u00e9rents t\u00e9moignages rapport\u00e9s dans ce livre, vous pourrez r\u00e9aliser l\u2019importance d\u2019actions de sensibilisation, de formation, d\u2019accompagnement en vue d\u2019aider, de faire d\u00e9couvrir et de comprendre le handicap avec ses possibilit\u00e9s et ses limites. Ainsi, que vous soyez parent, enseignant, employeur, ou vous-m\u00eame personne handicap\u00e9e, vous trouverez s\u00fbrement dans ce livre des r\u00e9ponses \u00e0 vos interrogations. L\u2019auteur nous engage \u00e0 un questionnement \u00e9tendu et s\u00e9rieux, propose des solutions concr\u00e8tes et intelligentes, de nouvelles pistes de r\u00e9flexion et une approche plus humaniste \u00e0 un probl\u00e8me de soci\u00e9t\u00e9 trop souvent ignor\u00e9. (Pr\u00e9sentation de l\u2019\u00e9diteur)<\/p>\n<p>SOUPLET M-L.<\/p>\n<p>Soci\u00e9t\u00e9 des \u00e9crivains<\/p>\n<p>2011-298p<\/p>\n<p>ISBN\u00a0: 978-2-7483-6660-0<\/p>\n<p>Cote doc\u00a0: 7-10-SOU-I<\/p>\n<span class=\"et_bloom_bottom_trigger\"><\/span>","protected":false},"excerpt":{"rendered":"<p>Marie-Laure Souplet est aveugle depuis sa naissance. Aujourd\u2019hui, elle a cr\u00e9\u00e9 sa propre activit\u00e9 d\u2019accompagnement et de sensibilisation au handicap. Dans cet ouvrage, elle dresse un diagnostic \u00e9tendu du handicap en France; les lois, les institutions, les allocations\u2026<\/p>\n","protected":false},"featured_media":239,"comment_status":"open","ping_status":"closed","template":"","meta":{"_et_pb_use_builder":"","_et_pb_old_content":"","_et_gb_content_width":"","spay_email":""},"class_list":["post-240","product","type-product","status-publish","has-post-thumbnail","hentry","product_cat-livres","product_tag-acceptation","product_tag-accompagnement","product_tag-cecite","product_tag-differenciation","product_tag-integration-des-personnes-handic","product_tag-perception","product_tag-temoignage"],"jetpack_sharing_enabled":true,"jetpack_likes_enabled":true,"_links":{"self":[{"href":"https:\/\/www.parthages.be\/eboutique\/wp-json\/wp\/v2\/product\/240","targetHints":{"allow":["GET"]}}],"collection":[{"href":"https:\/\/www.parthages.be\/eboutique\/wp-json\/wp\/v2\/product"}],"about":[{"href":"https:\/\/www.parthages.be\/eboutique\/wp-json\/wp\/v2\/types\/product"}],"replies":[{"embeddable":true,"href":"https:\/\/www.parthages.be\/eboutique\/wp-json\/wp\/v2\/comments?post=240"}],"wp:featuredmedia":[{"embeddable":true,"href":"https:\/\/www.parthages.be\/eboutique\/wp-json\/wp\/v2\/media\/239"}],"wp:attachment":[{"href":"https:\/\/www.parthages.be\/eboutique\/wp-json\/wp\/v2\/media?parent=240"}],"curies":[{"name":"wp","href":"https:\/\/api.w.org\/{rel}","templated":true}]}}