{"id":2437,"date":"2022-03-01T14:24:37","date_gmt":"2022-03-01T13:24:37","guid":{"rendered":"https:\/\/www.parthages.be\/eboutique\/?post_type=product&#038;p=2437"},"modified":"2022-03-01T14:24:37","modified_gmt":"2022-03-01T13:24:37","slug":"moi-je-suis-normale-pas-toi-na-2","status":"publish","type":"product","link":"https:\/\/www.parthages.be\/eboutique\/produit\/moi-je-suis-normale-pas-toi-na-2\/","title":{"rendered":"Moi je suis normale ? Pas toi\u2026 Na !"},"content":{"rendered":"<p>Miraculeusement, Phanou survit \u00e0 deux m\u00e9ningites aigu\u00ebs contract\u00e9es pendant sa petite enfance, mais il en gardera n\u00e9anmoins de lourdes s\u00e9quelles \u00e0 la fois physiques et mentales. Phanou ne peut donc plus vivre une vie \u00ab\u00a0normale\u00a0\u00bb, comme les autres enfants.<\/p>\n<p>Ce t\u00e9moignage est en r\u00e9alit\u00e9 le portrait d\u2019une famille, racont\u00e9e du point de vue d\u2019une s\u0153ur aimante et attentive, qui malgr\u00e9 son jeune \u00e2ge, vit avec intensit\u00e9 et une extraordinaire lucidit\u00e9 le combat de sa famille; les centres sp\u00e9cialis\u00e9s, les institutions, les m\u00e9decins, etc. Elle raconte l\u2019exclusion, l\u2019intol\u00e9rance et l\u2019indiff\u00e9rence dont est victime son fr\u00e8re, mais aussi le lien ind\u00e9fectible qui l\u2019unit \u00e0 lui.<\/p>\n<p>A travers ce r\u00e9cit, Karine Gournay entreprend une r\u00e9flexion approfondie sur l\u2019acceptation de la diff\u00e9rence, faisant une critique acerbe de la gestion du handicap en France, et plaidant pour une meilleure compr\u00e9hension, plus d\u2019humanisme, et une meilleure prise en charge. Elle nous livre avec courage, g\u00e9n\u00e9rosit\u00e9 et une simplicit\u00e9 d\u00e9concertante, cette v\u00e9ritable histoire d\u2019amour fraternel, ainsi que les sentiments et les \u00e9motions qui l\u2019animent tout au long de son combat\u2026 \u00e9crit sous une forme tr\u00e8s libre soutenue pas des citations choisies avec beaucoup de finesse, un t\u00e9moignage poignant qui se lit comme un roman. (Pr\u00e9sentation de l\u2019\u00e9diteur)<\/p>\n<p>GOURNAY K.<\/p>\n<p>Soci\u00e9t\u00e9 des \u00e9crivains<\/p>\n<p>2011- 68p.- 11\u20ac<\/p>\n<p>100gr<\/p>\n<p>ISBN\u00a0: 978-2-7483-6897-0<\/p>\n<p>Cote doc\u00a0: 4-10-GOU-M<\/p>\n<span class=\"et_bloom_bottom_trigger\"><\/span>","protected":false},"excerpt":{"rendered":"<p>Miraculeusement, Phanou survit \u00e0 deux m\u00e9ningites aigu\u00ebs contract\u00e9es pendant sa petite enfance, mais il en gardera n\u00e9anmoins de lourdes s\u00e9quelles \u00e0 la fois physiques et mentales. Phanou ne peut donc plus vivre une vie \u00ab\u00a0normale\u00a0\u00bb, comme les autres enfants.<\/p>\n","protected":false},"featured_media":2438,"comment_status":"closed","ping_status":"closed","template":"","meta":{"_et_pb_use_builder":"","_et_pb_old_content":"","_et_gb_content_width":"","spay_email":""},"class_list":["post-2437","product","type-product","status-publish","has-post-thumbnail","hentry","product_cat-livres","product_tag-droit-a-la-difference","product_tag-fratrie","product_tag-integration","product_tag-personne-handicapee","product_tag-relation-fraternelle","product_tag-temoignage"],"jetpack_sharing_enabled":true,"jetpack_likes_enabled":true,"_links":{"self":[{"href":"https:\/\/www.parthages.be\/eboutique\/wp-json\/wp\/v2\/product\/2437","targetHints":{"allow":["GET"]}}],"collection":[{"href":"https:\/\/www.parthages.be\/eboutique\/wp-json\/wp\/v2\/product"}],"about":[{"href":"https:\/\/www.parthages.be\/eboutique\/wp-json\/wp\/v2\/types\/product"}],"replies":[{"embeddable":true,"href":"https:\/\/www.parthages.be\/eboutique\/wp-json\/wp\/v2\/comments?post=2437"}],"wp:featuredmedia":[{"embeddable":true,"href":"https:\/\/www.parthages.be\/eboutique\/wp-json\/wp\/v2\/media\/2438"}],"wp:attachment":[{"href":"https:\/\/www.parthages.be\/eboutique\/wp-json\/wp\/v2\/media?parent=2437"}],"curies":[{"name":"wp","href":"https:\/\/api.w.org\/{rel}","templated":true}]}}