{"id":2491,"date":"2022-04-05T14:37:40","date_gmt":"2022-04-05T12:37:40","guid":{"rendered":"https:\/\/www.parthages.be\/eboutique\/?post_type=product&#038;p=2491"},"modified":"2022-04-05T14:37:41","modified_gmt":"2022-04-05T12:37:41","slug":"la-lumiere-dans-les-tenebres","status":"publish","type":"product","link":"https:\/\/www.parthages.be\/eboutique\/produit\/la-lumiere-dans-les-tenebres\/","title":{"rendered":"La lumi\u00e8re dans les t\u00e9n\u00e8bres"},"content":{"rendered":"<p>Dans ces trois conf\u00e9rences, Jacques Lusseyran parle des surprenantes d\u00e9couvertes qu&rsquo;il a pu faire en devenant aveugle. Son attention, sa joie, son int\u00e9r\u00eat plein d&rsquo;amour pour les choses et pour les gens, lui ont ouvert un nouvel acc\u00e8s au monde. Mais son livre est bien plus qu&rsquo;un \u00e9tonnant r\u00e9cit d&rsquo;exp\u00e9riences. Il nous apprend \u00e0 surmonter l&rsquo;aspect illusoire et superficiel de notre monde visuel. Il nous \u00e9veille \u00e0 ce germe, \u00f4 combien fragile et menac\u00e9, de notre propre moi, et nous donne le courage de former notre destin \u00e0 partir de notre activit\u00e9 int\u00e9rieure. (Pr\u00e9sentation de l\u2019\u00e9diteur)<\/p>\n<p>LUSSEYRAN J.<\/p>\n<p>Editions Triades<\/p>\n<p>2002- 85p.<\/p>\n<p>ISBN: 2-85248-242-8<\/p>\n<p>Cote doc: 2-70-LUS-L<\/p>\n<p>&nbsp;<\/p>\n<p><strong><em>Uniquement \u00e0 la location<\/em><\/strong><\/p>\n<span class=\"et_bloom_bottom_trigger\"><\/span>","protected":false},"excerpt":{"rendered":"<p>Dans ces trois conf\u00e9rences, Jacques Lusseyran parle des surprenantes d\u00e9couvertes qu&rsquo;il a pu faire en devenant aveugle.<\/p>\n","protected":false},"featured_media":2492,"comment_status":"closed","ping_status":"closed","template":"","meta":{"_et_pb_use_builder":"","_et_pb_old_content":"","_et_gb_content_width":"","spay_email":""},"class_list":["post-2491","product","type-product","status-publish","has-post-thumbnail","hentry","product_cat-livres","product_tag-cecite","product_tag-handicap","product_tag-integration","product_tag-integration-culturelle","product_tag-integration-professionnelle","product_tag-temoignage"],"jetpack_sharing_enabled":true,"jetpack_likes_enabled":true,"_links":{"self":[{"href":"https:\/\/www.parthages.be\/eboutique\/wp-json\/wp\/v2\/product\/2491","targetHints":{"allow":["GET"]}}],"collection":[{"href":"https:\/\/www.parthages.be\/eboutique\/wp-json\/wp\/v2\/product"}],"about":[{"href":"https:\/\/www.parthages.be\/eboutique\/wp-json\/wp\/v2\/types\/product"}],"replies":[{"embeddable":true,"href":"https:\/\/www.parthages.be\/eboutique\/wp-json\/wp\/v2\/comments?post=2491"}],"wp:featuredmedia":[{"embeddable":true,"href":"https:\/\/www.parthages.be\/eboutique\/wp-json\/wp\/v2\/media\/2492"}],"wp:attachment":[{"href":"https:\/\/www.parthages.be\/eboutique\/wp-json\/wp\/v2\/media?parent=2491"}],"curies":[{"name":"wp","href":"https:\/\/api.w.org\/{rel}","templated":true}]}}