{"id":2499,"date":"2022-04-05T14:46:41","date_gmt":"2022-04-05T12:46:41","guid":{"rendered":"https:\/\/www.parthages.be\/eboutique\/?post_type=product&#038;p=2499"},"modified":"2022-04-05T14:46:41","modified_gmt":"2022-04-05T12:46:41","slug":"vivre-malgre-tout","status":"publish","type":"product","link":"https:\/\/www.parthages.be\/eboutique\/produit\/vivre-malgre-tout\/","title":{"rendered":"Vivre malgr\u00e9 tout"},"content":{"rendered":"<p>Une m\u00e8re raconte le drame quotidien que vivent, depuis neuf ans, sa fille, victime d\u2019un accident de la route qui l\u2019a laiss\u00e9e gravement handicap\u00e9e, et toute sa famille. Un t\u00e9moignage bouleversant travers\u00e9 d\u2019une esp\u00e9rance inattendue, malgr\u00e9 tout.<\/p>\n<p>Le 10 mai 1998, Olivia et sa s\u0153ur Fanny, 17 et 19 ans, sont victimes d\u2019un grave accident de voiture. Si Fanny retrouve peu \u00e0 peu une certaine autonomie, le drame laisse Olivia lourdement handicap\u00e9e. Pour toute la famille commence alors un v\u00e9ritable parcours du combattant : service de r\u00e9animation, centre de r\u00e9\u00e9ducation, proc\u00e8s, choix d\u2019un lieu de vie pour Olivia, hospitalisations \u00e0 r\u00e9p\u00e9tition\u2026 Un quotidien \u00e9prouvant, \u00e9puisant.<\/p>\n<p>Vivre ou survivre ? Faire le deuil de celle qu\u2019Olivia a \u00e9t\u00e9, accueillir celle qu\u2019elle est devenue, se battre contre les compagnies d\u2019assurances, la justice, passant sans cesse de l\u2019espoir au d\u00e9sespoir : c\u2019est ce dont t\u00e9moigne une m\u00e8re profond\u00e9ment meurtrie mais toujours debout.<\/p>\n<p>Des lignes \u00e9crites avec le c\u0153ur qui soul\u00e8vent des questions fondamentales sur les progr\u00e8s de la m\u00e9decine, la place de la personne handicap\u00e9e, l\u2019ins\u00e9curit\u00e9 routi\u00e8re, la lenteur de la justice, la responsabilisation de chacun.<\/p>\n<p>Un t\u00e9moignage pudique et poignant qui nous rappelle \u00e0 quel point la vie est pr\u00e9cieuse. (Pr\u00e9sentation de l\u2019\u00e9diteur)<\/p>\n<p>LEURENT-DESCHODT B<\/p>\n<p>Presses de la Renaissance<\/p>\n<p>2008- 246p.<\/p>\n<p>ISBN\u00a0: 978-7509-0285-8<\/p>\n<p>Cote doc\u00a0: 2-60-LEU-V<\/p>\n<p><strong><em>Uniquement \u00e0 la location<\/em><\/strong><\/p>\n<span class=\"et_bloom_bottom_trigger\"><\/span>","protected":false},"excerpt":{"rendered":"<p>Une m\u00e8re raconte le drame quotidien que vivent, depuis neuf ans, sa fille, victime d\u2019un accident de la route qui l\u2019a laiss\u00e9e gravement handicap\u00e9e, et toute sa famille.<\/p>\n","protected":false},"featured_media":2500,"comment_status":"closed","ping_status":"closed","template":"","meta":{"_et_pb_use_builder":"","_et_pb_old_content":"","_et_gb_content_width":"","spay_email":""},"class_list":["post-2499","product","type-product","status-publish","has-post-thumbnail","hentry","product_cat-livres","product_tag-accident-de-la-route","product_tag-dependance-physique","product_tag-famille","product_tag-france","product_tag-fratrie","product_tag-handicap","product_tag-temoignage"],"jetpack_sharing_enabled":true,"jetpack_likes_enabled":true,"_links":{"self":[{"href":"https:\/\/www.parthages.be\/eboutique\/wp-json\/wp\/v2\/product\/2499","targetHints":{"allow":["GET"]}}],"collection":[{"href":"https:\/\/www.parthages.be\/eboutique\/wp-json\/wp\/v2\/product"}],"about":[{"href":"https:\/\/www.parthages.be\/eboutique\/wp-json\/wp\/v2\/types\/product"}],"replies":[{"embeddable":true,"href":"https:\/\/www.parthages.be\/eboutique\/wp-json\/wp\/v2\/comments?post=2499"}],"wp:featuredmedia":[{"embeddable":true,"href":"https:\/\/www.parthages.be\/eboutique\/wp-json\/wp\/v2\/media\/2500"}],"wp:attachment":[{"href":"https:\/\/www.parthages.be\/eboutique\/wp-json\/wp\/v2\/media?parent=2499"}],"curies":[{"name":"wp","href":"https:\/\/api.w.org\/{rel}","templated":true}]}}