{"id":250,"date":"2012-10-17T11:22:17","date_gmt":"2012-10-17T09:22:17","guid":{"rendered":"https:\/\/www.parthages.be\/wordpress\/produit\/le-handicap-a-sa-place\/"},"modified":"2021-09-17T09:45:47","modified_gmt":"2021-09-17T07:45:47","slug":"le-handicap-a-sa-place","status":"publish","type":"product","link":"https:\/\/www.parthages.be\/eboutique\/produit\/le-handicap-a-sa-place\/","title":{"rendered":"Le handicap a sa place"},"content":{"rendered":"<p>Dire que la place d\u2019un enfant est \u00e0 l\u2019\u00e9cole semble aujourd\u2019hui d\u2019une grande banalit\u00e9. Ce principe est pourtant malmen\u00e9 en France o\u00f9 pr\u00e8s de 14 000 enfants handicap\u00e9s restent sans solution d\u2019accueil.<\/p>\n<p>Ce simple chiffre montre \u00e0 quel point la question de la place des enfants handicap\u00e9s est loin d\u2019avoir \u00e9t\u00e9 r\u00e9solue par le droit de s\u2019inscrire qui leur a \u00e9t\u00e9 accord\u00e9 par la loi Handicap de 2005.<\/p>\n<p>Cette situation invite au questionnement. Comment s\u2019op\u00e8re l\u2019acc\u00e8s aux places disponibles ? Comment articuler la reconnaissance de besoins sp\u00e9cifiques avec le principe de non-discrimination ? L\u2019\u00e9galit\u00e9 avec les autres est-elle envisageable ? Comment relier les pratiques aux valeurs ? Faut-il fermer les institutions sp\u00e9cialis\u00e9es ? Une place en \u00e9cole ordinaire est-elle la plus favorable aux enfants touch\u00e9s par le handicap ?<\/p>\n<p>\u00c9crit par un homme de terrain longtemps confront\u00e9 \u00e0 la r\u00e9alit\u00e9 des faits avant d\u2019en faire une th\u00e9matique de recherche, ce livre se propose de r\u00e9pondre \u00e0 ces interrogations en sortant des sentiers balis\u00e9s de l\u2019exclusion, de la diff\u00e9rence et du manque de moyens pour entrer dans les subtilit\u00e9s du rapport social au handicap. En \u00e9largissant nos vues sur le handicap, il renouvelle nos fa\u00e7ons de penser la place des personnes handicap\u00e9es dans la soci\u00e9t\u00e9. (Pr\u00e9sentation de l\u2019\u00e9diteur)<\/p>\n<p>WEISLO E.<\/p>\n<p>PUG<\/p>\n<p>2012-240p.-21.60\u20ac<\/p>\n<p>ISBN: 978-2-7061-1722-0<\/p>\n<p>Cote doc: 5-10-WEI-H<\/p>\n<span class=\"et_bloom_bottom_trigger\"><\/span>","protected":false},"excerpt":{"rendered":"<p>Dire que la place d\u2019un enfant est \u00e0 l\u2019\u00e9cole semble aujourd\u2019hui d\u2019une grande banalit\u00e9. Ce principe est pourtant malmen\u00e9 en France o\u00f9 pr\u00e8s de 14 000 enfants handicap\u00e9s restent sans solution d\u2019accueil.<\/p>\n","protected":false},"featured_media":249,"comment_status":"open","ping_status":"closed","template":"","meta":{"_et_pb_use_builder":"","_et_pb_old_content":"","_et_gb_content_width":"","spay_email":""},"class_list":["post-250","product","type-product","status-publish","has-post-thumbnail","hentry","product_cat-livres","product_tag-acces-a-leducation","product_tag-accompagnement","product_tag-accueil","product_tag-aide","product_tag-centre-dhebergement","product_tag-centre-de-jour","product_tag-education","product_tag-egalite-des-chances","product_tag-emploi","product_tag-enfant-handicape","product_tag-entreprise-de-travail-adapte","product_tag-exclusion-scolaire","product_tag-formation-professionnelle","product_tag-france","product_tag-hebergement","product_tag-institution","product_tag-integration","product_tag-integration-sociale","product_tag-intervenant","product_tag-organisme","product_tag-organisme-public","product_tag-orientation-professionnelle","product_tag-orientation-scolaire","product_tag-personne-handicapee","product_tag-placement","product_tag-readaptation","product_tag-reglementation","product_tag-scolarisation","product_tag-structure","product_tag-vie-quotidienne","product_tag-wallonie"],"jetpack_sharing_enabled":true,"jetpack_likes_enabled":true,"_links":{"self":[{"href":"https:\/\/www.parthages.be\/eboutique\/wp-json\/wp\/v2\/product\/250","targetHints":{"allow":["GET"]}}],"collection":[{"href":"https:\/\/www.parthages.be\/eboutique\/wp-json\/wp\/v2\/product"}],"about":[{"href":"https:\/\/www.parthages.be\/eboutique\/wp-json\/wp\/v2\/types\/product"}],"replies":[{"embeddable":true,"href":"https:\/\/www.parthages.be\/eboutique\/wp-json\/wp\/v2\/comments?post=250"}],"wp:featuredmedia":[{"embeddable":true,"href":"https:\/\/www.parthages.be\/eboutique\/wp-json\/wp\/v2\/media\/249"}],"wp:attachment":[{"href":"https:\/\/www.parthages.be\/eboutique\/wp-json\/wp\/v2\/media?parent=250"}],"curies":[{"name":"wp","href":"https:\/\/api.w.org\/{rel}","templated":true}]}}