{"id":2501,"date":"2022-04-05T14:47:45","date_gmt":"2022-04-05T12:47:45","guid":{"rendered":"https:\/\/www.parthages.be\/eboutique\/?post_type=product&#038;p=2501"},"modified":"2022-04-05T14:47:45","modified_gmt":"2022-04-05T12:47:45","slug":"vivre-et-grandir-polyhandicape","status":"publish","type":"product","link":"https:\/\/www.parthages.be\/eboutique\/produit\/vivre-et-grandir-polyhandicape\/","title":{"rendered":"Vivre et grandir polyhandicap\u00e9"},"content":{"rendered":"<p>Cet ouvrage est le premier a regrouper l\u2019ensemble des connaissances pratiques n\u00e9cessaires aux professionnels du soins et de l\u2019accompagnement qui entourent les polyhandicap\u00e9s (auxquels on associe aussi les infirmes moteurs c\u00e9r\u00e9braux), tant sur le plan m\u00e9dical que social et psychologique. Construit \u00e0 partir d\u2019un travail effectu\u00e9 sur 3 ans par le collectif Polyhandicap Nord Pas de Calais, il pr\u00e9sente \u00e9galement un ensemble de t\u00e9moignages, y compris de parents, con\u00e7u explicitement en vue de la formation des professionnels. (Pr\u00e9sentation de l\u2019\u00e9diteur)<\/p>\n<p>JUZEAU D.<\/p>\n<p>Dunod<\/p>\n<p>2010-256p.-<\/p>\n<p>460gr<\/p>\n<p>ISBN: 978-2-10-054383-0<\/p>\n<p>Cote doc: 2-60-JUZ-V<\/p>\n<span class=\"et_bloom_bottom_trigger\"><\/span>","protected":false},"excerpt":{"rendered":"<p>Cet ouvrage est le premier a regrouper l\u2019ensemble des connaissances pratiques n\u00e9cessaires aux professionnels du soins et de l\u2019accompagnement qui entourent les polyhandicap\u00e9s&#8230;<\/p>\n","protected":false},"featured_media":2502,"comment_status":"closed","ping_status":"closed","template":"","meta":{"_et_pb_use_builder":"","_et_pb_old_content":"","_et_gb_content_width":"","spay_email":""},"class_list":["post-2501","product","type-product","status-publish","has-post-thumbnail","hentry","product_cat-livres","product_tag-adolescence","product_tag-adulte","product_tag-annonce-du-handicap","product_tag-droit","product_tag-enfance","product_tag-famille","product_tag-fin-de-vie","product_tag-france","product_tag-personne-handicapee","product_tag-polyhandicap","product_tag-prise-en-charge","product_tag-vieillesse"],"jetpack_sharing_enabled":true,"jetpack_likes_enabled":true,"_links":{"self":[{"href":"https:\/\/www.parthages.be\/eboutique\/wp-json\/wp\/v2\/product\/2501","targetHints":{"allow":["GET"]}}],"collection":[{"href":"https:\/\/www.parthages.be\/eboutique\/wp-json\/wp\/v2\/product"}],"about":[{"href":"https:\/\/www.parthages.be\/eboutique\/wp-json\/wp\/v2\/types\/product"}],"replies":[{"embeddable":true,"href":"https:\/\/www.parthages.be\/eboutique\/wp-json\/wp\/v2\/comments?post=2501"}],"wp:featuredmedia":[{"embeddable":true,"href":"https:\/\/www.parthages.be\/eboutique\/wp-json\/wp\/v2\/media\/2502"}],"wp:attachment":[{"href":"https:\/\/www.parthages.be\/eboutique\/wp-json\/wp\/v2\/media?parent=2501"}],"curies":[{"name":"wp","href":"https:\/\/api.w.org\/{rel}","templated":true}]}}