{"id":2505,"date":"2022-04-05T14:51:30","date_gmt":"2022-04-05T12:51:30","guid":{"rendered":"https:\/\/www.parthages.be\/eboutique\/?post_type=product&#038;p=2505"},"modified":"2022-04-05T14:51:31","modified_gmt":"2022-04-05T12:51:31","slug":"la-personne-polyhandicapee-son-evaluation-et-son-suivi","status":"publish","type":"product","link":"https:\/\/www.parthages.be\/eboutique\/produit\/la-personne-polyhandicapee-son-evaluation-et-son-suivi\/","title":{"rendered":"La personne polyhandicap\u00e9e: son \u00e9valuation et son suivi"},"content":{"rendered":"<p>Dans nos pays occidentaux, la personne polyhandicap\u00e9e dispose d&rsquo;une reconnaissance sociale de plus en plus importante. C&rsquo;est loin d&rsquo;\u00eatre le cas pour les personnes dont les d\u00e9ficiences sont multiples et importantes. Abordant cette question de fa\u00e7on de tout \u00e0 fait in\u00e9dite, cet ouvrage cherche \u00e0 pr\u00e9ciser le cadre de r\u00e9f\u00e9rence pour une meilleure \u00e9valuation et une meilleure prise en charge de ces personnes. D\u00e9passant les habituelles g\u00e9n\u00e9ralit\u00e9s morales sur le sujet, il s&rsquo;articule autour de 3 aspects : la pr\u00e9cision du concept et de ses limites, codifiant le polyhandicap en tant que tel ; la mise en \u00e9vidence d&rsquo;un syst\u00e8me d&rsquo;\u00e9valuation original qui permet de mettre en avant les caract\u00e9ristiques intrins\u00e8ques du polyhandicap. Ce syst\u00e8me permet de pr\u00e9ciser les forces et les faiblesses de chaque individu et de mieux cibler les activit\u00e9s les plus utiles \u00e0 son d\u00e9veloppement ; un r\u00e9pertoire d&rsquo;activit\u00e9s et d&rsquo;adresses qui aideront les professionnels dans leur prise en charge. Faisant la synth\u00e8se des connaissances actuelles, cet ouvrage permet d&rsquo;am\u00e9liorer la reconnaissance de la personne polyhandicap\u00e9e \u00e0 part enti\u00e8re. Il int\u00e9ressera tout particuli\u00e8rement les parents et les professionnels concern\u00e9s par la prise en charge des personnes polyhandicap\u00e9es, en les invitant \u00e0 diverses r\u00e9flexions, sur la violence notamment, et en leur proposant des outils d&rsquo;encadrement et de stimulation \u00e0 adapter en fonction de chaque individu. (Pr\u00e9sentation de l\u2019\u00e9diteur)<\/p>\n<p>DALLA PIAZZA S. &#8211; GODFROID B.<\/p>\n<p>Editions De Boeck Universit\u00e9<\/p>\n<p>2004-160p.<\/p>\n<p>ISBN: 2-8041-4372-4<\/p>\n<p>Cote doc: 2-60-DAL-P<\/p>\n<p><strong><em>Uniquement \u00e0 la location<\/em><\/strong><\/p>\n<span class=\"et_bloom_bottom_trigger\"><\/span>","protected":false},"excerpt":{"rendered":"<p>Dans nos pays occidentaux, la personne polyhandicap\u00e9e dispose d&rsquo;une reconnaissance sociale de plus en plus importante.<\/p>\n","protected":false},"featured_media":2506,"comment_status":"closed","ping_status":"closed","template":"","meta":{"_et_pb_use_builder":"","_et_pb_old_content":"","_et_gb_content_width":"","spay_email":""},"class_list":["post-2505","product","type-product","status-publish","has-post-thumbnail","hentry","product_cat-livres","product_tag-communication","product_tag-deficience-congenitale","product_tag-definition","product_tag-developpement","product_tag-education","product_tag-ethique","product_tag-evaluation","product_tag-famille","product_tag-intervenant","product_tag-polyhandicap","product_tag-prise-en-charge","product_tag-readaptation","product_tag-therapeutique","product_tag-vie-quotidienne"],"jetpack_sharing_enabled":true,"jetpack_likes_enabled":true,"_links":{"self":[{"href":"https:\/\/www.parthages.be\/eboutique\/wp-json\/wp\/v2\/product\/2505","targetHints":{"allow":["GET"]}}],"collection":[{"href":"https:\/\/www.parthages.be\/eboutique\/wp-json\/wp\/v2\/product"}],"about":[{"href":"https:\/\/www.parthages.be\/eboutique\/wp-json\/wp\/v2\/types\/product"}],"replies":[{"embeddable":true,"href":"https:\/\/www.parthages.be\/eboutique\/wp-json\/wp\/v2\/comments?post=2505"}],"wp:featuredmedia":[{"embeddable":true,"href":"https:\/\/www.parthages.be\/eboutique\/wp-json\/wp\/v2\/media\/2506"}],"wp:attachment":[{"href":"https:\/\/www.parthages.be\/eboutique\/wp-json\/wp\/v2\/media?parent=2505"}],"curies":[{"name":"wp","href":"https:\/\/api.w.org\/{rel}","templated":true}]}}