{"id":2520,"date":"2022-04-15T08:46:40","date_gmt":"2022-04-15T06:46:40","guid":{"rendered":"https:\/\/www.parthages.be\/eboutique\/?post_type=product&#038;p=2520"},"modified":"2022-04-15T08:46:41","modified_gmt":"2022-04-15T06:46:41","slug":"ouvre-mes-bras","status":"publish","type":"product","link":"https:\/\/www.parthages.be\/eboutique\/produit\/ouvre-mes-bras\/","title":{"rendered":"Ouvre mes bras"},"content":{"rendered":"<p>A l&rsquo;origine de ces pages, il y a cette constatation d&rsquo;un double monde : celui des marginaux, de ceux qui sont dans le besoin, et celui de ceux qui ne veulent pas les voir et les rejettent. Ces pages trouvent leur source dans le c\u0153ur des marginaux, avec lesquels il a pu partager un peu sa vie. Ce sont ses fr\u00e8res et s\u0153urs de l&rsquo;Arche qui lui ont fait go\u00fbter les joies du partage, joies de se savoir aim\u00e9 et de pouvoir aimer sans peur, de pouvoir exp\u00e9rimenter l&rsquo;unit\u00e9, fruit de l&rsquo;Esprit Saint, de vivre dans l&rsquo;esp\u00e9rance d&rsquo;un monde de paix, envelopp\u00e9 de l&rsquo;amour du P\u00e8re. L&rsquo;auteur, au c\u0153ur de la mis\u00e8re a \u00e9t\u00e9 amen\u00e9 \u00e0 d\u00e9couvrir le c\u0153ur de l&rsquo;amour : J\u00e9sus. (Pr\u00e9sentation de l\u2019\u00e9diteur)<\/p>\n<p>VANIER J.<\/p>\n<p>Editions Fleurus<\/p>\n<p>1973- 156p.<\/p>\n<p>Cote doc\u00a0: 2-40-VAN-O<\/p>\n<p><strong><em>Uniquement \u00e0 la location<\/em><\/strong><\/p>\n<span class=\"et_bloom_bottom_trigger\"><\/span>","protected":false},"excerpt":{"rendered":"<p>A l&rsquo;origine de ces pages, il y a cette constatation d&rsquo;un double monde : celui des marginaux, de ceux qui sont dans le besoin, et celui de ceux qui ne veulent pas les voir et les rejettent.<\/p>\n","protected":false},"featured_media":2521,"comment_status":"closed","ping_status":"closed","template":"","meta":{"_et_pb_use_builder":"","_et_pb_old_content":"","_et_gb_content_width":"","spay_email":""},"class_list":["post-2520","product","type-product","status-publish","has-post-thumbnail","hentry","product_cat-livres","product_tag-analyse-sociologique","product_tag-christianisme","product_tag-communaute","product_tag-deficience-intellectuelle","product_tag-inde","product_tag-marginalite","product_tag-pauvrete","product_tag-pays-en-developpement","product_tag-pays-industrialise","product_tag-personne-handicapee","product_tag-spiritualite","product_tag-temoignage"],"jetpack_sharing_enabled":true,"jetpack_likes_enabled":true,"_links":{"self":[{"href":"https:\/\/www.parthages.be\/eboutique\/wp-json\/wp\/v2\/product\/2520","targetHints":{"allow":["GET"]}}],"collection":[{"href":"https:\/\/www.parthages.be\/eboutique\/wp-json\/wp\/v2\/product"}],"about":[{"href":"https:\/\/www.parthages.be\/eboutique\/wp-json\/wp\/v2\/types\/product"}],"replies":[{"embeddable":true,"href":"https:\/\/www.parthages.be\/eboutique\/wp-json\/wp\/v2\/comments?post=2520"}],"wp:featuredmedia":[{"embeddable":true,"href":"https:\/\/www.parthages.be\/eboutique\/wp-json\/wp\/v2\/media\/2521"}],"wp:attachment":[{"href":"https:\/\/www.parthages.be\/eboutique\/wp-json\/wp\/v2\/media?parent=2520"}],"curies":[{"name":"wp","href":"https:\/\/api.w.org\/{rel}","templated":true}]}}