{"id":2524,"date":"2022-04-15T09:08:20","date_gmt":"2022-04-15T07:08:20","guid":{"rendered":"https:\/\/www.parthages.be\/eboutique\/?post_type=product&#038;p=2524"},"modified":"2022-04-15T09:09:18","modified_gmt":"2022-04-15T07:09:18","slug":"decouvrir-les-deficiences-intellectuelles","status":"publish","type":"product","link":"https:\/\/www.parthages.be\/eboutique\/produit\/decouvrir-les-deficiences-intellectuelles\/","title":{"rendered":"D\u00e9couvrir les d\u00e9ficiences intellectuelles"},"content":{"rendered":"<p>Parce que le d\u00e9ficient intellectuel a longtemps \u00e9t\u00e9 d\u00e9sign\u00e9 comme un simple d\u2019esprit, on pourrait croire que le monde dans lequel il \u00e9volue est celui de l\u2019innocence et de la clart\u00e9. C\u2019est faux : d\u00e8s qu\u2019il appara\u00eet, le trouble l\u2019accompagne. Monstrueux pour les uns, ang\u00e9lique pour les autres, il sollicite les fronti\u00e8res de l\u2019humanit\u00e9 en rappelant que l\u2019alt\u00e9rit\u00e9 d\u00e9range. C\u2019est pour cette raison que toutes les soci\u00e9t\u00e9s ont cr\u00e9\u00e9 des repr\u00e9sentations et des strat\u00e9gies pour le neutraliser en le condamnant, en le marginalisant ou en l\u2019int\u00e9grant.<\/p>\n<p>Denis Vaginay offre un panorama des d\u00e9ficiences intellectuelles en s\u2019appuyant sur des donn\u00e9es historiques et pluriculturelles comme sur les r\u00e9alit\u00e9s actuelles. Il apporte un ensemble d\u2019informations pratiques qui ont \u00e9t\u00e9 enti\u00e8rement mises \u00e0 jour pour cette nouvelle \u00e9dition, notamment celles concernant l&rsquo;\u00e9volution des institutions en lien avec la l\u00e9gislation et l&rsquo;organisation des parcours.<\/p>\n<p>En affirmant une position r\u00e9solument \u00e9thique, l\u2019auteur propose ici une rencontre pr\u00e9cise, directe et r\u00e9aliste avec les d\u00e9ficiences. Il donne ainsi au lecteur des rep\u00e8res utiles pour comprendre et agir avec et aupr\u00e8s des personnes souffrant de ce handicap. (Pr\u00e9sentation de l\u2019\u00e9diteur)<\/p>\n<p>VAGINAY D.<\/p>\n<p>Editions Er\u00e8s<\/p>\n<p>2005- 240p-14.50\u20ac<\/p>\n<p>155gr<\/p>\n<p>ISBN\u00a0: 2-7492-0477-1<\/p>\n<p>Cote doc: 2-40-VAG-D<\/p>\n<span class=\"et_bloom_bottom_trigger\"><\/span>","protected":false},"excerpt":{"rendered":"<p>Parce que le d\u00e9ficient intellectuel a longtemps \u00e9t\u00e9 d\u00e9sign\u00e9 comme un simple d\u2019esprit, on pourrait croire que le monde dans lequel il \u00e9volue est celui de l\u2019innocence et de la clart\u00e9.<\/p>\n","protected":false},"featured_media":2525,"comment_status":"closed","ping_status":"closed","template":"","meta":{"_et_pb_use_builder":"","_et_pb_old_content":"","_et_gb_content_width":"","spay_email":""},"class_list":["post-2524","product","type-product","status-publish","has-post-thumbnail","hentry","product_cat-livres","product_tag-deficience-intellectuelle","product_tag-definition","product_tag-egalite-des-chances","product_tag-enfant","product_tag-integration","product_tag-norme-sociale","product_tag-parent","product_tag-personne-handicapee","product_tag-prise-en-charge","product_tag-regard","product_tag-representation-sociale","product_tag-strategie"],"jetpack_sharing_enabled":true,"jetpack_likes_enabled":true,"_links":{"self":[{"href":"https:\/\/www.parthages.be\/eboutique\/wp-json\/wp\/v2\/product\/2524","targetHints":{"allow":["GET"]}}],"collection":[{"href":"https:\/\/www.parthages.be\/eboutique\/wp-json\/wp\/v2\/product"}],"about":[{"href":"https:\/\/www.parthages.be\/eboutique\/wp-json\/wp\/v2\/types\/product"}],"replies":[{"embeddable":true,"href":"https:\/\/www.parthages.be\/eboutique\/wp-json\/wp\/v2\/comments?post=2524"}],"wp:featuredmedia":[{"embeddable":true,"href":"https:\/\/www.parthages.be\/eboutique\/wp-json\/wp\/v2\/media\/2525"}],"wp:attachment":[{"href":"https:\/\/www.parthages.be\/eboutique\/wp-json\/wp\/v2\/media?parent=2524"}],"curies":[{"name":"wp","href":"https:\/\/api.w.org\/{rel}","templated":true}]}}