{"id":2538,"date":"2022-04-15T09:17:22","date_gmt":"2022-04-15T07:17:22","guid":{"rendered":"https:\/\/www.parthages.be\/eboutique\/?post_type=product&#038;p=2538"},"modified":"2022-04-15T09:17:23","modified_gmt":"2022-04-15T07:17:23","slug":"la-deficience-intellectuelle-concepts-de-base","status":"publish","type":"product","link":"https:\/\/www.parthages.be\/eboutique\/produit\/la-deficience-intellectuelle-concepts-de-base\/","title":{"rendered":"La d\u00e9ficience intellectuelle : concepts de base"},"content":{"rendered":"<p>Cet ouvrage aborde les notions de base relatives \u00e0 la d\u00e9ficience intellectuelle. Vous y trouverez un bref historique depuis la pr\u00e9histoire jusqu&rsquo;\u00e0 nos jours. On y traite en particulier des questions reli\u00e9es au v\u00e9cu familial, \u00e0 l&rsquo;int\u00e9gration sociale et des pr\u00e9jug\u00e9s rattach\u00e9s \u00e0 la d\u00e9ficience intellectuelle, des probl\u00e8mes physiques li\u00e9s \u00e0 la d\u00e9ficience intellectuelle et de la sexualit\u00e9. Le but recherch\u00e9 est de sensibiliser le lecteur \u00e0 toutes les facettes de la d\u00e9ficience. Les parents y trouveront des r\u00e9ponses aux nombreuses questions et d\u00e9fis soulev\u00e9s par la d\u00e9ficience intellectuelle.\u00a0 (Pr\u00e9sentation de l\u2019\u00e9diteur)<\/p>\n<p>MARTIN J.F.<\/p>\n<p>Editions Saint-Martin<\/p>\n<p>2002-187p<\/p>\n<p>ISBN\u00a0: 2-89035-352-4<\/p>\n<p>Cote doc\u00a0: 2-40-MAR-D<\/p>\n<p><strong><em>Uniquement \u00e0 la location<\/em><\/strong><\/p>\n<span class=\"et_bloom_bottom_trigger\"><\/span>","protected":false},"excerpt":{"rendered":"<p>Cet ouvrage aborde les notions de base relatives \u00e0 la d\u00e9ficience intellectuelle. Vous y trouverez un bref historique depuis la pr\u00e9histoire jusqu&rsquo;\u00e0 nos jours.<\/p>\n","protected":false},"featured_media":2539,"comment_status":"closed","ping_status":"closed","template":"","meta":{"_et_pb_use_builder":"","_et_pb_old_content":"","_et_gb_content_width":"","spay_email":""},"class_list":["post-2538","product","type-product","status-publish","has-post-thumbnail","hentry","product_cat-livres","product_tag-classification","product_tag-concept","product_tag-deficience-intellectuelle","product_tag-discrimination","product_tag-ecole","product_tag-estime-de-soi","product_tag-famille","product_tag-historique","product_tag-homosexualite","product_tag-integration","product_tag-normalisation","product_tag-parent","product_tag-personne-handicapee","product_tag-plan-dinterventions-individualisees","product_tag-plan-educatif-individualise","product_tag-quebec","product_tag-sante-mentale","product_tag-sexualite","product_tag-valorisation"],"jetpack_sharing_enabled":true,"jetpack_likes_enabled":true,"_links":{"self":[{"href":"https:\/\/www.parthages.be\/eboutique\/wp-json\/wp\/v2\/product\/2538","targetHints":{"allow":["GET"]}}],"collection":[{"href":"https:\/\/www.parthages.be\/eboutique\/wp-json\/wp\/v2\/product"}],"about":[{"href":"https:\/\/www.parthages.be\/eboutique\/wp-json\/wp\/v2\/types\/product"}],"replies":[{"embeddable":true,"href":"https:\/\/www.parthages.be\/eboutique\/wp-json\/wp\/v2\/comments?post=2538"}],"wp:featuredmedia":[{"embeddable":true,"href":"https:\/\/www.parthages.be\/eboutique\/wp-json\/wp\/v2\/media\/2539"}],"wp:attachment":[{"href":"https:\/\/www.parthages.be\/eboutique\/wp-json\/wp\/v2\/media?parent=2538"}],"curies":[{"name":"wp","href":"https:\/\/api.w.org\/{rel}","templated":true}]}}