{"id":258,"date":"2012-10-19T11:07:30","date_gmt":"2012-10-19T09:07:30","guid":{"rendered":"https:\/\/www.parthages.be\/wordpress\/produit\/handicap-et-retards-de-developpement\/"},"modified":"2022-07-26T10:25:46","modified_gmt":"2022-07-26T08:25:46","slug":"handicap-et-retards-de-developpement","status":"publish","type":"product","link":"https:\/\/www.parthages.be\/eboutique\/produit\/handicap-et-retards-de-developpement\/","title":{"rendered":"Handicaps et retards de d\u00e9veloppement"},"content":{"rendered":"<p>Pr\u00e9venir, identifier pr\u00e9cocement, intervenir sont au c\u0153ur de toutes les pr\u00e9occupations de l\u2019adulte face \u00e0 la croissance et au d\u00e9veloppement de l\u2019enfant. Vous retrouverez, dans ce livre, un groupe d\u2019experts qui offrent des connaissances et proposent des outils pour que vous puissiez mieux assumer votre r\u00f4le de parent, d\u2019\u00e9ducateur et d\u2019intervenant. Ce livre vous convaincra que le v\u00e9ritable handicap est port\u00e9 par celui qui refuse de voir ou d\u2019utiliser toutes ces ressources pour accompagner et permettre le plein potentiel d\u2019un enfant. (Pr\u00e9sentation de l\u2019\u00e9diteur)<\/p>\n<p>L&rsquo;ABBE Y.- LESPINASSE J.- LABINE R.- WALTHER M.- LEMIEUX N.- GOYETTE C.<\/p>\n<p>B\u00e9liveau \u00e9diteur<\/p>\n<p>2010- 336 p.<\/p>\n<p>ISBN: 978-2-89092-452-9<\/p>\n<p>Cote doc: 1-30-LAB-H<\/p>\n<p><strong><em>Uniquement \u00e0 la location<\/em><\/strong><\/p>\n<span class=\"et_bloom_bottom_trigger\"><\/span>","protected":false},"excerpt":{"rendered":"<p>Pr\u00e9venir, identifier pr\u00e9cocement, intervenir sont au c\u0153ur de toutes les pr\u00e9occupations de l\u2019adulte face \u00e0 la croissance et au d\u00e9veloppement de l\u2019enfant. Vous retrouverez, dans ce livre, un groupe d\u2019experts qui offrent des connaissances et proposent des outils pour que vous puissiez mieux assumer votre r\u00f4le de parent, d\u2019\u00e9ducateur et d\u2019intervenant. Ce livre vous convaincra [&hellip;]<\/p>\n","protected":false},"featured_media":257,"comment_status":"open","ping_status":"closed","template":"","meta":{"_et_pb_use_builder":"","_et_pb_old_content":"","_et_gb_content_width":"","spay_email":""},"class_list":["post-258","product","type-product","status-publish","has-post-thumbnail","hentry","product_cat-livres","product_tag-cause","product_tag-diagnostic-precoce","product_tag-ethique","product_tag-handicap","product_tag-information","product_tag-intervention-precoce","product_tag-outil-de-prevention","product_tag-prevention","product_tag-relation-daide","product_tag-retard-de-developpement","product_tag-trouble-du-developpement"],"jetpack_sharing_enabled":true,"jetpack_likes_enabled":true,"_links":{"self":[{"href":"https:\/\/www.parthages.be\/eboutique\/wp-json\/wp\/v2\/product\/258","targetHints":{"allow":["GET"]}}],"collection":[{"href":"https:\/\/www.parthages.be\/eboutique\/wp-json\/wp\/v2\/product"}],"about":[{"href":"https:\/\/www.parthages.be\/eboutique\/wp-json\/wp\/v2\/types\/product"}],"replies":[{"embeddable":true,"href":"https:\/\/www.parthages.be\/eboutique\/wp-json\/wp\/v2\/comments?post=258"}],"wp:featuredmedia":[{"embeddable":true,"href":"https:\/\/www.parthages.be\/eboutique\/wp-json\/wp\/v2\/media\/257"}],"wp:attachment":[{"href":"https:\/\/www.parthages.be\/eboutique\/wp-json\/wp\/v2\/media?parent=258"}],"curies":[{"name":"wp","href":"https:\/\/api.w.org\/{rel}","templated":true}]}}