{"id":2603,"date":"2022-05-16T19:17:20","date_gmt":"2022-05-16T17:17:20","guid":{"rendered":"https:\/\/www.parthages.be\/eboutique\/?post_type=product&#038;p=2603"},"modified":"2022-09-02T12:46:44","modified_gmt":"2022-09-02T10:46:44","slug":"lautisme-a-lecole-le-pari-de-leducabilite","status":"publish","type":"product","link":"https:\/\/www.parthages.be\/eboutique\/produit\/lautisme-a-lecole-le-pari-de-leducabilite\/","title":{"rendered":"L\u2019autisme \u00e0 l\u2019\u00e9cole. Le pari de l\u2019\u00e9ducabilit\u00e9"},"content":{"rendered":"<p>L\u2019autisme \u00e0 l\u2019\u00e9cole est une diff\u00e9rence invisible et marquante \u00e0 la fois. L\u2019Autre avec autisme nous met en demeure de r\u00e9fl\u00e9chir sur nos pratiques, mais surtout, de r\u00e9fl\u00e9chir sur nous-m\u00eame. Urgence d\u2019une soci\u00e9t\u00e9 solidaire et inclusive, l\u2019autisme est une question d\u2019\u00e9thique et de droit, de science et d\u2019humanit\u00e9. Il ouvre un chemin d\u2019alt\u00e9rit\u00e9 qui demande de la t\u00e9nacit\u00e9, des efforts, de l\u2019empathie, mais plus encore de l\u2019amour.<br \/>\nFond\u00e9 sur les travaux scientifiques en neurosciences, en sciences de l\u2019intervention et en sciences de l\u2019\u00e9ducation les plus r\u00e9cents, cet ouvrage plonge le lecteur dans le v\u00e9cu concret et quotidien des acteurs de l\u2019inclusion scolaire des enfants porteurs des troubles du spectre de l\u2019autisme. Il identifie les gestes de vie et les gestes professionnels d\u2019enseignement pour les \u00e9l\u00e8ves avec autisme \u00e0 l\u2019\u00e9cole. Il propose une approche \u00e9ducative et des pistes de recherche pour une \u00e9ducation inclusive. Il s\u2019adresse ainsi \u00e0 tous ceux et celles, parents, enseignants, AVS (AESH), \u00e9ducateurs, professionnels, formateurs et chercheurs qui, dans leur pratique et leur exp\u00e9rience de vie, sont en premi\u00e8re ligne sur le front de l\u2019autisme \u00e0 l\u2019\u00e9cole. (Pr\u00e9sentation de l\u2019\u00e9diteur)<\/p>\n<p>ALIN C.<\/p>\n<p>Editions Mardaga<\/p>\n<p>2019-456p.<\/p>\n<p>648gr<\/p>\n<p>ISBN: 978-2-80470579-4<\/p>\n<p>Cote doc: 1-70-ALI-L<\/p>\n<span class=\"et_bloom_bottom_trigger\"><\/span>","protected":false},"excerpt":{"rendered":"<p>L\u2019autisme \u00e0 l\u2019\u00e9cole est une diff\u00e9rence invisible et marquante \u00e0 la fois. L\u2019Autre avec autisme nous met en demeure de r\u00e9fl\u00e9chir sur nos pratiques, mais surtout, de r\u00e9fl\u00e9chir sur nous-m\u00eame. Urgence d\u2019une soci\u00e9t\u00e9 solidaire et inclusive, l\u2019autisme est une question d\u2019\u00e9thique et de droit, de science et d\u2019humanit\u00e9. Il ouvre un chemin d\u2019alt\u00e9rit\u00e9 qui demande [&hellip;]<\/p>\n","protected":false},"featured_media":2604,"comment_status":"closed","ping_status":"closed","template":"","meta":{"_et_pb_use_builder":"","_et_pb_old_content":"","_et_gb_content_width":"","spay_email":""},"class_list":["post-2603","product","type-product","status-publish","has-post-thumbnail","hentry","product_cat-livres","product_tag-autisme","product_tag-besoins-educatifs-vulnerabilite","product_tag-ecole","product_tag-education","product_tag-ethique","product_tag-humanite","product_tag-inclusion","product_tag-scolarite"],"jetpack_sharing_enabled":true,"jetpack_likes_enabled":true,"_links":{"self":[{"href":"https:\/\/www.parthages.be\/eboutique\/wp-json\/wp\/v2\/product\/2603","targetHints":{"allow":["GET"]}}],"collection":[{"href":"https:\/\/www.parthages.be\/eboutique\/wp-json\/wp\/v2\/product"}],"about":[{"href":"https:\/\/www.parthages.be\/eboutique\/wp-json\/wp\/v2\/types\/product"}],"replies":[{"embeddable":true,"href":"https:\/\/www.parthages.be\/eboutique\/wp-json\/wp\/v2\/comments?post=2603"}],"wp:featuredmedia":[{"embeddable":true,"href":"https:\/\/www.parthages.be\/eboutique\/wp-json\/wp\/v2\/media\/2604"}],"wp:attachment":[{"href":"https:\/\/www.parthages.be\/eboutique\/wp-json\/wp\/v2\/media?parent=2603"}],"curies":[{"name":"wp","href":"https:\/\/api.w.org\/{rel}","templated":true}]}}