{"id":2611,"date":"2022-05-16T19:30:20","date_gmt":"2022-05-16T17:30:20","guid":{"rendered":"https:\/\/www.parthages.be\/eboutique\/?post_type=product&#038;p=2611"},"modified":"2022-09-02T12:45:06","modified_gmt":"2022-09-02T10:45:06","slug":"au-carrefour-de-lalterite","status":"publish","type":"product","link":"https:\/\/www.parthages.be\/eboutique\/produit\/au-carrefour-de-lalterite\/","title":{"rendered":"Au carrefour de l&rsquo;alt\u00e9rit\u00e9"},"content":{"rendered":"<p><strong>Pratiques et repr\u00e9sentations du handicap dans l&rsquo;espace francophone<\/strong><\/p>\n<p><strong>\u00a0<\/strong><\/p>\n<p>Le handicap peut \u00eatre abord\u00e9 comme une production culturelle influenc\u00e9e par les environnements g\u00e9ographiques, sociaux, \u00e9conomiques et politiques. Construit au premier abord autour de l&rsquo;alt\u00e9ration et du dysfonctionnement, il reste empreint de symbolique, charg\u00e9 de repr\u00e9sentations et de pr\u00e9jug\u00e9s. C&rsquo;est dans cette perspective que cet ouvrage propose d&rsquo;explorer l&rsquo;alt\u00e9rit\u00e9, en mettant \u00e0 l\u2019\u00e9preuve la vari\u00e9t\u00e9 des mani\u00e8res de percevoir mais aussi de traiter le handicap dans diff\u00e9rents espaces sociaux et culturels, et plus pr\u00e9cis\u00e9ment la sph\u00e8re francophone. Cette derni\u00e8re, au-del\u00e0 de l\u2019illusion socio-historique d\u2019une convergence et d\u2019une homog\u00e9n\u00e9it\u00e9 linguistique, combine indubitablement une vari\u00e9t\u00e9 de repr\u00e9sentations et de typologies (partie 1) qui se traduisent par la mise en place de multiples politiques et dispositifs \u00e0 destination des personnes handicap\u00e9es (partie 2). \u00c0 partir de l\u00e0, l\u2019exp\u00e9rience quotidienne se dessine et la possibilit\u00e9 de pratiquer des activit\u00e9s sportives et culturelles (partie 3) ainsi que l\u2019acc\u00e8s \u00e0 l\u2019\u00e9ducation et \u00e0 l\u2019emploi (partie 4) se d\u00e9ploient de mani\u00e8re tout autant singuli\u00e8re. (Pr\u00e9sentation de l&rsquo;\u00e9diteur)<\/p>\n<p>REICHHART F. &#8211; LOMO MYAZHIOM A-C. &#8211; RACHEDI Z. &#8211; MERCIER M<\/p>\n<p>Editions Presses Universitaires de Namur<\/p>\n<p>2020-390p.<\/p>\n<p>600gr<\/p>\n<p>ISBN: 978-2-39029-042-1<\/p>\n<p>Cote doc: 7-10-REI-C<\/p>\n<span class=\"et_bloom_bottom_trigger\"><\/span>","protected":false},"excerpt":{"rendered":"<p>Pratiques et repr\u00e9sentations du handicap dans l&rsquo;espace francophone \u00a0 Le handicap peut \u00eatre abord\u00e9 comme une production culturelle influenc\u00e9e par les environnements g\u00e9ographiques, sociaux, \u00e9conomiques et politiques. Construit au premier abord autour de l&rsquo;alt\u00e9ration et du dysfonctionnement, il reste empreint de symbolique, charg\u00e9 de repr\u00e9sentations et de pr\u00e9jug\u00e9s. C&rsquo;est dans cette perspective que cet ouvrage [&hellip;]<\/p>\n","protected":false},"featured_media":2612,"comment_status":"closed","ping_status":"closed","template":"","meta":{"_et_pb_use_builder":"","_et_pb_old_content":"","_et_gb_content_width":"","spay_email":""},"class_list":["post-2611","product","type-product","status-publish","has-post-thumbnail","hentry","product_cat-livres","product_tag-alterite","product_tag-culture","product_tag-emploi","product_tag-inclusion","product_tag-representation-du-handicap","product_tag-representation-sociale","product_tag-sport"],"jetpack_sharing_enabled":true,"jetpack_likes_enabled":true,"_links":{"self":[{"href":"https:\/\/www.parthages.be\/eboutique\/wp-json\/wp\/v2\/product\/2611","targetHints":{"allow":["GET"]}}],"collection":[{"href":"https:\/\/www.parthages.be\/eboutique\/wp-json\/wp\/v2\/product"}],"about":[{"href":"https:\/\/www.parthages.be\/eboutique\/wp-json\/wp\/v2\/types\/product"}],"replies":[{"embeddable":true,"href":"https:\/\/www.parthages.be\/eboutique\/wp-json\/wp\/v2\/comments?post=2611"}],"wp:featuredmedia":[{"embeddable":true,"href":"https:\/\/www.parthages.be\/eboutique\/wp-json\/wp\/v2\/media\/2612"}],"wp:attachment":[{"href":"https:\/\/www.parthages.be\/eboutique\/wp-json\/wp\/v2\/media?parent=2611"}],"curies":[{"name":"wp","href":"https:\/\/api.w.org\/{rel}","templated":true}]}}