{"id":2625,"date":"2022-05-16T20:51:28","date_gmt":"2022-05-16T18:51:28","guid":{"rendered":"https:\/\/www.parthages.be\/eboutique\/?post_type=product&#038;p=2625"},"modified":"2022-05-16T20:51:29","modified_gmt":"2022-05-16T18:51:29","slug":"reconnaitre-le-handicap-psychique","status":"publish","type":"product","link":"https:\/\/www.parthages.be\/eboutique\/produit\/reconnaitre-le-handicap-psychique\/","title":{"rendered":"Reconna\u00eetre le handicap psychique"},"content":{"rendered":"<p>Fini le temps o\u00f9 le handicap psychique \u00e9tait ignor\u00e9 ou mal d\u00e9fini ! La reconnaissance officielle par la loi \u00a0\u00bb pour l\u2019\u00e9galit\u00e9 des chances et des droits, la participation et la citoyennet\u00e9 des personnes handicap\u00e9es \u00ab\u00a0\u00a0\u00bb est une \u00e9tape d\u00e9cisive pour les personnes handicap\u00e9es psychiques. Mais l&rsquo;avenir est \u00e0 construire&#8230; Comment les professionnels les associations, les pouvoirs publics, vont-ils unir leurs efforts pour r\u00e9ussir une politique de r\u00e9insertion ambitieuse, c&rsquo;est-\u00e0-dire \u00e0 la hauteur des besoins ? Cet ouvrage met en avant les principales sp\u00e9cificit\u00e9s du handicap psychique. Il rappelle ce qui existe d\u00e9j\u00e0 et d\u00e9taille le fonctionnement des dispositifs de base qui devraient \u00eatre implant\u00e9s dans chaque bassin de vie et d&#8217;emploi. Il s&rsquo;appuie sur les valeurs de transition et de coop\u00e9ration qui sont indispensables pour soutenir les parcours individualis\u00e9s des personnes psychiquement fragiles. Cet ouvrage fait, pour la premi\u00e8re fois, un point complet de la situation et propose des pistes d&rsquo;actions concr\u00e8tes. Il est destin\u00e9 \u00e0 tous ceux qui s&rsquo;int\u00e9ressent \u00e0 la r\u00e9ussite de la r\u00e9insertion sociale et professionnelle des personnes psychiquement fragiles : les \u00e9lus, les familles, les responsables administratifs, les professionnels du travail social, \u00e0 ceux qui n&rsquo;acceptent pas qu&rsquo;une part importante du corps social reste en marge de la soci\u00e9t\u00e9 et de ses droits fondamentaux. (Pr\u00e9sentation de l\u2019\u00e9diteur)<\/p>\n<p>BAPTISTE R.<\/p>\n<p>Chronique sociale<\/p>\n<p>2005- 165p.<\/p>\n<p>ISBN : 2-85008-588-X<\/p>\n<p>Cote doc\u00a0: 2-30-BAP-R<\/p>\n<p><strong><em>Uniquement \u00e0 la location<\/em><\/strong><\/p>\n<span class=\"et_bloom_bottom_trigger\"><\/span>","protected":false},"excerpt":{"rendered":"<p>Fini le temps o\u00f9 le handicap psychique \u00e9tait ignor\u00e9 ou mal d\u00e9fini ! La reconnaissance officielle par la loi \u00a0\u00bb pour l\u2019\u00e9galit\u00e9 des chances et des droits, la participation et la citoyennet\u00e9 des personnes handicap\u00e9es \u00ab\u00a0\u00a0\u00bb est une \u00e9tape d\u00e9cisive pour les personnes handicap\u00e9es psychiques. Mais l&rsquo;avenir est \u00e0 construire&#8230; Comment les professionnels les associations, [&hellip;]<\/p>\n","protected":false},"featured_media":2626,"comment_status":"closed","ping_status":"closed","template":"","meta":{"_et_pb_use_builder":"","_et_pb_old_content":"","_et_gb_content_width":"","spay_email":""},"class_list":["post-2625","product","type-product","status-publish","has-post-thumbnail","hentry","product_cat-livres","product_tag-citoyennete","product_tag-deficience-intellectuelle","product_tag-egalite-des-chances","product_tag-france","product_tag-handicap-mental","product_tag-integration-professionnelle","product_tag-integration-sociale","product_tag-psychopathologie","product_tag-reconnaissance-sociale","product_tag-societe"],"jetpack_sharing_enabled":true,"jetpack_likes_enabled":true,"_links":{"self":[{"href":"https:\/\/www.parthages.be\/eboutique\/wp-json\/wp\/v2\/product\/2625","targetHints":{"allow":["GET"]}}],"collection":[{"href":"https:\/\/www.parthages.be\/eboutique\/wp-json\/wp\/v2\/product"}],"about":[{"href":"https:\/\/www.parthages.be\/eboutique\/wp-json\/wp\/v2\/types\/product"}],"replies":[{"embeddable":true,"href":"https:\/\/www.parthages.be\/eboutique\/wp-json\/wp\/v2\/comments?post=2625"}],"wp:featuredmedia":[{"embeddable":true,"href":"https:\/\/www.parthages.be\/eboutique\/wp-json\/wp\/v2\/media\/2626"}],"wp:attachment":[{"href":"https:\/\/www.parthages.be\/eboutique\/wp-json\/wp\/v2\/media?parent=2625"}],"curies":[{"name":"wp","href":"https:\/\/api.w.org\/{rel}","templated":true}]}}