{"id":2645,"date":"2022-05-16T21:21:26","date_gmt":"2022-05-16T19:21:26","guid":{"rendered":"https:\/\/www.parthages.be\/eboutique\/?post_type=product&#038;p=2645"},"modified":"2022-05-16T21:21:27","modified_gmt":"2022-05-16T19:21:27","slug":"langue-des-signes-surdite-et-acces-au-langage","status":"publish","type":"product","link":"https:\/\/www.parthages.be\/eboutique\/produit\/langue-des-signes-surdite-et-acces-au-langage\/","title":{"rendered":"Langue des signes, surdit\u00e9 et acc\u00e8s au langage"},"content":{"rendered":"<p>C&rsquo;est avec une r\u00e9flexion longuement m\u00fbrie au cours d&rsquo;ann\u00e9es d&rsquo;exp\u00e9riences o\u00f9 s&rsquo;entrecroisent les combats pour la reconnaissance de la langue des signes, la pratique professionnelle de l&rsquo;interpr\u00e9tation, la formation d&rsquo;interpr\u00e8tes et d&rsquo;enseignants aupr\u00e8s des sourds que Philippe S\u00e9ro-Guillaume aborde ce sujet. Ce livre part de situations concr\u00e8tes, se nourrit d&rsquo;exemples pratiques multiples. Il privil\u00e9gie une approche pragmatique et dessine les contours th\u00e9oriques constructivistes permettant d&#8217;embrasser sans hiatus les questions linguistiques et donc sociales qui traversent toute r\u00e9flexion et toute pratique professionnelle sur et au sein de la surdit\u00e9 et au del\u00e0. La clart\u00e9 de l&rsquo;expos\u00e9 permet au lecteur d&rsquo;aborder la question linguistique &#8211; et c&rsquo;est peut-\u00eatre la premi\u00e8re fois qu&rsquo;un expos\u00e9 aussi complet l&rsquo;aborde ainsi &#8211; sans se laisser enfermer dans le d\u00e9bat id\u00e9ologique qui, en mati\u00e8re de scolarit\u00e9, oppose les tenants du recours \u00e0 la langue des signes, au nom de la sp\u00e9cificit\u00e9 et de la culture sourde et les partisans de la m\u00e9thode orale, au nom de la norme commune.(Pr\u00e9sentation de l\u2019\u00e9diteur)<\/p>\n<p>RENARD M.<\/p>\n<p>Editions du Papyrus<\/p>\n<p>2008-210p.<\/p>\n<p>ISBN\u00a0: 978-2-87603-202-6<\/p>\n<p>Cote doc : 2-10-SER-L<\/p>\n<p><strong><em>Uniquement \u00e0 la location<\/em><\/strong><\/p>\n<span class=\"et_bloom_bottom_trigger\"><\/span>","protected":false},"excerpt":{"rendered":"<p>C&rsquo;est avec une r\u00e9flexion longuement m\u00fbrie au cours d&rsquo;ann\u00e9es d&rsquo;exp\u00e9riences o\u00f9 s&rsquo;entrecroisent les combats pour la reconnaissance de la langue des signes, la pratique professionnelle de l&rsquo;interpr\u00e9tation, la formation d&rsquo;interpr\u00e8tes et d&rsquo;enseignants aupr\u00e8s des sourds que Philippe S\u00e9ro-Guillaume aborde ce sujet. Ce livre part de situations concr\u00e8tes, se nourrit d&rsquo;exemples pratiques multiples. Il privil\u00e9gie une [&hellip;]<\/p>\n","protected":false},"featured_media":2646,"comment_status":"closed","ping_status":"closed","template":"","meta":{"_et_pb_use_builder":"","_et_pb_old_content":"","_et_gb_content_width":"","spay_email":""},"class_list":["post-2645","product","type-product","status-publish","has-post-thumbnail","hentry","product_cat-livres","product_tag-acces-a-linformation","product_tag-enseignement","product_tag-etude","product_tag-langue-des-signes","product_tag-surdite"],"jetpack_sharing_enabled":true,"jetpack_likes_enabled":true,"_links":{"self":[{"href":"https:\/\/www.parthages.be\/eboutique\/wp-json\/wp\/v2\/product\/2645","targetHints":{"allow":["GET"]}}],"collection":[{"href":"https:\/\/www.parthages.be\/eboutique\/wp-json\/wp\/v2\/product"}],"about":[{"href":"https:\/\/www.parthages.be\/eboutique\/wp-json\/wp\/v2\/types\/product"}],"replies":[{"embeddable":true,"href":"https:\/\/www.parthages.be\/eboutique\/wp-json\/wp\/v2\/comments?post=2645"}],"wp:featuredmedia":[{"embeddable":true,"href":"https:\/\/www.parthages.be\/eboutique\/wp-json\/wp\/v2\/media\/2646"}],"wp:attachment":[{"href":"https:\/\/www.parthages.be\/eboutique\/wp-json\/wp\/v2\/media?parent=2645"}],"curies":[{"name":"wp","href":"https:\/\/api.w.org\/{rel}","templated":true}]}}