{"id":2705,"date":"2022-06-03T09:54:01","date_gmt":"2022-06-03T07:54:01","guid":{"rendered":"https:\/\/www.parthages.be\/eboutique\/?post_type=product&#038;p=2705"},"modified":"2022-06-03T09:54:02","modified_gmt":"2022-06-03T07:54:02","slug":"maladie-dalzheimer-accueillir-la-demence","status":"publish","type":"product","link":"https:\/\/www.parthages.be\/eboutique\/produit\/maladie-dalzheimer-accueillir-la-demence\/","title":{"rendered":"Maladie d&rsquo;Alzheimer : Accueillir la d\u00e9mence"},"content":{"rendered":"<p>Ce livre comble un vide dans la litt\u00e9rature sur la d\u00e9mence ; complet et pratique, il montre que l&rsquo;accueil dans un home peut am\u00e9liorer la qualit\u00e9 de vie des personnes atteintes de d\u00e9mence.<\/p>\n<p>Il s&rsquo;articule autour des besoins de la personne malade au cours de trois p\u00e9riodes de sa maladie o\u00f9 l&rsquo;humiliation de la d\u00e9faillance laisse peu \u00e0 peu place \u00e0 la d\u00e9mence. Pour chacune de ces p\u00e9riodes, le texte explore les probl\u00e8mes des acteurs pr\u00e9sents, soit les proches, les soignants et les collaborateurs de l&rsquo;institution.<\/p>\n<p>Il est le r\u00e9sultat d&rsquo;un travail interdisciplinaire qui a r\u00e9uni des soignants, des directeurs de home, une directrice d&rsquo;\u00e9conomie domestique, une experte kinesth\u00e9siste, une psychologue et un cuisinier.<\/p>\n<p>Rempli d&rsquo;exemples, le texte est le fruit de plusieurs ann\u00e9es d&rsquo;exp\u00e9riences de professionnels.<\/p>\n<p>Ce livre est destin\u00e9 aussi bien au personnel soignant, aux personnes responsables de maisons de soin qu&rsquo;aux m\u00e9decins ou aux architectes et aux autorit\u00e9s prenant part \u00e0 la conception d&rsquo;un foyer. Il offre \u00e9galement un outil pr\u00e9cieux pour les personnes en relation avec des personnes d\u00e9mentes. (Pr\u00e9sentation de l\u2019\u00e9diteur)<\/p>\n<p>HELD C. &#8211; ERMINI-F\u00dcNFSCHILLING D.<\/p>\n<p>Editions m\u00e9decine et hygi\u00e8ne<\/p>\n<p>2010-173p.<\/p>\n<p>ISBN: 978-2-88049-271-7<\/p>\n<p>Cote doc: 1-70-HED-M<\/p>\n<p><strong><em>Uniquement \u00e0 la location<\/em><\/strong><\/p>\n<span class=\"et_bloom_bottom_trigger\"><\/span>","protected":false},"excerpt":{"rendered":"<p>Ce livre comble un vide dans la litt\u00e9rature sur la d\u00e9mence ; complet et pratique, il montre que l&rsquo;accueil dans un home peut am\u00e9liorer la qualit\u00e9 de vie des personnes atteintes de d\u00e9mence.<\/p>\n","protected":false},"featured_media":2706,"comment_status":"closed","ping_status":"closed","template":"","meta":{"_et_pb_use_builder":"","_et_pb_old_content":"","_et_gb_content_width":"","spay_email":""},"class_list":["post-2705","product","type-product","status-publish","has-post-thumbnail","hentry","product_cat-livres","product_tag-alzheimer","product_tag-demence","product_tag-evolution","product_tag-institution","product_tag-intervenant","product_tag-maladie","product_tag-outil","product_tag-pluridisciplinarite","product_tag-prise-en-charge","product_tag-qualite-de-vie","product_tag-recommandation","product_tag-soins"],"jetpack_sharing_enabled":true,"jetpack_likes_enabled":true,"_links":{"self":[{"href":"https:\/\/www.parthages.be\/eboutique\/wp-json\/wp\/v2\/product\/2705","targetHints":{"allow":["GET"]}}],"collection":[{"href":"https:\/\/www.parthages.be\/eboutique\/wp-json\/wp\/v2\/product"}],"about":[{"href":"https:\/\/www.parthages.be\/eboutique\/wp-json\/wp\/v2\/types\/product"}],"replies":[{"embeddable":true,"href":"https:\/\/www.parthages.be\/eboutique\/wp-json\/wp\/v2\/comments?post=2705"}],"wp:featuredmedia":[{"embeddable":true,"href":"https:\/\/www.parthages.be\/eboutique\/wp-json\/wp\/v2\/media\/2706"}],"wp:attachment":[{"href":"https:\/\/www.parthages.be\/eboutique\/wp-json\/wp\/v2\/media?parent=2705"}],"curies":[{"name":"wp","href":"https:\/\/api.w.org\/{rel}","templated":true}]}}