{"id":2722,"date":"2022-06-07T08:21:51","date_gmt":"2022-06-07T06:21:51","guid":{"rendered":"https:\/\/www.parthages.be\/eboutique\/?post_type=product&#038;p=2722"},"modified":"2022-06-07T08:21:52","modified_gmt":"2022-06-07T06:21:52","slug":"les-troubles-schizophreniques","status":"publish","type":"product","link":"https:\/\/www.parthages.be\/eboutique\/produit\/les-troubles-schizophreniques\/","title":{"rendered":"Les troubles schizophr\u00e9niques"},"content":{"rendered":"<p>Ce livre est le fruit de la Conf\u00e9rence belge de Consensus sur le traitement de la schizophr\u00e9nie. Par l&rsquo;originalit\u00e9 de la d\u00e9marche, par la qualit\u00e9 des experts, par l&rsquo;importance et l&rsquo;actualit\u00e9 des questions en rapport au traitement de la schizophr\u00e9nie, ce livre repr\u00e9sente un outil essentiel pour tout intervenant dans le domaine de la psychiatrie et de la m\u00e9decine. Il constitue \u00e9galement pour les familles de patients schizophr\u00e8nes et pour les patients eux-m\u00eames une r\u00e9elle possibilit\u00e9 de comprendre les enjeux du traitement de cette affection psychiatrique si longtemps consid\u00e9r\u00e9e comme une maladie honteuse et qui est encore si souvent sous-diagnostiqu\u00e9e, voire mal trait\u00e9e<strong>.<\/strong> (Pr\u00e9sentation de l\u2019\u00e9diteur)<\/p>\n<p>DE CLERCK M.- PEUSKENS J.<\/p>\n<p>Editions De Boeck Universit\u00e9<\/p>\n<p>2000- 554p<\/p>\n<p>ISBN\u00a0: 2-8041-3134-3<\/p>\n<p>&nbsp;<\/p>\n<p>Cote doc: 1-70-DEC-T<\/p>\n<p><strong><em>Uniquement \u00e0 la location<\/em><\/strong><\/p>\n<span class=\"et_bloom_bottom_trigger\"><\/span>","protected":false},"excerpt":{"rendered":"<p>Ce livre est le fruit de la Conf\u00e9rence belge de Consensus sur le traitement de la schizophr\u00e9nie.<\/p>\n","protected":false},"featured_media":2723,"comment_status":"closed","ping_status":"closed","template":"","meta":{"_et_pb_use_builder":"","_et_pb_old_content":"","_et_gb_content_width":"","spay_email":""},"class_list":["post-2722","product","type-product","status-publish","has-post-thumbnail","hentry","product_cat-livres","product_tag-famille","product_tag-psychotherapeute","product_tag-sante-mentale","product_tag-schizophrenie","product_tag-traitement","product_tag-trouble"],"jetpack_sharing_enabled":true,"jetpack_likes_enabled":true,"_links":{"self":[{"href":"https:\/\/www.parthages.be\/eboutique\/wp-json\/wp\/v2\/product\/2722","targetHints":{"allow":["GET"]}}],"collection":[{"href":"https:\/\/www.parthages.be\/eboutique\/wp-json\/wp\/v2\/product"}],"about":[{"href":"https:\/\/www.parthages.be\/eboutique\/wp-json\/wp\/v2\/types\/product"}],"replies":[{"embeddable":true,"href":"https:\/\/www.parthages.be\/eboutique\/wp-json\/wp\/v2\/comments?post=2722"}],"wp:featuredmedia":[{"embeddable":true,"href":"https:\/\/www.parthages.be\/eboutique\/wp-json\/wp\/v2\/media\/2723"}],"wp:attachment":[{"href":"https:\/\/www.parthages.be\/eboutique\/wp-json\/wp\/v2\/media?parent=2722"}],"curies":[{"name":"wp","href":"https:\/\/api.w.org\/{rel}","templated":true}]}}