{"id":2735,"date":"2022-06-07T08:41:23","date_gmt":"2022-06-07T06:41:23","guid":{"rendered":"https:\/\/www.parthages.be\/eboutique\/?post_type=product&#038;p=2735"},"modified":"2022-06-07T08:41:24","modified_gmt":"2022-06-07T06:41:24","slug":"la-prise-en-charge-des-demences","status":"publish","type":"product","link":"https:\/\/www.parthages.be\/eboutique\/produit\/la-prise-en-charge-des-demences\/","title":{"rendered":"La prise en charge des d\u00e9mences"},"content":{"rendered":"<p>La d\u00e9mence, au sens large, est le fl\u00e9au de ce d\u00e9but de XXIe si\u00e8cle. Cet affaiblissement intellectuel de la personne \u00e2g\u00e9e est surtout d\u00fb, aux affections d\u00e9g\u00e9n\u00e9ratives, comme la maladie d&rsquo;Alzheimer.<\/p>\n<p>Cependant, nous restons assez d\u00e9munis tant au niveau diagnostic qu&rsquo;au niveau th\u00e9rapeutique devant cette pathologie c\u00e9r\u00e9brale. Les ma\u00eetres mots de la prise en charge de personnes atteintes de d\u00e9mence, que ce soient \u00e0 domicile ou en institution, doivent \u00eatre \u00ab\u00a0autonomie et dignit\u00e9\u00a0\u00bb. Le patient est et reste un \u00eatre humain avant tout.<\/p>\n<p>Particuli\u00e8rement complet, cet ouvrage aborde, sans tabou, tous les aspects de la prise en charge: du suivi psychologique et m\u00e9dical aux aspects purement juridique ou de confort. Appel\u00e9 \u00e0 \u00eatre un outil de r\u00e9f\u00e9rence, il est destin\u00e9 aux patients et \u00e0 leurs proches, mais aussi \u00e0 tous les soignants concern\u00e9s par les d\u00e9mences (Pr\u00e9sentation de l\u2019\u00e9diteur)<\/p>\n<p>VANDERHEYDEN J-E. KENNES B.<\/p>\n<p>Editions De Boeck Universit\u00e9<\/p>\n<p>2009-373p<\/p>\n<p>ISBN: 978-2-8041-0959-2<\/p>\n<p>Cote doc: 1-70-VAN-P<\/p>\n<p><strong><em>Uniquement \u00e0 la location<\/em><\/strong><\/p>\n<span class=\"et_bloom_bottom_trigger\"><\/span>","protected":false},"excerpt":{"rendered":"<p>La d\u00e9mence, au sens large, est le fl\u00e9au de ce d\u00e9but de XXIe si\u00e8cle. Cet affaiblissement intellectuel de la personne \u00e2g\u00e9e est surtout d\u00fb, aux affections d\u00e9g\u00e9n\u00e9ratives, comme la maladie d&rsquo;Alzheimer.<\/p>\n","protected":false},"featured_media":2736,"comment_status":"closed","ping_status":"closed","template":"","meta":{"_et_pb_use_builder":"","_et_pb_old_content":"","_et_gb_content_width":"","spay_email":""},"class_list":["post-2735","product","type-product","status-publish","has-post-thumbnail","hentry","product_cat-livres","product_tag-alzheimer","product_tag-aspect-juridique","product_tag-demence","product_tag-depistage","product_tag-diagnostic","product_tag-impact-familial","product_tag-impact-psychologique","product_tag-information-du-patient","product_tag-information-medicale","product_tag-medicament","product_tag-parkinson","product_tag-qualite-de-vie","product_tag-relation-soignant-soigne","product_tag-vieillissement"],"jetpack_sharing_enabled":true,"jetpack_likes_enabled":true,"_links":{"self":[{"href":"https:\/\/www.parthages.be\/eboutique\/wp-json\/wp\/v2\/product\/2735","targetHints":{"allow":["GET"]}}],"collection":[{"href":"https:\/\/www.parthages.be\/eboutique\/wp-json\/wp\/v2\/product"}],"about":[{"href":"https:\/\/www.parthages.be\/eboutique\/wp-json\/wp\/v2\/types\/product"}],"replies":[{"embeddable":true,"href":"https:\/\/www.parthages.be\/eboutique\/wp-json\/wp\/v2\/comments?post=2735"}],"wp:featuredmedia":[{"embeddable":true,"href":"https:\/\/www.parthages.be\/eboutique\/wp-json\/wp\/v2\/media\/2736"}],"wp:attachment":[{"href":"https:\/\/www.parthages.be\/eboutique\/wp-json\/wp\/v2\/media?parent=2735"}],"curies":[{"name":"wp","href":"https:\/\/api.w.org\/{rel}","templated":true}]}}