{"id":274,"date":"2012-11-29T10:12:49","date_gmt":"2012-11-29T09:12:49","guid":{"rendered":"https:\/\/www.parthages.be\/wordpress\/produit\/comment-vivre-le-temps-de-la-maladie\/"},"modified":"2023-07-09T23:50:08","modified_gmt":"2023-07-09T21:50:08","slug":"comment-vivre-le-temps-de-la-maladie","status":"publish","type":"product","link":"https:\/\/www.parthages.be\/eboutique\/produit\/comment-vivre-le-temps-de-la-maladie\/","title":{"rendered":"Comment Vivre le temps de la maladie ?"},"content":{"rendered":"<p>Cet outil a \u00e9t\u00e9 pens\u00e9 et con\u00e7u pour aider l\u2019accompagnant et la personne handicap\u00e9e mentale \u00e0 marcher ensemble sur le chemin de la maladie.<\/p>\n<p>L\u2019outil est destin\u00e9 avant tout \u00e0 la personne handicap\u00e9e mentale qui a besoin de se pr\u00e9parer \u00e0 vivre le temps de sa maladie.<br \/>\nEt, si tel est le cas, \u00e0 se pr\u00e9parer \u00e0 vivre les derniers moments de sa vie.<\/p>\n<p>Il a \u00e9t\u00e9 \u00e9crit pour elle, en langage simple, dans le but de favoriser son expression et son autonomie dans son cheminement personnel.<\/p>\n<p>Mais c\u2019est avec\u00a0<u>un indispensable accompagnement humain<\/u>, comp\u00e9tent et plein de sollicitude, qu\u2019elle pourra le parcourir et le compl\u00e9ter selon ses propres d\u00e9sirs et ses possibilit\u00e9s.<\/p>\n<p><em>\u00ab Comment vivre le temps de la maladie\u00a0? Un chemin \u00e0 parcourir ensemble\u00a0\u00bb\u00a0<\/em>se pr\u00e9sente sous la forme d\u2019une farde \u00e9paisse contenant un guide pour l\u2019accompagnement et trois carnets distincts\u00a0:<br \/>\n\u2013\u00a0\u00ab\u00a0Tu es tr\u00e8s malade\u00a0\u00bb<br \/>\n\u2013\u00a0\u00ab\u00a0Si ta maladie s\u2019aggrave\u2026\u00a0\u00bb<br \/>\n\u2013\u00a0\u00ab\u00a0Et si tu ne gu\u00e9ris pas\u00a0?\u00a0\u00bb<\/p>\n<p>Chaque carnet est superbement illustr\u00e9 par des aquarelles d\u2019artistes de qualit\u00e9 et laisse la place \u00e0 l\u2019expression libre, l\u2019\u00e9criture, le dessin ou le collage d\u2019images.<\/p>\n<p>Ces trois carnets peuvent \u00eatre utilis\u00e9s ind\u00e9pendamment les uns des autres, toujours en fonction de la situation d\u2019accompagnement rencontr\u00e9e.<\/p>\n<p>BINDELS A.- SENEPART F.- DAW L.- HUBERT G.- DELL&rsquo;UTRI J.- OLEFFE C.<\/p>\n<p>Brux&rsquo;ain\u00e9s<\/p>\n<p>2010-25\u20ac<\/p>\n<p>Cote doc\u00a0: 9-20-BIN-C<\/p>\n<span class=\"et_bloom_bottom_trigger\"><\/span>","protected":false},"excerpt":{"rendered":"<p>Cet outil a \u00e9t\u00e9 pens\u00e9 et con\u00e7u pour aider l\u2019accompagnant et la personne handicap\u00e9e mentale \u00e0 marcher ensemble sur le chemin de la maladie.<\/p>\n","protected":false},"featured_media":273,"comment_status":"open","ping_status":"closed","template":"","meta":{"_et_pb_use_builder":"","_et_pb_old_content":"","_et_gb_content_width":"","spay_email":""},"class_list":["post-274","product","type-product","status-publish","has-post-thumbnail","hentry","product_cat-livres","product_tag-accompagnement-du-patient","product_tag-accompagnement-pedagogique","product_tag-handicap-mental","product_tag-maladie","product_tag-outil"],"jetpack_sharing_enabled":true,"jetpack_likes_enabled":true,"_links":{"self":[{"href":"https:\/\/www.parthages.be\/eboutique\/wp-json\/wp\/v2\/product\/274","targetHints":{"allow":["GET"]}}],"collection":[{"href":"https:\/\/www.parthages.be\/eboutique\/wp-json\/wp\/v2\/product"}],"about":[{"href":"https:\/\/www.parthages.be\/eboutique\/wp-json\/wp\/v2\/types\/product"}],"replies":[{"embeddable":true,"href":"https:\/\/www.parthages.be\/eboutique\/wp-json\/wp\/v2\/comments?post=274"}],"wp:featuredmedia":[{"embeddable":true,"href":"https:\/\/www.parthages.be\/eboutique\/wp-json\/wp\/v2\/media\/273"}],"wp:attachment":[{"href":"https:\/\/www.parthages.be\/eboutique\/wp-json\/wp\/v2\/media?parent=274"}],"curies":[{"name":"wp","href":"https:\/\/api.w.org\/{rel}","templated":true}]}}