{"id":2772,"date":"2022-06-07T10:01:51","date_gmt":"2022-06-07T08:01:51","guid":{"rendered":"https:\/\/www.parthages.be\/eboutique\/?post_type=product&#038;p=2772"},"modified":"2022-06-07T10:01:52","modified_gmt":"2022-06-07T08:01:52","slug":"autisme-et-parentalite","status":"publish","type":"product","link":"https:\/\/www.parthages.be\/eboutique\/produit\/autisme-et-parentalite\/","title":{"rendered":"Autisme et parentalit\u00e9"},"content":{"rendered":"<p>A partir de r\u00e9cits de vie, l&rsquo;auteur fait entendre la parole de parents d&rsquo;enfants autistes. Refusant de se laisser abattre par leur destin, ils ont fait le choix d&rsquo;une scolarisation en milieu ordinaire, quelles qu&rsquo;en soient les difficult\u00e9s. Leurs discours font clairement \u00e9merger l&rsquo;existence de comp\u00e9tences parentales cliniques, \u00e9ducatives et p\u00e9dagogiques, pour accompagner des enfants aux fonctionnements tr\u00e8s diff\u00e9rents. De fait, avec la loi du 11 f\u00e9vrier 2005, la priorit\u00e9 est donn\u00e9e \u00e0 l&rsquo;avis des parents. Les professionnels ne peuvent plus d\u00e9cider seuls de ce qui est bon pour l&rsquo;enfant Tout repose d\u00e9sormais sur le \u00a0\u00bb projet de vie \u00a0\u00bb qui doit \u00eatre \u00a0\u00bb formul\u00e9 par la personne elle-m\u00eame, ou \u00e0 d\u00e9faut avec et pour elle par son repr\u00e9sentant l\u00e9gal lorsqu&rsquo;elle ne peut exprimer son avis \u00ab\u00a0. Le r\u00f4le des professionnels est de se mettre r\u00e9ellement au service des parents et des enfants en jouant un r\u00f4le de \u00a0\u00bb suppl\u00e9ance familiale \u00a0\u00bb et non plus celui de substitution. C&rsquo;est \u00e0 la mise en \u0153uvre de ce changement que cet ouvrage, qui s&rsquo;adresse aux professionnels comme aux parents, souhaite contribuer. (Pr\u00e9sentation de l\u2019\u00e9diteur)<\/p>\n<p>PHILIP C.<\/p>\n<p>Dunod<\/p>\n<p>2009-304p.-30\u20ac<\/p>\n<p>485gr<\/p>\n<p>ISBN\u00a0: 978-2-10-052661-1<\/p>\n<p>Cote doc: 1-70-PHI-A<\/p>\n<span class=\"et_bloom_bottom_trigger\"><\/span>","protected":false},"excerpt":{"rendered":"<p>A partir de r\u00e9cits de vie, l&rsquo;auteur fait entendre la parole de parents d&rsquo;enfants autistes. Refusant de se laisser abattre par leur destin, ils ont fait le choix d&rsquo;une scolarisation en milieu ordinaire, quelles qu&rsquo;en soient les difficult\u00e9s.<\/p>\n","protected":false},"featured_media":2773,"comment_status":"closed","ping_status":"closed","template":"","meta":{"_et_pb_use_builder":"","_et_pb_old_content":"","_et_gb_content_width":"","spay_email":""},"class_list":["post-2772","product","type-product","status-publish","has-post-thumbnail","hentry","product_cat-livres","product_tag-autisme","product_tag-enseignement-integre","product_tag-parentalite","product_tag-projet-de-vie","product_tag-relation-parent-enfant","product_tag-relation-parent-intervenant","product_tag-scolarisation","product_tag-temoignage"],"jetpack_sharing_enabled":true,"jetpack_likes_enabled":true,"_links":{"self":[{"href":"https:\/\/www.parthages.be\/eboutique\/wp-json\/wp\/v2\/product\/2772","targetHints":{"allow":["GET"]}}],"collection":[{"href":"https:\/\/www.parthages.be\/eboutique\/wp-json\/wp\/v2\/product"}],"about":[{"href":"https:\/\/www.parthages.be\/eboutique\/wp-json\/wp\/v2\/types\/product"}],"replies":[{"embeddable":true,"href":"https:\/\/www.parthages.be\/eboutique\/wp-json\/wp\/v2\/comments?post=2772"}],"wp:featuredmedia":[{"embeddable":true,"href":"https:\/\/www.parthages.be\/eboutique\/wp-json\/wp\/v2\/media\/2773"}],"wp:attachment":[{"href":"https:\/\/www.parthages.be\/eboutique\/wp-json\/wp\/v2\/media?parent=2772"}],"curies":[{"name":"wp","href":"https:\/\/api.w.org\/{rel}","templated":true}]}}