{"id":2803,"date":"2022-07-26T08:53:15","date_gmt":"2022-07-26T06:53:15","guid":{"rendered":"https:\/\/www.parthages.be\/eboutique\/?post_type=product&#038;p=2803"},"modified":"2022-07-26T08:53:15","modified_gmt":"2022-07-26T06:53:15","slug":"lhomme-premier-ne-de-levolution","status":"publish","type":"product","link":"https:\/\/www.parthages.be\/eboutique\/produit\/lhomme-premier-ne-de-levolution\/","title":{"rendered":"L&rsquo;homme: premier-n\u00e9 de l&rsquo;\u00e9volution"},"content":{"rendered":"<p>Voici sans doute l&rsquo;\u00e9tude la plus minutieuse et la plus compl\u00e8te sur une th\u00e9orie \u00e9volutionniste qui fut expos\u00e9e pour la premi\u00e8re fois au d\u00e9but du XXe si\u00e8cle par le zoologiste hollandais Louis Bolk, dans la lign\u00e9e des travaux de Goethe sur la m\u00e9tamorphose. Bolk fut frapp\u00e9 de voir \u00e0 quel point le b\u00e9b\u00e9 chimpanz\u00e9, avec son cr\u00e2ne arrondi, sa face plate, et ses seuls poils sur sa t\u00eate, ressemble \u00e0 un b\u00e9b\u00e9 humain. Au cours de son d\u00e9veloppement, le chimpanz\u00e9 perd ces traits humains pour retrouver les caract\u00e8res propres \u00e0 son esp\u00e8ce. En s&rsquo;appuyant sur une \u00e9tude comparative des organes humains et animaux, Verhulst montre que l&rsquo;homme, contrairement aux autres primates, conserve toute sa vie sa forme juv\u00e9nile. Renversant la th\u00e9orie de Darwin, il en conclut que les humains ne descendent pas d&rsquo;un anc\u00eatre simiesque, mais que ce sont au contraire les singes qui, en \u00e9voluant, se sont \u00e9cart\u00e9s du prototype humain. Il montre \u00e9galement qu&rsquo;\u00e0 la capacit\u00e9 humaine \u00e0 conserver la forme foetale (\u00abretardement\u00bb) s&rsquo;adjoint un plus ample d\u00e9veloppement (\u00abhypermorphose\u00bb) des organes tels que les jambes, le larynx et le cerveau ant\u00e9rieur &#8211; ceux pr\u00e9cis\u00e9ment gr\u00e2ce auxquels l&rsquo;homme atteint ses capacit\u00e9s sp\u00e9cifiquement humaines : station debout, langage, pens\u00e9e.<br \/>\nCette r\u00e9flexion parvient \u00e0 se situer au-del\u00e0 de la vieille querelle entre darwinistes et cr\u00e9ationnistes. L&rsquo;auteur ne cherche pas \u00e0 savoir si les formes vivantes ont \u00e9t\u00e9 cr\u00e9\u00e9es par la s\u00e9lection naturelle ou par Dieu. Il veut d&rsquo;abord nourrir l&rsquo;observation du lecteur et l&rsquo;amener \u00e0 se poser des questions. (Pr\u00e9sentation de l\u2019\u00e9diteur)<\/p>\n<p>VERHULST J.<\/p>\n<p>Aethera<\/p>\n<p>2007-405p.<\/p>\n<p>ISBN: 978-2-915804-11-7<\/p>\n<p>Cote doc: 1-50-VER-H<\/p>\n<p><strong><em>Uniquement \u00e0 la location<\/em><\/strong><\/p>\n<span class=\"et_bloom_bottom_trigger\"><\/span>","protected":false},"excerpt":{"rendered":"<p>Voici sans doute l&rsquo;\u00e9tude la plus minutieuse et la plus compl\u00e8te sur une th\u00e9orie \u00e9volutionniste qui fut expos\u00e9e pour la premi\u00e8re fois au d\u00e9but du XXe si\u00e8cle par le zoologiste hollandais Louis Bolk, dans la lign\u00e9e des travaux de Goethe sur la m\u00e9tamorphose.<\/p>\n","protected":false},"featured_media":2804,"comment_status":"closed","ping_status":"closed","template":"","meta":{"_et_pb_use_builder":"","_et_pb_old_content":"","_et_gb_content_width":"","spay_email":""},"class_list":["post-2803","product","type-product","status-publish","has-post-thumbnail","hentry","product_cat-livres","product_tag-analyse-comparative","product_tag-discours","product_tag-evolution","product_tag-pedagogie","product_tag-theorie"],"jetpack_sharing_enabled":true,"jetpack_likes_enabled":true,"_links":{"self":[{"href":"https:\/\/www.parthages.be\/eboutique\/wp-json\/wp\/v2\/product\/2803","targetHints":{"allow":["GET"]}}],"collection":[{"href":"https:\/\/www.parthages.be\/eboutique\/wp-json\/wp\/v2\/product"}],"about":[{"href":"https:\/\/www.parthages.be\/eboutique\/wp-json\/wp\/v2\/types\/product"}],"replies":[{"embeddable":true,"href":"https:\/\/www.parthages.be\/eboutique\/wp-json\/wp\/v2\/comments?post=2803"}],"wp:featuredmedia":[{"embeddable":true,"href":"https:\/\/www.parthages.be\/eboutique\/wp-json\/wp\/v2\/media\/2804"}],"wp:attachment":[{"href":"https:\/\/www.parthages.be\/eboutique\/wp-json\/wp\/v2\/media?parent=2803"}],"curies":[{"name":"wp","href":"https:\/\/api.w.org\/{rel}","templated":true}]}}