{"id":2808,"date":"2022-07-26T08:56:40","date_gmt":"2022-07-26T06:56:40","guid":{"rendered":"https:\/\/www.parthages.be\/eboutique\/?post_type=product&#038;p=2808"},"modified":"2022-07-26T08:58:56","modified_gmt":"2022-07-26T06:58:56","slug":"le-handicap-en-chiffres-fevrier-2004","status":"publish","type":"product","link":"https:\/\/www.parthages.be\/eboutique\/produit\/le-handicap-en-chiffres-fevrier-2004\/","title":{"rendered":"Le handicap en chiffres f\u00e9vrier 2004"},"content":{"rendered":"<p><strong><em>Statistiques<\/em><\/strong><\/p>\n<p>A la demande du Secr\u00e9tariat d&rsquo;Etat aux personnes handicap\u00e9es et dans le cadre des d\u00e9bats parlementaires sur la r\u00e9forme de la loi d&rsquo;orientation en faveur des personnes handicap\u00e9es de 1975, le Centre Technique National d&rsquo;Etudes et de Recherches sur les Handicaps et les Inadaptations ( CTNERHI ), la Direction G\u00e9n\u00e9rale de l&rsquo;Action Sociale ( DGAS) et la Direction de la Recherche, des Etudes, de l&rsquo;Evaluation et des Statistiques ( DREES) ont pris en charge la r\u00e9daction de cette brochure intitul\u00e9e \u00a0\u00bb le handicap en chiffres\u00a0\u00bb. Cette synth\u00e8se vise \u00e0 proposer une photographie rapidement lisible des principaux chiffres clefs disponibles sur le handicap. Elle a \u00e9t\u00e9 effectu\u00e9e \u00e0 partir d&rsquo;\u00e9tudes publi\u00e9es.<\/p>\n<p>CTNERHI<\/p>\n<p>2004-77p.<\/p>\n<p>Cote doc: 1-60-CTN-H1<\/p>\n<p><strong><em>Uniquement \u00e0 la location<\/em><\/strong><\/p>\n<span class=\"et_bloom_bottom_trigger\"><\/span>","protected":false},"excerpt":{"rendered":"<p><strong><em>Statistiques<\/em><\/strong><\/p>\n","protected":false},"featured_media":2806,"comment_status":"closed","ping_status":"closed","template":"","meta":{"_et_pb_use_builder":"","_et_pb_old_content":"","_et_gb_content_width":"","spay_email":""},"class_list":["post-2808","product","type-product","status-publish","has-post-thumbnail","hentry","product_cat-livres","product_tag-aide-humanitaire","product_tag-aide-technique","product_tag-allocation-de-handicap","product_tag-autonomie","product_tag-centre-de-sante","product_tag-classification","product_tag-concept","product_tag-deficience","product_tag-enfant","product_tag-entreprise-de-travail-adapte","product_tag-etablissement-pour-personnes-handicapees","product_tag-evaluation","product_tag-formation-professionnelle","product_tag-france","product_tag-handicap","product_tag-incapacite","product_tag-indicateur","product_tag-inegalite-sociale","product_tag-invalidite","product_tag-logement","product_tag-personne-handicapee","product_tag-population","product_tag-prise-en-charge","product_tag-scolarisation","product_tag-service-social","product_tag-statistique"],"jetpack_sharing_enabled":true,"jetpack_likes_enabled":true,"_links":{"self":[{"href":"https:\/\/www.parthages.be\/eboutique\/wp-json\/wp\/v2\/product\/2808","targetHints":{"allow":["GET"]}}],"collection":[{"href":"https:\/\/www.parthages.be\/eboutique\/wp-json\/wp\/v2\/product"}],"about":[{"href":"https:\/\/www.parthages.be\/eboutique\/wp-json\/wp\/v2\/types\/product"}],"replies":[{"embeddable":true,"href":"https:\/\/www.parthages.be\/eboutique\/wp-json\/wp\/v2\/comments?post=2808"}],"wp:featuredmedia":[{"embeddable":true,"href":"https:\/\/www.parthages.be\/eboutique\/wp-json\/wp\/v2\/media\/2806"}],"wp:attachment":[{"href":"https:\/\/www.parthages.be\/eboutique\/wp-json\/wp\/v2\/media?parent=2808"}],"curies":[{"name":"wp","href":"https:\/\/api.w.org\/{rel}","templated":true}]}}