{"id":2825,"date":"2022-07-26T10:14:12","date_gmt":"2022-07-26T08:14:12","guid":{"rendered":"https:\/\/www.parthages.be\/eboutique\/?post_type=product&#038;p=2825"},"modified":"2022-07-26T10:21:21","modified_gmt":"2022-07-26T08:21:21","slug":"les-professionnels-de-la-perinatalite-accueillent-le-handicap","status":"publish","type":"product","link":"https:\/\/www.parthages.be\/eboutique\/produit\/les-professionnels-de-la-perinatalite-accueillent-le-handicap\/","title":{"rendered":"Les professionnels de la p\u00e9rinatalit\u00e9 accueillent le handicap"},"content":{"rendered":"<p>Comment \u00e9valuer le handicap d\u2019un b\u00e9b\u00e9 \u00e0 venir avec toute l\u2019incertitude propre \u00e0 cette \u00e9poque de la vie ? Comment en accompagner l\u2019annonce et accueillir ce b\u00e9b\u00e9 diff\u00e9rent ? Comment cheminer avec les parents au plus pr\u00e8s de leurs demandes et de leurs attentes ? Comment aider les m\u00e8res, elles-m\u00eames en situation de handicap, \u00e0 accueillir leur enfant ?<\/p>\n<p>Dans cet ouvrage, des professionnels de la p\u00e9rinatalit\u00e9 \u2013 p\u00e9diatre, psychomotricien, p\u00e9dopsychiatre, psychologues, psychanalystes, kin\u00e9sith\u00e9rapeute, pu\u00e9ricultrice\u2026 \u2013 t\u00e9moignent de leur clinique du quotidien et font part de leurs questionnements, de leurs doutes, de leurs \u00e9laborations, soutenues depuis de longues ann\u00e9es dans ce champ du handicap, qu\u2019il concerne les f\u0153tus \u00e0 haut risque neurologique, les atteintes neurocognitives, les b\u00e9b\u00e9s dans les premiers mois de vie, les m\u00e8res aveugles\u2026 (Pr\u00e9sentation de l\u2019\u00e9diteur)<\/p>\n<p>PRESME N.- DELION P.- MISSONNIER S.<\/p>\n<p>Editions Er\u00e8s<\/p>\n<p>2009-168p.-119gr<\/p>\n<p>ISBN\u00a0: 978-2-7492-1055-1<\/p>\n<p>Cote doc\u00a0: 1-20-PRE-P<\/p>\n<span class=\"et_bloom_bottom_trigger\"><\/span>","protected":false},"excerpt":{"rendered":"<p>Comment \u00e9valuer le handicap d\u2019un b\u00e9b\u00e9 \u00e0 venir avec toute l\u2019incertitude propre \u00e0 cette \u00e9poque de la vie ? Comment en accompagner l\u2019annonce et accueillir ce b\u00e9b\u00e9 diff\u00e9rent ? Comment cheminer avec les parents au plus pr\u00e8s de leurs demandes et de leurs attentes ? Comment aider les m\u00e8res, elles-m\u00eames en situation de handicap, \u00e0 accueillir leur enfant ?<\/p>\n","protected":false},"featured_media":2826,"comment_status":"closed","ping_status":"closed","template":"","meta":{"_et_pb_use_builder":"","_et_pb_old_content":"","_et_gb_content_width":"","spay_email":""},"class_list":["post-2825","product","type-product","status-publish","has-post-thumbnail","hentry","product_cat-livres","product_tag-annonce-du-handicap","product_tag-enfant","product_tag-handicap","product_tag-parent","product_tag-perinatalite","product_tag-relation-parent-enfant","product_tag-relation-parent-intervenant"],"jetpack_sharing_enabled":true,"jetpack_likes_enabled":true,"_links":{"self":[{"href":"https:\/\/www.parthages.be\/eboutique\/wp-json\/wp\/v2\/product\/2825","targetHints":{"allow":["GET"]}}],"collection":[{"href":"https:\/\/www.parthages.be\/eboutique\/wp-json\/wp\/v2\/product"}],"about":[{"href":"https:\/\/www.parthages.be\/eboutique\/wp-json\/wp\/v2\/types\/product"}],"replies":[{"embeddable":true,"href":"https:\/\/www.parthages.be\/eboutique\/wp-json\/wp\/v2\/comments?post=2825"}],"wp:featuredmedia":[{"embeddable":true,"href":"https:\/\/www.parthages.be\/eboutique\/wp-json\/wp\/v2\/media\/2826"}],"wp:attachment":[{"href":"https:\/\/www.parthages.be\/eboutique\/wp-json\/wp\/v2\/media?parent=2825"}],"curies":[{"name":"wp","href":"https:\/\/api.w.org\/{rel}","templated":true}]}}