{"id":2827,"date":"2022-07-26T10:24:15","date_gmt":"2022-07-26T08:24:15","guid":{"rendered":"https:\/\/www.parthages.be\/eboutique\/?post_type=product&#038;p=2827"},"modified":"2022-07-26T10:24:16","modified_gmt":"2022-07-26T08:24:16","slug":"les-echelles-devaluation-du-developpement-cognitif-precoce","status":"publish","type":"product","link":"https:\/\/www.parthages.be\/eboutique\/produit\/les-echelles-devaluation-du-developpement-cognitif-precoce\/","title":{"rendered":"Les \u00e9chelles d&rsquo;\u00e9valuation du d\u00e9veloppement cognitif pr\u00e9coce"},"content":{"rendered":"<p>Ce manuel pr\u00e9sente les \u00c9chelles d&rsquo;\u00c9valuation du D\u00e9veloppement Cognitif Pr\u00e9coce (EEDCP), inspir\u00e9e des Infant Psychological Development Scales (IPDS) d&rsquo;Uzgiris et Hunt, compl\u00e9t\u00e9es par Dunst. Il introduit d\u2019abord les \u00e9tapes d\u2019\u00e9laboration et de validation de cette nouvelle version en fran\u00e7ais des \u00e9chelles. Puis, l\u2019ouvrage explicite de fa\u00e7on illustr\u00e9e, pour sept domaines de d\u00e9veloppement (permanence de l\u2019objet, moyens-but, imitation vocale et gestuelle, causalit\u00e9, relations spatiales, sch\u00e8mes de relation aux objets), les consignes d\u2019administration et les comportements attendus de la part de l\u2019enfant examin\u00e9. Ensuite, diverses utilisations possibles, \u00e0 la fois pour la recherche et pour l\u2019intervention, sont expliqu\u00e9es afin que les utilisateurs potentiels puissent d\u00e9couvrir les populations auxquelles ces \u00e9chelles ont \u00e9t\u00e9 appliqu\u00e9es et la richesse des informations qui peut en \u00eatre d\u00e9gag\u00e9e. Ces \u00e9chelles sont applicables aupr\u00e8s de jeunes enfants ordinaires ou de personnes atypiques (pr\u00e9sentant une d\u00e9ficience intellectuelle l\u00e9g\u00e8re, mod\u00e9r\u00e9e ou s\u00e9v\u00e8re, de l\u2019autisme, un polyhandicap, une d\u00e9ficience auditive, des troubles du comportement, etc.), se situant en p\u00e9riode d\u00e9veloppementale sensorimotrice. Une approche des variabilit\u00e9s inter- et intra-individuelles, des forces ou d\u00e9ficits des comp\u00e9tences de ces personnes dans les sept domaines \u00e0 partir des profils individuels des EEDCP peut aider les chercheurs et les professionnels \u00e0 mieux comprendre leur d\u00e9veloppement.<\/p>\n<p>Ce manuel s\u2019adresse \u00e0 des professionnels psychologues, psychop\u00e9dagogues, orthop\u00e9dagogues, \u00e0 des \u00e9tudiants en master de psychologie, \u00e0 des chercheurs s\u2019int\u00e9ressant \u00e0 la petite enfance ou \u00e0 l\u2019\u00e9valuation de personnes atypiques. (Pr\u00e9sentation de l\u2019\u00e9diteur)<\/p>\n<p>NADER-GROSBOIS N.<\/p>\n<p>Presses universitaires de Louvain<\/p>\n<p>2009-484p.-990gr<\/p>\n<p>ISBN: 978 -2-87463-140-5<\/p>\n<p>Cote doc: 1-20-NAD-E<\/p>\n<span class=\"et_bloom_bottom_trigger\"><\/span>","protected":false},"excerpt":{"rendered":"<p>Ce manuel pr\u00e9sente les \u00c9chelles d&rsquo;\u00c9valuation du D\u00e9veloppement Cognitif Pr\u00e9coce (EEDCP), inspir\u00e9e des Infant Psychological Development Scales (IPDS) d&rsquo;Uzgiris et Hunt, compl\u00e9t\u00e9es par Dunst.<\/p>\n","protected":false},"featured_media":2828,"comment_status":"closed","ping_status":"closed","template":"","meta":{"_et_pb_use_builder":"","_et_pb_old_content":"","_et_gb_content_width":"","spay_email":""},"class_list":["post-2827","product","type-product","status-publish","has-post-thumbnail","hentry","product_cat-livres","product_tag-autisme","product_tag-comportement","product_tag-deficience-auditive","product_tag-deficience-intellectuelle","product_tag-developpement-cognitif","product_tag-echelle-devaluation","product_tag-enfant","product_tag-enfant-handicape","product_tag-polyhandicap"],"jetpack_sharing_enabled":true,"jetpack_likes_enabled":true,"_links":{"self":[{"href":"https:\/\/www.parthages.be\/eboutique\/wp-json\/wp\/v2\/product\/2827","targetHints":{"allow":["GET"]}}],"collection":[{"href":"https:\/\/www.parthages.be\/eboutique\/wp-json\/wp\/v2\/product"}],"about":[{"href":"https:\/\/www.parthages.be\/eboutique\/wp-json\/wp\/v2\/types\/product"}],"replies":[{"embeddable":true,"href":"https:\/\/www.parthages.be\/eboutique\/wp-json\/wp\/v2\/comments?post=2827"}],"wp:featuredmedia":[{"embeddable":true,"href":"https:\/\/www.parthages.be\/eboutique\/wp-json\/wp\/v2\/media\/2828"}],"wp:attachment":[{"href":"https:\/\/www.parthages.be\/eboutique\/wp-json\/wp\/v2\/media?parent=2827"}],"curies":[{"name":"wp","href":"https:\/\/api.w.org\/{rel}","templated":true}]}}