{"id":2835,"date":"2022-07-26T10:53:49","date_gmt":"2022-07-26T08:53:49","guid":{"rendered":"https:\/\/www.parthages.be\/eboutique\/?post_type=product&#038;p=2835"},"modified":"2022-07-26T10:53:49","modified_gmt":"2022-07-26T08:53:49","slug":"lannonce-du-handicap-a-ladolescence","status":"publish","type":"product","link":"https:\/\/www.parthages.be\/eboutique\/produit\/lannonce-du-handicap-a-ladolescence\/","title":{"rendered":"L&rsquo;annonce du handicap \u00e0 l&rsquo;adolescence"},"content":{"rendered":"<p>L&rsquo;adolescent malade a g\u00e9n\u00e9ralement beaucoup plus \u00e0 supporter que l&rsquo;enfant plus jeune ou l&rsquo;adulte dans la m\u00eame situation. Il lui faut se pr\u00e9occuper de sa maladie alors m\u00eame qu&rsquo;il traverse une p\u00e9riode unique o\u00f9 les questions relatives \u00e0 ses imp\u00e9ratifs de d\u00e9veloppement corporel, psychologique et social occupent le premier plan. Par la force des choses, ces imp\u00e9ratifs se retrouvent en contradiction et souvent en conflit avec la maladie, les probl\u00e8mes qu&rsquo;elle engendre, l&rsquo;ambiance dans laquelle elle est v\u00e9cue et les questions qu&rsquo;elle pose pour l&rsquo;avenir. Annoncer une maladie ou un handicap, c&rsquo;est finalement transmettre une information aux r\u00e9percussions importantes sur les ann\u00e9es \u00e0 venir de la vie d&rsquo;un \u00eatre et de son entourage, tout en respectant les repr\u00e9sentations qu&rsquo;il se fait de sa maladie et en acceptant de \u00ab\u00a0partager\u00a0\u00bb avec lui une partie de ce fardeau dans la dur\u00e9e. Nous pensons qu&rsquo;une telle annonce ne peut avoir de sens \u00e9thique et de l\u00e9gitimit\u00e9 clinique que formul\u00e9e et entendue comme une double annonce : celle de la maladie, dans le respect du principe de v\u00e9rit\u00e9, et celle de l&rsquo;engagement du m\u00e9decin &#8211; pour le meilleur et pour le pire &#8211; aux c\u00f4t\u00e9s du patient face \u00e0 la maladie. Pour les adolescents, l&rsquo;aspect de la maladie le plus unanimement redout\u00e9 est son interf\u00e9rence avec la libert\u00e9 personnelle, entendue comme la libert\u00e9 per\u00e7ue de pouvoir faire ce que l&rsquo;on veut avec et surtout \u00ab\u00a0comme\u00a0\u00bb les autres adolescents. Id\u00e9alement, l&rsquo;annonce ne devrait pas \u00eatre consid\u00e9r\u00e9e comme un moment circonscrit dans le temps, mais bien plut\u00f4t comme le point de d\u00e9part d&rsquo;un processus, un pr\u00e9lude \u00e0 ce qu&rsquo;il en sera tout au long de la relation th\u00e9rapeutique. L&rsquo;annonce de la maladie ou du handicap est une dimension famili\u00e8re \u00e0 l&rsquo;exercice de la m\u00e9decine de l&rsquo;adolescent. Le fait nouveau dans cet ouvrage a \u00e9t\u00e9 la volont\u00e9 clairement exprim\u00e9e d&rsquo;une r\u00e9flexion \u00e0 la fois plurielle et sp\u00e9cifique sur ce th\u00e8me.\u00a0(Pr\u00e9sentation de l\u2019\u00e9diteur)<\/p>\n<p>ALVIN P.<\/p>\n<p>Vuibert<\/p>\n<p>2005-128p.<\/p>\n<p>ISBN: 2-7117-7277-2<\/p>\n<p>Cote doc: 1-20-ALV-A<\/p>\n<p><strong><em>Uniquement \u00e0 la location<\/em><\/strong><\/p>\n<span class=\"et_bloom_bottom_trigger\"><\/span>","protected":false},"excerpt":{"rendered":"<p>L&rsquo;adolescent malade a g\u00e9n\u00e9ralement beaucoup plus \u00e0 supporter que l&rsquo;enfant plus jeune ou l&rsquo;adulte dans la m\u00eame situation. Il lui faut se pr\u00e9occuper de sa maladie alors m\u00eame qu&rsquo;il traverse une p\u00e9riode unique o\u00f9 les questions relatives \u00e0 ses imp\u00e9ratifs de d\u00e9veloppement corporel, psychologique et social occupent le premier plan.<\/p>\n","protected":false},"featured_media":2836,"comment_status":"closed","ping_status":"closed","template":"","meta":{"_et_pb_use_builder":"","_et_pb_old_content":"","_et_gb_content_width":"","spay_email":""},"class_list":["post-2835","product","type-product","status-publish","has-post-thumbnail","hentry","product_cat-livres","product_tag-adolescence","product_tag-annonce-du-handicap","product_tag-apprentissage","product_tag-autonomie","product_tag-communication","product_tag-estime-de-soi","product_tag-maladie","product_tag-parent","product_tag-participation","product_tag-projet-de-vie","product_tag-relation"],"jetpack_sharing_enabled":true,"jetpack_likes_enabled":true,"_links":{"self":[{"href":"https:\/\/www.parthages.be\/eboutique\/wp-json\/wp\/v2\/product\/2835","targetHints":{"allow":["GET"]}}],"collection":[{"href":"https:\/\/www.parthages.be\/eboutique\/wp-json\/wp\/v2\/product"}],"about":[{"href":"https:\/\/www.parthages.be\/eboutique\/wp-json\/wp\/v2\/types\/product"}],"replies":[{"embeddable":true,"href":"https:\/\/www.parthages.be\/eboutique\/wp-json\/wp\/v2\/comments?post=2835"}],"wp:featuredmedia":[{"embeddable":true,"href":"https:\/\/www.parthages.be\/eboutique\/wp-json\/wp\/v2\/media\/2836"}],"wp:attachment":[{"href":"https:\/\/www.parthages.be\/eboutique\/wp-json\/wp\/v2\/media?parent=2835"}],"curies":[{"name":"wp","href":"https:\/\/api.w.org\/{rel}","templated":true}]}}