{"id":2837,"date":"2022-07-26T11:04:07","date_gmt":"2022-07-26T09:04:07","guid":{"rendered":"https:\/\/www.parthages.be\/eboutique\/?post_type=product&#038;p=2837"},"modified":"2022-07-26T11:04:08","modified_gmt":"2022-07-26T09:04:08","slug":"prevention-du-retard-mental-enjeux-cliniques-ethiques-et-sociaux-vol-2","status":"publish","type":"product","link":"https:\/\/www.parthages.be\/eboutique\/produit\/prevention-du-retard-mental-enjeux-cliniques-ethiques-et-sociaux-vol-2\/","title":{"rendered":"Pr\u00e9vention du retard mental : Enjeux cliniques: \u00e9thiques et sociaux VOL 2"},"content":{"rendered":"<p>Ce volume 2 s\u2019adresse \u00e0 tous ceux qui travaillent dans le domaine du retard mental ou s\u2019y int\u00e9ressent. Il constitue un excellent instrument d\u2019information et de formation. Synth\u00e8se de connaissances r\u00e9centes de biologie, de techniques et pratiques cliniques de pointe, l\u2019ouvrage propose une r\u00e9flexion approfondie et indispensable sur les implications \u00e9thiques et sociales de la pr\u00e9vention. [\u2026] Cet ouvrage repr\u00e9sente une contribution tr\u00e8s importante dans le domaine et vient combler un manque fortement ressenti par les professionnels, tout en contribuant \u00e0 l\u2019information des familles et du public en g\u00e9n\u00e9ral. (Pr\u00e9sentation de l\u2019\u00e9diteur)<\/p>\n<p>L&rsquo;ABBE Y.- LABINE R.- LEMIEUX N.- LESPINASSE J.<\/p>\n<p>Editions Sciences et Culture<\/p>\n<p>2005-363p.<\/p>\n<p>ISBN: 2-89092-342-8<\/p>\n<p>Cote doc: 1-20-ABB-P2<\/p>\n<p><strong><em>Uniquement \u00e0 la location<\/em><\/strong><\/p>\n<span class=\"et_bloom_bottom_trigger\"><\/span>","protected":false},"excerpt":{"rendered":"<p>Ce volume 2 s\u2019adresse \u00e0 tous ceux qui travaillent dans le domaine du retard mental ou s\u2019y int\u00e9ressent. Il constitue un excellent instrument d\u2019information et de formation. Synth\u00e8se de connaissances r\u00e9centes de biologie, de techniques et pratiques cliniques de pointe, l\u2019ouvrage propose une r\u00e9flexion approfondie et indispensable sur les implications \u00e9thiques et sociales de la [&hellip;]<\/p>\n","protected":false},"featured_media":2838,"comment_status":"closed","ping_status":"closed","template":"","meta":{"_et_pb_use_builder":"","_et_pb_old_content":"","_et_gb_content_width":"","spay_email":""},"class_list":["post-2837","product","type-product","status-publish","has-post-thumbnail","hentry","product_cat-livres","product_tag-deficience-intellectuelle","product_tag-diagnostic","product_tag-enfance","product_tag-enjeux","product_tag-ethique","product_tag-handicap-mental","product_tag-maladie","product_tag-prevention","product_tag-quebec","product_tag-risque","product_tag-syndrome"],"jetpack_sharing_enabled":true,"jetpack_likes_enabled":true,"_links":{"self":[{"href":"https:\/\/www.parthages.be\/eboutique\/wp-json\/wp\/v2\/product\/2837","targetHints":{"allow":["GET"]}}],"collection":[{"href":"https:\/\/www.parthages.be\/eboutique\/wp-json\/wp\/v2\/product"}],"about":[{"href":"https:\/\/www.parthages.be\/eboutique\/wp-json\/wp\/v2\/types\/product"}],"replies":[{"embeddable":true,"href":"https:\/\/www.parthages.be\/eboutique\/wp-json\/wp\/v2\/comments?post=2837"}],"wp:featuredmedia":[{"embeddable":true,"href":"https:\/\/www.parthages.be\/eboutique\/wp-json\/wp\/v2\/media\/2838"}],"wp:attachment":[{"href":"https:\/\/www.parthages.be\/eboutique\/wp-json\/wp\/v2\/media?parent=2837"}],"curies":[{"name":"wp","href":"https:\/\/api.w.org\/{rel}","templated":true}]}}