{"id":2839,"date":"2022-07-26T11:05:33","date_gmt":"2022-07-26T09:05:33","guid":{"rendered":"https:\/\/www.parthages.be\/eboutique\/?post_type=product&#038;p=2839"},"modified":"2022-07-26T11:05:33","modified_gmt":"2022-07-26T09:05:33","slug":"prevention-du-retard-mental-causes-et-conduites-preventives-a-adopter-vol-1","status":"publish","type":"product","link":"https:\/\/www.parthages.be\/eboutique\/produit\/prevention-du-retard-mental-causes-et-conduites-preventives-a-adopter-vol-1\/","title":{"rendered":"Pr\u00e9vention du retard mental : Causes et conduites pr\u00e9ventives \u00e0 adopter VOL 1"},"content":{"rendered":"<p>L\u2019\u00e9volution des connaissances scientifiques des derni\u00e8res ann\u00e9es, particuli\u00e8rement en g\u00e9n\u00e9tique, a permis l\u2019identification de plusieurs syndromes ou maladies responsables du retard mental. Les parents peuvent aujourd\u2019hui recourir au \u00ab conseil g\u00e9n\u00e9tique \u00bb ainsi qu\u2019\u00e0 diverses techniques m\u00e9dicales de d\u00e9pistage et de diagnostic pr\u00e9natal. Selon les diff\u00e9rents auteurs, entre 50 et 70 % des causes du retard mental sont aujourd\u2019hui con nues. Il est donc possible de pr\u00e9venir le retard mental en adoptant des attitudes et des comportements appropri\u00e9s. Au point de d\u00e9part, le premier geste \u00e0 poser consiste \u00e0 s\u2019informer sur les diff\u00e9rents facteurs inn\u00e9s ou acquis susceptibles d\u2019engendrer le retard mental. Le volume 1 de cet ouvrage cerne ces principaux facteurs qui interviennent avant, pendant ou apr\u00e8s la naissance de l\u2019enfant. Il sugg\u00e8re de plus des conduites pr\u00e9ventives \u00e0 adopter tant par l\u2019enfant que par les parents. (Pr\u00e9sentation de l\u2019\u00e9diteur)<\/p>\n<p>L&rsquo;ABBE Y.- LABINE R.- LEMIEUX N.- LESPINASSE J.<\/p>\n<p>Editions Sciences et Culture<\/p>\n<p>2004-168p.<\/p>\n<p>ISBN: 2-89092-341-x<\/p>\n<p>Cote doc: 1-20-ABB-P1<\/p>\n<p><strong><em>Uniquement \u00e0 la location<\/em><\/strong><\/p>\n<span class=\"et_bloom_bottom_trigger\"><\/span>","protected":false},"excerpt":{"rendered":"<p>L\u2019\u00e9volution des connaissances scientifiques des derni\u00e8res ann\u00e9es, particuli\u00e8rement en g\u00e9n\u00e9tique, a permis l\u2019identification de plusieurs syndromes ou maladies responsables du retard mental.<\/p>\n","protected":false},"featured_media":2840,"comment_status":"closed","ping_status":"closed","template":"","meta":{"_et_pb_use_builder":"","_et_pb_old_content":"","_et_gb_content_width":"","spay_email":""},"class_list":["post-2839","product","type-product","status-publish","has-post-thumbnail","hentry","product_cat-livres","product_tag-comportement","product_tag-deficience-intellectuelle","product_tag-diagnostic","product_tag-enfance","product_tag-ethique","product_tag-etiologie","product_tag-grossesse","product_tag-handicap-mental","product_tag-maladie","product_tag-prevention","product_tag-quebec"],"jetpack_sharing_enabled":true,"jetpack_likes_enabled":true,"_links":{"self":[{"href":"https:\/\/www.parthages.be\/eboutique\/wp-json\/wp\/v2\/product\/2839","targetHints":{"allow":["GET"]}}],"collection":[{"href":"https:\/\/www.parthages.be\/eboutique\/wp-json\/wp\/v2\/product"}],"about":[{"href":"https:\/\/www.parthages.be\/eboutique\/wp-json\/wp\/v2\/types\/product"}],"replies":[{"embeddable":true,"href":"https:\/\/www.parthages.be\/eboutique\/wp-json\/wp\/v2\/comments?post=2839"}],"wp:featuredmedia":[{"embeddable":true,"href":"https:\/\/www.parthages.be\/eboutique\/wp-json\/wp\/v2\/media\/2840"}],"wp:attachment":[{"href":"https:\/\/www.parthages.be\/eboutique\/wp-json\/wp\/v2\/media?parent=2839"}],"curies":[{"name":"wp","href":"https:\/\/api.w.org\/{rel}","templated":true}]}}