{"id":2857,"date":"2022-09-02T12:34:27","date_gmt":"2022-09-02T10:34:27","guid":{"rendered":"https:\/\/www.parthages.be\/eboutique\/?post_type=product&#038;p=2857"},"modified":"2023-09-12T11:25:07","modified_gmt":"2023-09-12T09:25:07","slug":"lepreuve-du-temps","status":"publish","type":"product","link":"https:\/\/www.parthages.be\/eboutique\/produit\/lepreuve-du-temps\/","title":{"rendered":"L\u2019\u00e9preuve du temps."},"content":{"rendered":"<p><strong><em>Accidents, r\u00e9p\u00e9titions, rythmes et handicap<\/em><\/strong><\/p>\n<p>L\u2019\u00e9preuve du temps d\u00e9signe les cons\u00e9quences du handicap sur la dur\u00e9e\u00a0: comment envisager la vie apr\u00e8s une rupture majeure comme l\u2019accident qui laisse handicap\u00e9\u00a0? Quelles sont les<br \/>\nr\u00e9p\u00e9titions incessantes d\u2019obstacles que chacun doit affronter\u00a0? Quels sont les moyens de leur faire face\u00a0?<\/p>\n<p>Une vie avec un handicap est-elle une vie handicap\u00e9e ? Derri\u00e8re cette question, se profile la sp\u00e9cificit\u00e9 d&rsquo;une vie humaine par rapport \u00e0 une vie biologique. Une vie humaine n\u2019est pas une survie, mais le parcours d\u2019une subjectivit\u00e9, quelles que puissent \u00eatre les difficult\u00e9s rencontr\u00e9es en chemin. Elle d\u00e9pend des r\u00e9cits, des pronostics et anticipations, \u00e0 la fois personnels et collectifs, qui l\u2019organisent, mais aussi du rapport entre le v\u00e9cu du temps et le v\u00e9cu du corps.<\/p>\n<p>La question de l\u2019exp\u00e9rience du temps est fondamentale dans une vie avec un handicap, en particulier lorsque celui-ci est \u00e9volutif. L\u2019auteur la traite de mani\u00e8re transversale, dans une approche philosophique originale, en s\u2019appuyant sur des travaux men\u00e9s directement avec des personnes concern\u00e9es.<\/p>\n<p>A partir de la m\u00e9taphore de la ligne du temps, ce livre aborde la rupture caus\u00e9e par l\u2019accident, la circularit\u00e9 du temps de l\u2019obstacle ou l\u2019\u00e9puisante r\u00e9p\u00e9tition des contraintes quotidiennes dans l\u2019atteinte physique. Il montre qu\u2019une autonomie temporelle peut \u00eatre d\u00e9velopp\u00e9e malgr\u00e9 ces contraintes, par la cr\u00e9ation d\u2019un style propre \u00e0 chacun, y compris pour des personnes atteintes par le polyhandicap ou l\u2019autisme dit \u00ab d\u00e9ficitaire \u00bb, si leur accompagnement vient s\u2019ajuster \u00e0 leurs rythmes singuliers. (Pr\u00e9sentation de l\u2019\u00e9diteur)<\/p>\n<p>ANCET P.<\/p>\n<p>Editions Eres<\/p>\n<p>2021- 208 p.-292 gr<\/p>\n<p>ISBN: 978-2-7492-7211-5<\/p>\n<p>COTE DOC: 1-20-ANC-T<\/p>\n<span class=\"et_bloom_bottom_trigger\"><\/span>","protected":false},"excerpt":{"rendered":"<p>L\u2019\u00e9preuve du temps d\u00e9signe les cons\u00e9quences du handicap sur la dur\u00e9e\u00a0: comment envisager la vie apr\u00e8s une rupture majeure comme l\u2019accident qui laisse handicap\u00e9\u00a0? Quelles sont les<br \/>\nr\u00e9p\u00e9titions incessantes d\u2019obstacles que chacun doit affronter\u00a0? Quels sont les moyens de leur faire face\u00a0?<\/p>\n","protected":false},"featured_media":2858,"comment_status":"closed","ping_status":"closed","template":"","meta":{"_et_pb_use_builder":"","_et_pb_old_content":"","_et_gb_content_width":"","spay_email":""},"class_list":["post-2857","product","type-product","status-publish","has-post-thumbnail","hentry","product_cat-livres","product_tag-accident","product_tag-accompagnement","product_tag-autonomie","product_tag-avenir","product_tag-corps","product_tag-creativite","product_tag-ethique","product_tag-personne-handicapee","product_tag-phenomenologie","product_tag-polyhandicap","product_tag-traumatisme","product_tag-vecu"],"jetpack_sharing_enabled":true,"jetpack_likes_enabled":true,"_links":{"self":[{"href":"https:\/\/www.parthages.be\/eboutique\/wp-json\/wp\/v2\/product\/2857","targetHints":{"allow":["GET"]}}],"collection":[{"href":"https:\/\/www.parthages.be\/eboutique\/wp-json\/wp\/v2\/product"}],"about":[{"href":"https:\/\/www.parthages.be\/eboutique\/wp-json\/wp\/v2\/types\/product"}],"replies":[{"embeddable":true,"href":"https:\/\/www.parthages.be\/eboutique\/wp-json\/wp\/v2\/comments?post=2857"}],"wp:featuredmedia":[{"embeddable":true,"href":"https:\/\/www.parthages.be\/eboutique\/wp-json\/wp\/v2\/media\/2858"}],"wp:attachment":[{"href":"https:\/\/www.parthages.be\/eboutique\/wp-json\/wp\/v2\/media?parent=2857"}],"curies":[{"name":"wp","href":"https:\/\/api.w.org\/{rel}","templated":true}]}}