{"id":2861,"date":"2022-09-02T12:36:30","date_gmt":"2022-09-02T10:36:30","guid":{"rendered":"https:\/\/www.parthages.be\/eboutique\/?post_type=product&#038;p=2861"},"modified":"2023-09-12T11:24:35","modified_gmt":"2023-09-12T09:24:35","slug":"personnes-en-situation-de-handicap-au-defi-des-droits-et-libertes","status":"publish","type":"product","link":"https:\/\/www.parthages.be\/eboutique\/produit\/personnes-en-situation-de-handicap-au-defi-des-droits-et-libertes\/","title":{"rendered":"Personnes en situation de handicap au d\u00e9fi des droits et libert\u00e9s."},"content":{"rendered":"<p><strong><em>Droits fondamentaux et accompagnement.<\/em><\/strong><\/p>\n<p>\u00ab L&rsquo;entr\u00e9e par les droits : \u00e9tablir le pouvoir d&rsquo;agir des personnes comme un droit fondamental applicable \u00e0 tous les \u00eatres humains, quelle que soit leur situation, quel que soit leur niveau de d\u00e9pendance&#8230; Nul ne peut d\u00e9cider de la vie de quelque autre en ses lieux et place. Le droit \u00e0 l&rsquo;accompagnement choisi fait partie des droits fondamentaux de toute personne qui le fait pr\u00e9valoir ou le n\u00e9cessite ; sachant qu&rsquo;accompagner une personne, f\u00fbt-elle en situation de handicap et peut-\u00eatre de grande d\u00e9pendance, ne revient pas, ne saurait revenir \u00e0 se substituer purement et simplement \u00e0 elle dans la d\u00e9cision, en termes juridiques au premier chef, mais aussi en termes de simple humanit\u00e9&#8230; \u00bb C&rsquo;est le propos de cet ouvrage. Le Conseil fran\u00e7ais des personnes handicap\u00e9es pour les questions europ\u00e9ennes (CFHE) a \u00e9t\u00e9 fond\u00e9 en 1993. La Commission europ\u00e9enne, d\u00e9sirant traiter avec des interlocuteurs qualifi\u00e9s, a encourag\u00e9 la cr\u00e9ation, dans chacun des \u00c9tats membres, d&rsquo;un Conseil national repr\u00e9sentatif des personnes handicap\u00e9es et leurs familles. Les 8 associations dites fondatrices (APAJH, APF, CFPSAA, FNATH, GIHP, UNAFAM, UNAPEI, UNISDA), associations de personnes handicap\u00e9es et de familles, ont d\u00e9cid\u00e9 de s&rsquo;unir et de donner au CFHE des statuts qui en garantissent la repr\u00e9sentativit\u00e9. Une quarantaine d&rsquo;associations nationales s&rsquo;y rassemblent aujourd&rsquo;hui, ce qui lui permet de r\u00e9ellement \u00ab agir sur l&rsquo;Europe et agir \u00e0 partir de l&rsquo;Europe\u00a0\u00bb. www.cfhe.org. Ce texte t\u00e9moignage de leur engagement (Pr\u00e9sentation de l\u2019\u00e9diteur)<\/p>\n<p>GAURIER B.<\/p>\n<p>Editions\u00a0Chronique Sociale<\/p>\n<p>2018-204p.-282gr<\/p>\n<p>ISBN: 978-2-36717-502-7<\/p>\n<p>Cote doc: 6-10-GAU-P<\/p>\n<span class=\"et_bloom_bottom_trigger\"><\/span>","protected":false},"excerpt":{"rendered":"<p>\u00ab L&rsquo;entr\u00e9e par les droits : \u00e9tablir le pouvoir d&rsquo;agir des personnes comme un droit fondamental applicable \u00e0 tous les \u00eatres humains, quelle que soit leur situation, quel que soit leur niveau de d\u00e9pendance&#8230; Nul ne peut d\u00e9cider de la vie de quelque autre en ses lieux et place. Le droit \u00e0 l&rsquo;accompagnement choisi fait partie des droits fondamentaux de toute personne qui le fait pr\u00e9valoir ou le n\u00e9cessite ; sachant qu&rsquo;accompagner une personne, f\u00fbt-elle en situation de handicap et peut-\u00eatre de grande d\u00e9pendance, ne revient pas, ne saurait revenir \u00e0 se substituer purement et simplement \u00e0 elle dans la d\u00e9cision, en termes juridiques au premier chef, mais aussi en termes de simple humanit\u00e9&#8230; \u00bb<\/p>\n","protected":false},"featured_media":2862,"comment_status":"closed","ping_status":"closed","template":"","meta":{"_et_pb_use_builder":"","_et_pb_old_content":"","_et_gb_content_width":"","spay_email":""},"class_list":["post-2861","product","type-product","status-publish","has-post-thumbnail","hentry","product_cat-livres","product_tag-accompagnement","product_tag-autodetermination","product_tag-autonomie","product_tag-citoyennete","product_tag-defi","product_tag-droit","product_tag-inclusion","product_tag-liberte","product_tag-participation","product_tag-personne-handicapee"],"jetpack_sharing_enabled":true,"jetpack_likes_enabled":true,"_links":{"self":[{"href":"https:\/\/www.parthages.be\/eboutique\/wp-json\/wp\/v2\/product\/2861","targetHints":{"allow":["GET"]}}],"collection":[{"href":"https:\/\/www.parthages.be\/eboutique\/wp-json\/wp\/v2\/product"}],"about":[{"href":"https:\/\/www.parthages.be\/eboutique\/wp-json\/wp\/v2\/types\/product"}],"replies":[{"embeddable":true,"href":"https:\/\/www.parthages.be\/eboutique\/wp-json\/wp\/v2\/comments?post=2861"}],"wp:featuredmedia":[{"embeddable":true,"href":"https:\/\/www.parthages.be\/eboutique\/wp-json\/wp\/v2\/media\/2862"}],"wp:attachment":[{"href":"https:\/\/www.parthages.be\/eboutique\/wp-json\/wp\/v2\/media?parent=2861"}],"curies":[{"name":"wp","href":"https:\/\/api.w.org\/{rel}","templated":true}]}}