{"id":290,"date":"2012-12-03T10:28:43","date_gmt":"2012-12-03T09:28:43","guid":{"rendered":"https:\/\/www.parthages.be\/wordpress\/produit\/enfermement-et-discrimination\/"},"modified":"2022-10-16T13:33:36","modified_gmt":"2022-10-16T11:33:36","slug":"enfermement-et-discrimination","status":"publish","type":"product","link":"https:\/\/www.parthages.be\/eboutique\/produit\/enfermement-et-discrimination\/","title":{"rendered":"Enfermement et discrimination"},"content":{"rendered":"<p>Comment donner la parole \u00e0 des individus qui ne l\u2019ont plus, parce qu\u2019enferm\u00e9s dans une institution m\u00e9dico-sociale autrefois connue sous le nom d\u2019 \u00ab asile \u00bb ? Christophe Darg\u00e8re part de son exp\u00e9rience dans ces instituts pour nous faire partager ses observations : sc\u00e8nes de violence, discrimination, faits av\u00e9r\u00e9s de maltraitance, etc.<\/p>\n<p>L&rsquo;auteur se fait le porte-voix d\u2019une cat\u00e9gorie d\u2019individus soumis et silencieux.<\/p>\n<p>Au-del\u00e0 de la constatation des faits, cette exp\u00e9rience le conduit \u00e0 mener une r\u00e9flexion sur le ressenti des pensionnaires de ces institutions, et sur la place que nous leur accordons dans notre soci\u00e9t\u00e9 : voil\u00e0 la force de cet ouvrage. En quoi sont-ils discrimin\u00e9s ? Quel est le degr\u00e9 de souffrance \u00e9prouv\u00e9e ? Dans un langage clair, agr\u00e9able \u00e0 lire, Christophe Darg\u00e8re nous fait partager avec brio l\u2019exp\u00e9rience quotidienne de la vie dans l\u2019enceinte de ces institutions, ce monde parall\u00e8le hors du monde, dans lequel vivent des enfants que la soci\u00e9t\u00e9 rejette.<\/p>\n<p>\u00c9tudiants et enseignants en sociologie, psychologie, anthropologie, sciences de l\u2019\u00e9ducation mais aussi les \u00e9l\u00e8ves et intervenants du secteur m\u00e9dico-social seront \u00e9difi\u00e9s \u00e0 la lecture de cette \u00e9tude sociologique d\u2019un monde clos, m\u00e9connu et souvent maltraitant. (Pr\u00e9sentation de l\u2019\u00e9diteur)<\/p>\n<p>DARGERE C.<\/p>\n<p>2012-216p.-20.60\u20ac<\/p>\n<p>300gr<\/p>\n<p>ISBN\u00a0: 978-2-7061-1748-0<\/p>\n<p>Cote doc\u00a0: 7-10-DAR-E<\/p>\n<span class=\"et_bloom_bottom_trigger\"><\/span>","protected":false},"excerpt":{"rendered":"<p>Comment donner la parole \u00e0 des individus qui ne l\u2019ont plus, parce qu\u2019enferm\u00e9s dans une institution m\u00e9dico-sociale autrefois connue sous le nom d\u2019 \u00ab asile \u00bb ? Christophe Darg\u00e8re part de son exp\u00e9rience dans ces instituts pour nous faire partager ses observations : sc\u00e8nes de violence, discrimination, faits av\u00e9r\u00e9s de maltraitance, etc.<\/p>\n","protected":false},"featured_media":289,"comment_status":"open","ping_status":"closed","template":"","meta":{"_et_pb_use_builder":"","_et_pb_old_content":"","_et_gb_content_width":"","spay_email":""},"class_list":["post-290","product","type-product","status-publish","has-post-thumbnail","hentry","product_cat-livres","product_tag-discrimination","product_tag-etablissement-de-sante","product_tag-france","product_tag-institution-psychiatrique","product_tag-maltraitance","product_tag-personne-handicapee"],"jetpack_sharing_enabled":true,"jetpack_likes_enabled":true,"_links":{"self":[{"href":"https:\/\/www.parthages.be\/eboutique\/wp-json\/wp\/v2\/product\/290","targetHints":{"allow":["GET"]}}],"collection":[{"href":"https:\/\/www.parthages.be\/eboutique\/wp-json\/wp\/v2\/product"}],"about":[{"href":"https:\/\/www.parthages.be\/eboutique\/wp-json\/wp\/v2\/types\/product"}],"replies":[{"embeddable":true,"href":"https:\/\/www.parthages.be\/eboutique\/wp-json\/wp\/v2\/comments?post=290"}],"wp:featuredmedia":[{"embeddable":true,"href":"https:\/\/www.parthages.be\/eboutique\/wp-json\/wp\/v2\/media\/289"}],"wp:attachment":[{"href":"https:\/\/www.parthages.be\/eboutique\/wp-json\/wp\/v2\/media?parent=290"}],"curies":[{"name":"wp","href":"https:\/\/api.w.org\/{rel}","templated":true}]}}