{"id":2909,"date":"2023-05-09T07:56:44","date_gmt":"2023-05-09T05:56:44","guid":{"rendered":"https:\/\/www.parthages.be\/eboutique\/?post_type=product&#038;p=2909"},"modified":"2023-09-12T11:31:43","modified_gmt":"2023-09-12T09:31:43","slug":"dire-lindicible","status":"publish","type":"product","link":"https:\/\/www.parthages.be\/eboutique\/produit\/dire-lindicible\/","title":{"rendered":"Dire l\u2019indicible"},"content":{"rendered":"<p>Cet ouvrage raconte le trajet d\u2019une psychanalyste qui chemine hors des sentiers battus, avec des patients hors norme, marqu\u00e9s par le handicap, qui n\u2019ont pas une vraie place dans leur famille ni dans la soci\u00e9t\u00e9. Nourri de recherches th\u00e9oriques, ce livre \u00e9crit dans un style personnel montre, \u00e0 travers le r\u00e9cit de rencontres formidables, que cette clinique du handicap, souvent n\u00e9glig\u00e9e, peut se r\u00e9v\u00e9ler passionnante et d\u00e9voiler l\u2019incroyable inventivit\u00e9 de la psych\u00e9 humaine, m\u00eame dans des situations traumatiques. Sans m\u00e9conna\u00eetre les aspects tragiques du handicap, l\u2019auteur t\u00e9moigne de la richesse et de la diversit\u00e9 des situations qu\u2019elle a v\u00e9cues et o\u00f9 elle a pu \u00eatre utile \u00e0 certains. (Pr\u00e9sentation de l\u2019\u00e9diteur)<\/p>\n<p>KORFF-SAUSSE S.<\/p>\n<p>Edition Eres<\/p>\n<p>2021- 176p.-<\/p>\n<p>300gr<\/p>\n<p>ISBN\u00a0: 978-2-7492-7164-4<\/p>\n<p>Cote doc\u00a0: 3-10-KOR-D<\/p>\n<span class=\"et_bloom_bottom_trigger\"><\/span>","protected":false},"excerpt":{"rendered":"<p>Cet ouvrage raconte le trajet d\u2019une psychanalyste qui chemine hors des sentiers battus, avec des patients hors norme, marqu\u00e9s par le handicap, qui n\u2019ont pas une vraie place dans leur famille ni dans la soci\u00e9t\u00e9.<\/p>\n","protected":false},"featured_media":2910,"comment_status":"closed","ping_status":"closed","template":"","meta":{"_et_pb_use_builder":"","_et_pb_old_content":"","_et_gb_content_width":"","spay_email":""},"class_list":["post-2909","product","type-product","status-publish","has-post-thumbnail","hentry","product_cat-livres","product_tag-adulte","product_tag-communication","product_tag-ecoute","product_tag-empathie","product_tag-enfant","product_tag-personne-handicapee","product_tag-psychanalyse","product_tag-psychologie","product_tag-recherche-en-sante","product_tag-temoignage"],"jetpack_sharing_enabled":true,"jetpack_likes_enabled":true,"_links":{"self":[{"href":"https:\/\/www.parthages.be\/eboutique\/wp-json\/wp\/v2\/product\/2909","targetHints":{"allow":["GET"]}}],"collection":[{"href":"https:\/\/www.parthages.be\/eboutique\/wp-json\/wp\/v2\/product"}],"about":[{"href":"https:\/\/www.parthages.be\/eboutique\/wp-json\/wp\/v2\/types\/product"}],"replies":[{"embeddable":true,"href":"https:\/\/www.parthages.be\/eboutique\/wp-json\/wp\/v2\/comments?post=2909"}],"wp:featuredmedia":[{"embeddable":true,"href":"https:\/\/www.parthages.be\/eboutique\/wp-json\/wp\/v2\/media\/2910"}],"wp:attachment":[{"href":"https:\/\/www.parthages.be\/eboutique\/wp-json\/wp\/v2\/media?parent=2909"}],"curies":[{"name":"wp","href":"https:\/\/api.w.org\/{rel}","templated":true}]}}