{"id":2926,"date":"2023-05-09T08:14:33","date_gmt":"2023-05-09T06:14:33","guid":{"rendered":"https:\/\/www.parthages.be\/eboutique\/?post_type=product&#038;p=2926"},"modified":"2023-09-12T11:30:55","modified_gmt":"2023-09-12T09:30:55","slug":"handicap-et-participation","status":"publish","type":"product","link":"https:\/\/www.parthages.be\/eboutique\/produit\/handicap-et-participation\/","title":{"rendered":"Handicap et participation"},"content":{"rendered":"<p>Prenant en compte la Loi 2002-2 r\u00e9novant l&rsquo;action sociale, les deux auteurs saluent l&rsquo;intention du l\u00e9gislateur de promouvoir le droit et la participation des personnes en situation de handicap. Leur r\u00e9flexion lucide et m\u00e9thodologique invite cependant \u00e0 s&rsquo;interroger sur les crit\u00e8res normatifs contribuant \u00e0 vouloir d\u00e9finir rationnellement les fonctionnements, les modes d&rsquo;\u00e9valuations, de diagnostics et les pratiques dans les \u00e9tablissements et services m\u00e9dico-sociaux. Il faut, nous disent-ils, aller au-del\u00e0 de cette loi, et interroger les modes de coop\u00e9ration et le management dans le souci de rechercher une participation optimale de tous les acteurs, usagers, salari\u00e9s et dirigeants pour construire des projets d&rsquo;\u00e9tablissements inclusifs, \u00e9volutifs et d\u00e9clin\u00e9s avec implication et engagement. Ce livre parle d&rsquo;\u00e9coute, de valorisation, de reconnaissance de tous les acteurs impliqu\u00e9s dans l&rsquo;accompagnement des personnes vuln\u00e9rables. (Pr\u00e9sentation de l\u2019\u00e9diteur)<\/p>\n<p>SCHNEIDER J. \u2013 JOUVET G.<\/p>\n<p>Edition l\u2019Harmattan<\/p>\n<p>2021- 184p.-<\/p>\n<p>257gr<\/p>\n<p>ISBN\u00a0: 978-2-343-22371-1<\/p>\n<p>Cote doc\u00a0: 6-20-SCH-H<\/p>\n<span class=\"et_bloom_bottom_trigger\"><\/span>","protected":false},"excerpt":{"rendered":"<p>Prenant en compte la Loi 2002-2 r\u00e9novant l&rsquo;action sociale, les deux auteurs saluent l&rsquo;intention du l\u00e9gislateur de promouvoir le droit et la participation des personnes en situation de handicap.<\/p>\n","protected":false},"featured_media":2927,"comment_status":"closed","ping_status":"closed","template":"","meta":{"_et_pb_use_builder":"","_et_pb_old_content":"","_et_gb_content_width":"","spay_email":""},"class_list":["post-2926","product","type-product","status-publish","has-post-thumbnail","hentry","product_cat-livres","product_tag-accompagnement","product_tag-autodetermination","product_tag-evaluation","product_tag-participation","product_tag-personne-handicapee","product_tag-reconnaissance","product_tag-valorisation"],"jetpack_sharing_enabled":true,"jetpack_likes_enabled":true,"_links":{"self":[{"href":"https:\/\/www.parthages.be\/eboutique\/wp-json\/wp\/v2\/product\/2926","targetHints":{"allow":["GET"]}}],"collection":[{"href":"https:\/\/www.parthages.be\/eboutique\/wp-json\/wp\/v2\/product"}],"about":[{"href":"https:\/\/www.parthages.be\/eboutique\/wp-json\/wp\/v2\/types\/product"}],"replies":[{"embeddable":true,"href":"https:\/\/www.parthages.be\/eboutique\/wp-json\/wp\/v2\/comments?post=2926"}],"wp:featuredmedia":[{"embeddable":true,"href":"https:\/\/www.parthages.be\/eboutique\/wp-json\/wp\/v2\/media\/2927"}],"wp:attachment":[{"href":"https:\/\/www.parthages.be\/eboutique\/wp-json\/wp\/v2\/media?parent=2926"}],"curies":[{"name":"wp","href":"https:\/\/api.w.org\/{rel}","templated":true}]}}