{"id":294,"date":"2013-01-31T14:46:46","date_gmt":"2013-01-31T13:46:46","guid":{"rendered":"https:\/\/www.parthages.be\/wordpress\/produit\/le-cri-de-nina\/"},"modified":"2022-04-05T14:45:12","modified_gmt":"2022-04-05T12:45:12","slug":"le-cri-de-nina","status":"publish","type":"product","link":"https:\/\/www.parthages.be\/eboutique\/produit\/le-cri-de-nina\/","title":{"rendered":"Le cri de Nina"},"content":{"rendered":"<p>Nina est la maman de Lise, jeune fille polyhandicap\u00e9e. Alors m\u00eame qu&rsquo;elle pensait avoir trouv\u00e9 un compromis avec sa col\u00e8re, son cri retentit dans l&rsquo;un de ses r\u00eaves. N&rsquo;ayant d&rsquo;autre issue que de se mettre \u00e0 l&rsquo;\u00e9coute d&rsquo;elle-m\u00eame, elle entreprend l&rsquo;exploration de ce cri, \u00e9cho de son profond silence. Ce voyage int\u00e9rieur va lui permettre de retrouver le calme. Au travers de cette exploration, Nina nous parle de son quotidien de parent d&rsquo;enfant handicap\u00e9. (Pr\u00e9sentation de l\u2019\u00e9diteur)<\/p>\n<p>SABY A.<\/p>\n<p>L&rsquo;Harmattan<\/p>\n<p>2012-60p.-10\u20ac<\/p>\n<p>90gr<\/p>\n<p>ISBN: 978-2-296-99161-3<\/p>\n<p>Cote doc:\u00a02-60-SAB-C<\/p>\n<span class=\"et_bloom_bottom_trigger\"><\/span>","protected":false},"excerpt":{"rendered":"<p>Nina est la maman de Lise, jeune fille polyhandicap\u00e9e.<\/p>\n","protected":false},"featured_media":293,"comment_status":"open","ping_status":"closed","template":"","meta":{"_et_pb_use_builder":"","_et_pb_old_content":"","_et_gb_content_width":"","spay_email":""},"class_list":["post-294","product","type-product","status-publish","has-post-thumbnail","hentry","product_cat-livres","product_tag-enfant-handicape","product_tag-parent","product_tag-polyhandicap","product_tag-relation-mere-fille","product_tag-relation-parent-enfant","product_tag-temoignage"],"jetpack_sharing_enabled":true,"jetpack_likes_enabled":true,"_links":{"self":[{"href":"https:\/\/www.parthages.be\/eboutique\/wp-json\/wp\/v2\/product\/294","targetHints":{"allow":["GET"]}}],"collection":[{"href":"https:\/\/www.parthages.be\/eboutique\/wp-json\/wp\/v2\/product"}],"about":[{"href":"https:\/\/www.parthages.be\/eboutique\/wp-json\/wp\/v2\/types\/product"}],"replies":[{"embeddable":true,"href":"https:\/\/www.parthages.be\/eboutique\/wp-json\/wp\/v2\/comments?post=294"}],"wp:featuredmedia":[{"embeddable":true,"href":"https:\/\/www.parthages.be\/eboutique\/wp-json\/wp\/v2\/media\/293"}],"wp:attachment":[{"href":"https:\/\/www.parthages.be\/eboutique\/wp-json\/wp\/v2\/media?parent=294"}],"curies":[{"name":"wp","href":"https:\/\/api.w.org\/{rel}","templated":true}]}}