{"id":2949,"date":"2023-05-09T08:46:31","date_gmt":"2023-05-09T06:46:31","guid":{"rendered":"https:\/\/www.parthages.be\/eboutique\/?post_type=product&#038;p=2949"},"modified":"2023-05-09T08:46:32","modified_gmt":"2023-05-09T06:46:32","slug":"accompagner-les-personnes-handicapees-a-domicile-une-vie-negociee","status":"publish","type":"product","link":"https:\/\/www.parthages.be\/eboutique\/produit\/accompagner-les-personnes-handicapees-a-domicile-une-vie-negociee\/","title":{"rendered":"Accompagner les personnes handicap\u00e9es \u00e0 domicile : une vie n\u00e9goci\u00e9e"},"content":{"rendered":"<p>Au cours des dix derni\u00e8res ann\u00e9es, la conception que se faisaient de l\u2019accompagnement les personnes handicap\u00e9es, leurs familles et les professionnels a profond\u00e9ment \u00e9volu\u00e9. Nous sommes pass\u00e9s du fait \u00ab\u00a0de s\u2019occuper de\u00a0\u00bb au \u00ab\u00a0prendre soin de\u00a0\u00bb puis \u00e0 l\u2019accompagnement, minorant, \u00e0 la demande des personnes elles-m\u00eames, la dimension exclusivement m\u00e9dicale ou curative de l\u2019accompagnement quotidien.<\/p>\n<p>Mais, au-del\u00e0 des mots, qu\u2019en est-il\u2009? Yves Lacroix a \u00e9t\u00e9 un observateur privil\u00e9gi\u00e9 et averti de cette r\u00e9volution des mentalit\u00e9s. Personne quadrapl\u00e9gique, \u00e9crivain, il a connu enfant la vie en famille, port\u00e9 par des parents qui avaient choisi de le traiter comme son fr\u00e8re. Il a \u00e9galement v\u00e9cu en institution, ce qui lui a permis d\u2019en exp\u00e9rimenter \u00e0 la fois la lourdeur et les dynamiques d\u2019ouverture et de libert\u00e9 lorsque les professionnels sont au service du projet personnel et collectif des personnes accueillies. Il a fait enfin, en pionnier, le choix du domicile durant plus de vingt-six ans.<\/p>\n<p>Cet ouvrage est le fruit de son exp\u00e9rience et une analyse, parfois cruelle, des accompagnements qu\u2019il a v\u00e9cus et aussi subis. P\u00e9dagogique et inventif \u00e0 la fois, ce livre propose une lecture personnelle de la relation singuli\u00e8re qui se noue entre la personne handicap\u00e9e et l\u2019aidant (que celui-ci travaille dans une institution ou au domicile). Car l\u2019accompagnement des personnes handicap\u00e9es d\u00e9pendantes interroge directement notre capacit\u00e9 \u00e0 mettre en \u0153uvre, sous la direction et en partenariat avec la personne concern\u00e9e, son projet de vie personnelle, sociale et\/ou professionnelle. De nombreux exemples concrets illustrent les dynamiques positives et n\u00e9gatives qui se jouent entre les deux acteurs.<\/p>\n<p>L\u2019ouvrage est structur\u00e9 en plusieurs parties qui donnent l\u2019occasion au lecteur de parcourir les th\u00e9matiques du regard, de la parole, du temps, et de la vie affective et sexuelle dans la relation d\u2019accompagnement. Il d\u00e9ploie aussi une r\u00e9flexion essentielle sur le regard port\u00e9 sur les personnes handicap\u00e9es, leur implication dans la soci\u00e9t\u00e9 et, in fine, leur citoyennet\u00e9.<br \/>\nLe livre s\u2019adresse \u00e0 toute personne, b\u00e9n\u00e9vole ou professionnelle, qui accompagne une ou des personnes handicap\u00e9es dans leur quotidien. (Pr\u00e9sentation de l\u2019\u00e9diteur)<\/p>\n<p>LACROIX Y.<\/p>\n<p>Editions\u00a0Chronique Sociale<\/p>\n<p>2008-284p.-400gr<\/p>\n<p>ISBN: 978-2-85008-710-3<\/p>\n<p>Cote doc\u00a0:4-00-LAC-A<\/p>\n<span class=\"et_bloom_bottom_trigger\"><\/span>","protected":false},"excerpt":{"rendered":"<p>Au cours des dix derni\u00e8res ann\u00e9es, la conception que se faisaient de l\u2019accompagnement les personnes handicap\u00e9es, leurs familles et les professionnels a profond\u00e9ment \u00e9volu\u00e9.<\/p>\n","protected":false},"featured_media":2950,"comment_status":"closed","ping_status":"closed","template":"","meta":{"_et_pb_use_builder":"","_et_pb_old_content":"","_et_gb_content_width":"","spay_email":""},"class_list":["post-2949","product","type-product","status-publish","has-post-thumbnail","hentry","product_cat-livres","product_tag-accompagnement","product_tag-aide","product_tag-aide-a-domicile","product_tag-handicap","product_tag-integration","product_tag-methode-pedagogique","product_tag-theorie"],"jetpack_sharing_enabled":true,"jetpack_likes_enabled":true,"_links":{"self":[{"href":"https:\/\/www.parthages.be\/eboutique\/wp-json\/wp\/v2\/product\/2949","targetHints":{"allow":["GET"]}}],"collection":[{"href":"https:\/\/www.parthages.be\/eboutique\/wp-json\/wp\/v2\/product"}],"about":[{"href":"https:\/\/www.parthages.be\/eboutique\/wp-json\/wp\/v2\/types\/product"}],"replies":[{"embeddable":true,"href":"https:\/\/www.parthages.be\/eboutique\/wp-json\/wp\/v2\/comments?post=2949"}],"wp:featuredmedia":[{"embeddable":true,"href":"https:\/\/www.parthages.be\/eboutique\/wp-json\/wp\/v2\/media\/2950"}],"wp:attachment":[{"href":"https:\/\/www.parthages.be\/eboutique\/wp-json\/wp\/v2\/media?parent=2949"}],"curies":[{"name":"wp","href":"https:\/\/api.w.org\/{rel}","templated":true}]}}