{"id":2957,"date":"2023-05-09T08:54:34","date_gmt":"2023-05-09T06:54:34","guid":{"rendered":"https:\/\/www.parthages.be\/eboutique\/?post_type=product&#038;p=2957"},"modified":"2023-05-09T08:54:35","modified_gmt":"2023-05-09T06:54:35","slug":"psycholinguistique-du-handicap-mental","status":"publish","type":"product","link":"https:\/\/www.parthages.be\/eboutique\/produit\/psycholinguistique-du-handicap-mental\/","title":{"rendered":"Psycholinguistique du handicap mental"},"content":{"rendered":"<p>Il est d\u00e9sormais possible de proposer un compte rendu syst\u00e9matique des probl\u00e8mes de langage dans les principaux syndromes g\u00e9n\u00e9tiques cong\u00e9nitaux du handicap mental ainsi que leur assise neurog\u00e9n\u00e9tique. C&rsquo;est \u00e0 cet objectif que s&rsquo;est attach\u00e9 l&rsquo;auteur.<\/p>\n<p>Il est d\u00e9sormais possible gr\u00e2ce aux recherches des derni\u00e8res d\u00e9cennies et en se fondant sur les mod\u00e8les psycholinguistiques de proposer un compte rendu syst\u00e9matique des probl\u00e8mes de langage dans les principaux syndromes g\u00e9n\u00e9tiques cong\u00e9nitaux du handicap mental ainsi que leur assise neurog\u00e9n\u00e9tique.<\/p>\n<p>C&rsquo;est \u00e0 cet objectif que s&rsquo;est attach\u00e9 l&rsquo;auteur. Il y jette les bases d&rsquo;une th\u00e9orie explicative des difficult\u00e9s du d\u00e9veloppement et du fonctionnement langagier chez les personnes porteuses de ces syndromes ce qui permet d&rsquo;envisager la d\u00e9marche habilitative d&rsquo;une fa\u00e7on d\u00e9ductive, soit avec la perspective d&rsquo;une efficacit\u00e9 accrue.<\/p>\n<p>L&rsquo;ouvrage traite \u00e9galement de la sp\u00e9cificit\u00e9 intersyndromique et des importantes diff\u00e9rences interindividuelles existant dans le domaine. (Pr\u00e9sentation de l\u2019\u00e9diteur)<\/p>\n<p>RONDAL J-A<\/p>\n<p>Solal \u00e9diteur<\/p>\n<p>2009- 178p.- 352gr<\/p>\n<p>ISBN\u00a0: 978-2-35327-067-5<\/p>\n<p>Cote doc\u00a0: 3-30-RON-P<\/p>\n<span class=\"et_bloom_bottom_trigger\"><\/span>","protected":false},"excerpt":{"rendered":"<p>Il est d\u00e9sormais possible de proposer un compte rendu syst\u00e9matique des probl\u00e8mes de langage dans les principaux syndromes g\u00e9n\u00e9tiques cong\u00e9nitaux du handicap mental ainsi que leur assise neurog\u00e9n\u00e9tique. C&rsquo;est \u00e0 cet objectif que s&rsquo;est attach\u00e9 l&rsquo;auteur.<\/p>\n","protected":false},"featured_media":2958,"comment_status":"closed","ping_status":"closed","template":"","meta":{"_et_pb_use_builder":"","_et_pb_old_content":"","_et_gb_content_width":"","spay_email":""},"class_list":["post-2957","product","type-product","status-publish","has-post-thumbnail","hentry","product_cat-livres","product_tag-cause","product_tag-developpement-du-langage","product_tag-genetique","product_tag-langage","product_tag-linguistique","product_tag-personne-handicapee","product_tag-syndrome","product_tag-theorie"],"jetpack_sharing_enabled":true,"jetpack_likes_enabled":true,"_links":{"self":[{"href":"https:\/\/www.parthages.be\/eboutique\/wp-json\/wp\/v2\/product\/2957","targetHints":{"allow":["GET"]}}],"collection":[{"href":"https:\/\/www.parthages.be\/eboutique\/wp-json\/wp\/v2\/product"}],"about":[{"href":"https:\/\/www.parthages.be\/eboutique\/wp-json\/wp\/v2\/types\/product"}],"replies":[{"embeddable":true,"href":"https:\/\/www.parthages.be\/eboutique\/wp-json\/wp\/v2\/comments?post=2957"}],"wp:featuredmedia":[{"embeddable":true,"href":"https:\/\/www.parthages.be\/eboutique\/wp-json\/wp\/v2\/media\/2958"}],"wp:attachment":[{"href":"https:\/\/www.parthages.be\/eboutique\/wp-json\/wp\/v2\/media?parent=2957"}],"curies":[{"name":"wp","href":"https:\/\/api.w.org\/{rel}","templated":true}]}}