{"id":296,"date":"2013-01-31T14:49:18","date_gmt":"2013-01-31T13:49:18","guid":{"rendered":"https:\/\/www.parthages.be\/wordpress\/produit\/l-autisme-de-l-enfance-a-l-age-adulte\/"},"modified":"2022-07-26T08:15:44","modified_gmt":"2022-07-26T06:15:44","slug":"l-autisme-de-l-enfance-a-l-age-adulte","status":"publish","type":"product","link":"https:\/\/www.parthages.be\/eboutique\/produit\/l-autisme-de-l-enfance-a-l-age-adulte\/","title":{"rendered":"L&rsquo;autisme : De l&rsquo;enfance \u00e0 l&rsquo;\u00e2ge adulte"},"content":{"rendered":"<p>Longtemps m\u00e9connu, ignor\u00e9, mal compris, l&rsquo;autisme fait actuellement l&rsquo;objet de nouvelles d\u00e9finitions et de nouvelles approches th\u00e9rapeutiques concernant sa forme chez l&rsquo;enfant et, surtout, sa forme chez l&rsquo;adulte, que la pathologie soit de r\u00e9v\u00e9lation tardive ou qu&rsquo;elle s&rsquo;inscrive dans le parcours du patient depuis son enfance. Ainsi, une attention particuli\u00e8re est actuellement port\u00e9e sur les m\u00e9canismes \u00e0 l&rsquo;origine de la maladie, sur la s\u00e9miologie, la prise en charge m\u00e9dicale, mais aussi sociale, pour accompagner au mieux les personnes avec autisme et leur famille.<\/p>\n<p>Fruit d&rsquo;une longue exp\u00e9rience clinique des auteurs et de leur implication dans la recherche, cet ouvrage pr\u00e9sente en cinq parties :<\/p>\n<p>&#8211; l&rsquo;historique, le mod\u00e8le neurod\u00e9veloppemental et la physiopathologie g\u00e9n\u00e9tique,<\/p>\n<p>&#8211; la s\u00e9miologie chez l&rsquo;enfant, l&rsquo;adolescent et l&rsquo;adulte,<\/p>\n<p>&#8211; les examens cliniques et les explorations fonctionnelles pour diagnostic, n\u00e9cessitant une collaboration pluridisciplinaire,<\/p>\n<p>&#8211; la th\u00e9rapeutique et l&rsquo;accompagnement depuis l&rsquo;enfance jusqu&rsquo;\u00e0 l&rsquo;\u00e2ge adulte,<\/p>\n<p>&#8211; les strat\u00e9gies et les outils d&rsquo;exploration clinique et neurofonctionnelle pour la recherche.<\/p>\n<p>Les auteurs, tous choisis pour leur exp\u00e9rience dans le domaine, ont travaill\u00e9 sous la direction des Professeurs Catherine Barth\u00e9l\u00e9my et Fr\u00e9d\u00e9rique Bonnet-Brilhaut du Centre Universitaire de P\u00e9dopsychiatrie du CHRU de Tours.<\/p>\n<p>Cet ouvrage de r\u00e9f\u00e9rence est destin\u00e9 aux psychiatres, aux p\u00e9dopsychiatres, aux internes de la sp\u00e9cialit\u00e9, aux psychologues et \u00e0 tous les professionnels de la sant\u00e9 et du secteur social engag\u00e9s dans la prise en charge des patients avec autisme&#8230;<\/p>\n<p>BARTHELEMY C.- BONNET-BRILHAUT F.<\/p>\n<p>2012-205p.<\/p>\n<p>ISBN: 978-2-257-20399-1<\/p>\n<p>Cote doc: 1-70-BAR-A<\/p>\n<p><strong><em>Uniquement \u00e0 la location<\/em><\/strong><\/p>\n<span class=\"et_bloom_bottom_trigger\"><\/span>","protected":false},"excerpt":{"rendered":"<p>Longtemps m\u00e9connu, ignor\u00e9, mal compris, l&rsquo;autisme fait actuellement l&rsquo;objet de nouvelles d\u00e9finitions et de nouvelles approches th\u00e9rapeutiques. Fruit d&rsquo;une longue exp\u00e9rience clinique des auteurs et de leur implication dans la recherche, cet ouvrage pr\u00e9sente en cinq parties :<\/p>\n","protected":false},"featured_media":295,"comment_status":"open","ping_status":"closed","template":"","meta":{"_et_pb_use_builder":"","_et_pb_old_content":"","_et_gb_content_width":"","spay_email":""},"class_list":["post-296","product","type-product","status-publish","has-post-thumbnail","hentry","product_cat-livres","product_tag-adulte","product_tag-autisme","product_tag-diagnostic","product_tag-enfance","product_tag-evaluation","product_tag-examen-medical","product_tag-historique","product_tag-psychiatrie","product_tag-semiologie"],"jetpack_sharing_enabled":true,"jetpack_likes_enabled":true,"_links":{"self":[{"href":"https:\/\/www.parthages.be\/eboutique\/wp-json\/wp\/v2\/product\/296","targetHints":{"allow":["GET"]}}],"collection":[{"href":"https:\/\/www.parthages.be\/eboutique\/wp-json\/wp\/v2\/product"}],"about":[{"href":"https:\/\/www.parthages.be\/eboutique\/wp-json\/wp\/v2\/types\/product"}],"replies":[{"embeddable":true,"href":"https:\/\/www.parthages.be\/eboutique\/wp-json\/wp\/v2\/comments?post=296"}],"wp:featuredmedia":[{"embeddable":true,"href":"https:\/\/www.parthages.be\/eboutique\/wp-json\/wp\/v2\/media\/295"}],"wp:attachment":[{"href":"https:\/\/www.parthages.be\/eboutique\/wp-json\/wp\/v2\/media?parent=296"}],"curies":[{"name":"wp","href":"https:\/\/api.w.org\/{rel}","templated":true}]}}