{"id":2984,"date":"2023-09-12T11:41:07","date_gmt":"2023-09-12T09:41:07","guid":{"rendered":"https:\/\/www.parthages.be\/eboutique\/?post_type=product&#038;p=2984"},"modified":"2024-02-19T14:23:09","modified_gmt":"2024-02-19T13:23:09","slug":"sexualite-et-handicap-dix-fausses-bonnes-idees","status":"publish","type":"product","link":"https:\/\/www.parthages.be\/eboutique\/produit\/sexualite-et-handicap-dix-fausses-bonnes-idees\/","title":{"rendered":"Sexualit\u00e9 et handicap.  Dix fausses bonnes id\u00e9es"},"content":{"rendered":"<p>Sexualit\u00e9 et handicaps ! Compatibles ou pas ? Si la r\u00e9ponse sociale est oui, les atermoiements qui persistent chez les accompagnateurs, familiaux ou professionnels, t\u00e9moignent chez eux de la persistance d&rsquo;un scepticisme ou m\u00eame d&rsquo;une crainte \u00e0 ce sujet : celle que les personnes en situation de handicap seraient incapables de b\u00e9n\u00e9ficier du m\u00eame acc\u00e8s que tous aux projets sexuels en cours dans notre soci\u00e9t\u00e9. Or, convenablement \u00e9duqu\u00e9es comme elles le sont depuis les ann\u00e9es 1970-1980, elles ont plut\u00f4t d\u00e9montr\u00e9 des aspirations coh\u00e9rentes et des comp\u00e9tences dans ce domaine. Du moins celles qui ont les capacit\u00e9s relationnelles suffisantes. Malgr\u00e9 cela, l&rsquo;environnement reste \u00e0 la recherche d&rsquo;une \u00e9ducation sexuelle adapt\u00e9e et efficace, un peu magique, qui permettrait de faire dispara\u00eetre tous les risques pourtant inh\u00e9rents aux pratiques sexuelles. Ce qui implique l&rsquo;existence tout \u00e0 fait imaginaire et inqui\u00e9tante d&rsquo;une sexualit\u00e9 transparente. Finalement, la transmission de savoirs et de comp\u00e9tences, de type \u00e9ducation sexuelle, est assez simple et les personnes en situation de handicap y r\u00e9pondent bien. Ce sont les possibilit\u00e9s d&rsquo;exp\u00e9rimentation qui leur manquent. Les premi\u00e8res bases \u00e0 leur donner sont celles des capacit\u00e9s \u00e0 s&rsquo;inscrire dans des relations quotidiennes respectueuses fond\u00e9es sur la r\u00e9ciprocit\u00e9. Il faut accepter que les autres nous \u00e9chappent et exp\u00e9rimentent. Qu&rsquo;ils se frottent \u00e0 la r\u00e9alit\u00e9, quitte \u00e0 s&rsquo;y piquer. (Pr\u00e9sentation de l\u2019\u00e9diteur)<br \/>\nVAGINAY D.<br \/>\nEditions Chronique Sociale<br \/>\n2023- 109p.-<br \/>\n120gr<br \/>\nISBN\u00a0: 978-2-36717-904-9<br \/>\nCote doc\u00a0: 4-20-VAG-S<\/p>\n<span class=\"et_bloom_bottom_trigger\"><\/span>","protected":false},"excerpt":{"rendered":"<p>Sexualit\u00e9 et handicaps ! Compatibles ou pas ? Si la r\u00e9ponse sociale est oui, les atermoiements qui persistent chez les accompagnateurs, familiaux ou professionnels, t\u00e9moignent chez eux de la persistance d&rsquo;un scepticisme ou m\u00eame d&rsquo;une crainte \u00e0 ce sujet<\/p>\n","protected":false},"featured_media":2985,"comment_status":"closed","ping_status":"closed","template":"","meta":{"_et_pb_use_builder":"","_et_pb_old_content":"","_et_gb_content_width":"","spay_email":""},"class_list":["post-2984","product","type-product","status-publish","has-post-thumbnail","hentry","product_cat-livres","product_tag-accompagnement","product_tag-autodetermination","product_tag-deficience-intellectuelle","product_tag-developpement","product_tag-developpement-cognitif","product_tag-evolution","product_tag-liberte","product_tag-personne-handicapee","product_tag-relationnel","product_tag-sexualite"],"jetpack_sharing_enabled":true,"jetpack_likes_enabled":true,"_links":{"self":[{"href":"https:\/\/www.parthages.be\/eboutique\/wp-json\/wp\/v2\/product\/2984","targetHints":{"allow":["GET"]}}],"collection":[{"href":"https:\/\/www.parthages.be\/eboutique\/wp-json\/wp\/v2\/product"}],"about":[{"href":"https:\/\/www.parthages.be\/eboutique\/wp-json\/wp\/v2\/types\/product"}],"replies":[{"embeddable":true,"href":"https:\/\/www.parthages.be\/eboutique\/wp-json\/wp\/v2\/comments?post=2984"}],"wp:featuredmedia":[{"embeddable":true,"href":"https:\/\/www.parthages.be\/eboutique\/wp-json\/wp\/v2\/media\/2985"}],"wp:attachment":[{"href":"https:\/\/www.parthages.be\/eboutique\/wp-json\/wp\/v2\/media?parent=2984"}],"curies":[{"name":"wp","href":"https:\/\/api.w.org\/{rel}","templated":true}]}}