{"id":304,"date":"2013-04-04T14:19:37","date_gmt":"2013-04-04T12:19:37","guid":{"rendered":"https:\/\/www.parthages.be\/wordpress\/produit\/se-soigner-et-bien-vieillir-sans-se-ruiner\/"},"modified":"2022-09-13T11:38:37","modified_gmt":"2022-09-13T09:38:37","slug":"se-soigner-et-bien-vieillir-sans-se-ruiner","status":"publish","type":"product","link":"https:\/\/www.parthages.be\/eboutique\/produit\/se-soigner-et-bien-vieillir-sans-se-ruiner\/","title":{"rendered":"Se soigner et bien vieillir sans se ruiner"},"content":{"rendered":"<p>Le syst\u00e8me de sant\u00e9 fran\u00e7ais est depuis peu d\u00e9pass\u00e9 dans les classements internationaux par celui de certains pays voisins, et aggrave par son d\u00e9ficit chronique la dette de l&rsquo;\u00c9tat. Faut-il alors repenser le syst\u00e8me fran\u00e7ais?<\/p>\n<p>Le particulier, qui a d\u00fb cotiser toute sa vie sur son travail de fa\u00e7on obligatoire, doit faire face \u00e0 trois peines aujourd&rsquo;hui. La premi\u00e8re est celle des d\u00e9penses qui restent \u00e0 sa charge et qui augmentent sans arr\u00eat. S&rsquo;il a des parents \u00e2g\u00e9s, il devra aussi contribuer financi\u00e8rement \u00e0 leur h\u00e9bergement en \u00e9tablissements sp\u00e9cialis\u00e9s en cas de d\u00e9pendance. Enfin, des millions de personnes en France se voient exclues d&rsquo;une couverture suffisante pour faire face \u00e0 ce droit de l&rsquo;homme pourtant inscrit depuis 1948 dans la D\u00e9claration universelle.<\/p>\n<p>Car elles t\u00e9moignent de notre engagement envers le bien-\u00eatre des g\u00e9n\u00e9rations de demain, la sant\u00e9 et sa gestion par les services publics sont au coeur des r\u00e9flexions actuelles. Se penchant sur le cas de la France et d&rsquo;autres pays occidentaux, Hubert D\u00e9chy et Camille Dravet livrent une analyse solidement document\u00e9e des syst\u00e8mes de sant\u00e9 et de s\u00e9curit\u00e9 sociale, en d\u00e9noncent les d\u00e9rives alarmantes, et sugg\u00e8rent de nouvelles pistes pour recouvrer ce qui faisait la qualit\u00e9 et la singularit\u00e9 de l&rsquo;exemple hexagonal. Plus encore qu&rsquo;une \u00e9tude \u00e9difiante, un cri d&rsquo;alerte.<\/p>\n<p>DRAVET C.- DECHY H.<\/p>\n<p>Editions Publibook<\/p>\n<p>2013- 114p.-200gr- 16\u20ac<\/p>\n<p>ISBN: 978-2-342-00222-5<\/p>\n<p>Cote doc: 1-10-DRA-S<\/p>\n<span class=\"et_bloom_bottom_trigger\"><\/span>","protected":false},"excerpt":{"rendered":"<p>Le syst\u00e8me de sant\u00e9 fran\u00e7ais est depuis peu d\u00e9pass\u00e9 dans les classements internationaux par celui de certains pays voisins, et aggrave par son d\u00e9ficit chronique la dette de l&rsquo;\u00c9tat. Faut-il alors repenser le syst\u00e8me fran\u00e7ais?<\/p>\n","protected":false},"featured_media":303,"comment_status":"open","ping_status":"closed","template":"","meta":{"_et_pb_use_builder":"","_et_pb_old_content":"","_et_gb_content_width":"","spay_email":""},"class_list":["post-304","product","type-product","status-publish","has-post-thumbnail","hentry","product_cat-livres","product_tag-acces-aux-services","product_tag-depense-de-sante","product_tag-evolution","product_tag-sante"],"jetpack_sharing_enabled":true,"jetpack_likes_enabled":true,"_links":{"self":[{"href":"https:\/\/www.parthages.be\/eboutique\/wp-json\/wp\/v2\/product\/304","targetHints":{"allow":["GET"]}}],"collection":[{"href":"https:\/\/www.parthages.be\/eboutique\/wp-json\/wp\/v2\/product"}],"about":[{"href":"https:\/\/www.parthages.be\/eboutique\/wp-json\/wp\/v2\/types\/product"}],"replies":[{"embeddable":true,"href":"https:\/\/www.parthages.be\/eboutique\/wp-json\/wp\/v2\/comments?post=304"}],"wp:featuredmedia":[{"embeddable":true,"href":"https:\/\/www.parthages.be\/eboutique\/wp-json\/wp\/v2\/media\/303"}],"wp:attachment":[{"href":"https:\/\/www.parthages.be\/eboutique\/wp-json\/wp\/v2\/media?parent=304"}],"curies":[{"name":"wp","href":"https:\/\/api.w.org\/{rel}","templated":true}]}}