{"id":3133,"date":"2025-03-19T18:16:18","date_gmt":"2025-03-19T17:16:18","guid":{"rendered":"https:\/\/www.parthages.be\/eboutique\/?post_type=product&#038;p=3133"},"modified":"2025-03-19T18:16:19","modified_gmt":"2025-03-19T17:16:19","slug":"les-troubles-dys-chez-ladulte-faites-de-votre-difference-une-force","status":"publish","type":"product","link":"https:\/\/www.parthages.be\/eboutique\/produit\/les-troubles-dys-chez-ladulte-faites-de-votre-difference-une-force\/","title":{"rendered":"Les troubles DYS chez l\u2019adulte : faites de votre diff\u00e9rence une force !"},"content":{"rendered":"<p data-start=\"79\" data-end=\"525\">Quels qu&rsquo;ils soient, les troubles dys ne disparaissent pas avec l&rsquo;\u00e2ge. Pourtant, si la litt\u00e9rature \u00e0 ce sujet est abondante pour l&rsquo;enfant, il manque cruellement d&rsquo;ouvrages de r\u00e9f\u00e9rence concernant les troubles dys chez l&rsquo;adulte. Alors, quels obstacles et difficult\u00e9s les adultes dys ont-ils quotidiennement \u00e0 affronter ? Et quelles sont leurs forces insoup\u00e7onn\u00e9es qui n&rsquo;attendent qu&rsquo;\u00e0 \u00eatre valoris\u00e9es dans un cadre tant priv\u00e9 que professionnel ?<\/p>\n<h3 data-start=\"527\" data-end=\"562\">Un guide accessible et adapt\u00e9<\/h3>\n<p data-start=\"564\" data-end=\"781\">Carol Valet, Carol Nelson et Claudine Gard\u00e8res, sp\u00e9cialistes en troubles dys et praticiennes de la m\u00e9thode Davis\u00ae, proposent un ouvrage accessible et adapt\u00e9 qui explore les atouts et les difficult\u00e9s des adultes dys.<\/p>\n<p data-start=\"783\" data-end=\"863\">\u00c0 travers des t\u00e9moignages, des illustrations et des sch\u00e9mas, ce livre vise \u00e0 :<\/p>\n<ul data-start=\"864\" data-end=\"1039\">\n<li data-start=\"864\" data-end=\"903\">Redonner confiance aux adultes Dys.<\/li>\n<li data-start=\"904\" data-end=\"964\">Les aider \u00e0 comprendre tous les aspects de leur trouble.<\/li>\n<li data-start=\"965\" data-end=\"1039\">Leur permettre de trouver des solutions pour am\u00e9liorer leur bien-\u00eatre.<\/li>\n<\/ul>\n<h3 data-start=\"1041\" data-end=\"1094\">Un outil pour les adultes Dys et leur entourage<\/h3>\n<p data-start=\"1096\" data-end=\"1288\">Cet ouvrage est \u00e9galement destin\u00e9 \u00e0 l&rsquo;entourage, priv\u00e9 ou professionnel, afin de mieux comprendre l&rsquo;univers des Dys et d&rsquo;encourager des ajustements n\u00e9cessaires pour am\u00e9liorer leur quotidien.<\/p>\n<p data-start=\"1290\" data-end=\"1319\"><em data-start=\"1290\" data-end=\"1317\">Pr\u00e9sentation de l&rsquo;\u00e9diteur<\/em><\/p>\n<hr data-start=\"1321\" data-end=\"1326\" \/>\n<ul data-start=\"1328\" data-end=\"1671\" data-is-last-node=\"\" data-is-only-node=\"\">\n<li data-start=\"1328\" data-end=\"1378\"><strong data-start=\"1330\" data-end=\"1343\">Auteurs :<\/strong> VALET C., NELSON C., GARD\u00c8RES C.<\/li>\n<li data-start=\"1379\" data-end=\"1410\"><strong data-start=\"1381\" data-end=\"1394\">\u00c9diteur :<\/strong> Mardaga, 2022<\/li>\n<li data-start=\"1411\" data-end=\"1443\"><strong data-start=\"1413\" data-end=\"1423\">ISBN :<\/strong> 978-2-80472-44-36<\/li>\n<li data-start=\"1444\" data-end=\"1482\"><strong data-start=\"1446\" data-end=\"1469\">Cote documentaire :<\/strong> 2-20-VAL-D<\/li>\n<li data-start=\"1483\" data-end=\"1504\"><strong data-start=\"1485\" data-end=\"1496\">Poids :<\/strong> 225 g<\/li>\n<li data-start=\"1505\" data-end=\"1530\"><strong data-start=\"1507\" data-end=\"1518\">Pages :<\/strong> 160 pages<\/li>\n<\/ul>\n<span class=\"et_bloom_bottom_trigger\"><\/span>","protected":false},"excerpt":{"rendered":"<p>Un guide pratique pour adultes Dys et leur entourage, avec t\u00e9moignages, solutions et conseils pour mieux vivre avec la dyslexie, la dyspraxie, le TDA et plus encore.<\/p>\n<p>&nbsp;<\/p>\n","protected":false},"featured_media":3134,"comment_status":"closed","ping_status":"closed","template":"","meta":{"_et_pb_use_builder":"","_et_pb_old_content":"","_et_gb_content_width":"","spay_email":""},"class_list":["post-3133","product","type-product","status-publish","has-post-thumbnail","hentry","product_cat-livres","product_tag-adulte","product_tag-aptitude","product_tag-capacite-cognitive","product_tag-dyslexie","product_tag-dysphasie","product_tag-dyspraxie","product_tag-personne-handicapee","product_tag-tda","product_tag-temoignage","product_tag-troubles-dys"],"jetpack_sharing_enabled":true,"jetpack_likes_enabled":true,"_links":{"self":[{"href":"https:\/\/www.parthages.be\/eboutique\/wp-json\/wp\/v2\/product\/3133","targetHints":{"allow":["GET"]}}],"collection":[{"href":"https:\/\/www.parthages.be\/eboutique\/wp-json\/wp\/v2\/product"}],"about":[{"href":"https:\/\/www.parthages.be\/eboutique\/wp-json\/wp\/v2\/types\/product"}],"replies":[{"embeddable":true,"href":"https:\/\/www.parthages.be\/eboutique\/wp-json\/wp\/v2\/comments?post=3133"}],"wp:featuredmedia":[{"embeddable":true,"href":"https:\/\/www.parthages.be\/eboutique\/wp-json\/wp\/v2\/media\/3134"}],"wp:attachment":[{"href":"https:\/\/www.parthages.be\/eboutique\/wp-json\/wp\/v2\/media?parent=3133"}],"curies":[{"name":"wp","href":"https:\/\/api.w.org\/{rel}","templated":true}]}}