{"id":3159,"date":"2025-09-09T11:49:00","date_gmt":"2025-09-09T09:49:00","guid":{"rendered":"https:\/\/www.parthages.be\/eboutique\/?post_type=product&#038;p=3159"},"modified":"2025-09-09T11:49:01","modified_gmt":"2025-09-09T09:49:01","slug":"de-la-raison-inclusive-a-une-ethique-de-la-reconnaissance","status":"publish","type":"product","link":"https:\/\/www.parthages.be\/eboutique\/produit\/de-la-raison-inclusive-a-une-ethique-de-la-reconnaissance\/","title":{"rendered":"De la raison inclusive \u00e0 une \u00e9thique de la reconnaissance"},"content":{"rendered":"<p data-start=\"188\" data-end=\"798\">Les \u00e9volutions sont sensibles dans les repr\u00e9sentations, les institutions et les pratiques concernant les personnes en situation de handicap. Les enfants autrefois d\u00e9nomm\u00e9s \u00ab\u00a0inadapt\u00e9s\u00a0\u00bb peuvent fr\u00e9quenter des classes ordinaires et b\u00e9n\u00e9ficier de mesures sp\u00e9cifiques d&rsquo;accompagnement. Mais sommes-nous clairement parvenus \u00e0 des changements tels qu&rsquo;ils \u00e9limineraient les ph\u00e9nom\u00e8nes de s\u00e9gr\u00e9gation et de discrimination ? D\u00e9velopper une critique de la raison inclusive vise \u00e0 rep\u00e9rer les illusions de l&rsquo;inclusion, \u00e0 montrer les points d&rsquo;achoppement et \u00e0 d\u00e9finir des conditions de possibilit\u00e9 de l&rsquo;\u00e9ducation inclusive.<\/p>\n<p data-start=\"800\" data-end=\"1319\">La r\u00e9f\u00e9rence \u00e0 la raison critique s&rsquo;appuie sur l&rsquo;h\u00e9ritage philosophique d&rsquo;Emmanuel Kant et sur le concept de reconnaissance, d\u00e9velopp\u00e9 par Axel Honneth, pour d\u00e9gager des pistes d&rsquo;action et d\u00e9fendre une utopie en actes. \u00c9ric Plaisance porte son attention \u00e0 la fois sur le vocabulaire employ\u00e9, qui t\u00e9moigne toujours des structures de pens\u00e9e, sur les institutions et les pratiques d&rsquo;\u00e9ducation, avec un regard particulier sur les r\u00e9alit\u00e9s internationales et, plus pr\u00e9cis\u00e9ment, sur le Br\u00e9sil.<br data-start=\"1287\" data-end=\"1290\" \/><em data-start=\"1290\" data-end=\"1319\">(Pr\u00e9sentation de l\u2019\u00e9diteur)<\/em><\/p>\n<hr data-start=\"1321\" data-end=\"1324\" \/>\n<ul data-start=\"1326\" data-end=\"1605\">\n<li data-start=\"1326\" data-end=\"1355\">\n<p data-start=\"1328\" data-end=\"1355\"><strong data-start=\"1328\" data-end=\"1340\">Auteur :<\/strong> PLAISANCE E.<\/p>\n<\/li>\n<li data-start=\"1356\" data-end=\"1393\">\n<p data-start=\"1358\" data-end=\"1393\"><strong data-start=\"1358\" data-end=\"1371\">\u00c9diteur :<\/strong> \u00c9ditions \u00c9r\u00e8s, 2025<\/p>\n<\/li>\n<li data-start=\"1394\" data-end=\"1426\">\n<p data-start=\"1396\" data-end=\"1426\"><strong data-start=\"1396\" data-end=\"1406\">ISBN :<\/strong> 978-2-7492-8281-7<\/p>\n<\/li>\n<li data-start=\"1427\" data-end=\"1465\">\n<p data-start=\"1429\" data-end=\"1465\"><strong data-start=\"1429\" data-end=\"1452\">Cote documentaire :<\/strong> 7-10-PLA-R<\/p>\n<\/li>\n<li data-start=\"1466\" data-end=\"1487\">\n<p data-start=\"1468\" data-end=\"1487\"><strong data-start=\"1468\" data-end=\"1479\">Poids :<\/strong> 200 g<\/p>\n<\/li>\n<li data-start=\"1488\" data-end=\"1513\">\n<p data-start=\"1490\" data-end=\"1513\"><strong data-start=\"1490\" data-end=\"1501\">Pages :<\/strong> 168 pages<\/p>\n<\/li>\n<\/ul>\n<span class=\"et_bloom_bottom_trigger\"><\/span>","protected":false},"excerpt":{"rendered":"<p>Essai \u00e9ducatif et philosophique sur l\u2019inclusion scolaire des personnes handicap\u00e9es, les obstacles syst\u00e9miques, les enjeux \u00e9thiques et la reconnaissance institutionnelle. Une analyse internationale avec un focus sur le Br\u00e9sil.<\/p>\n","protected":false},"featured_media":3160,"comment_status":"closed","ping_status":"closed","template":"","meta":{"_et_pb_use_builder":"","_et_pb_old_content":"","_et_gb_content_width":"","spay_email":""},"class_list":["post-3159","product","type-product","status-publish","has-post-thumbnail","hentry","product_cat-livres","product_tag-accompagnement","product_tag-ethique","product_tag-inclusion","product_tag-personne-handicapee","product_tag-reconnaissance"],"jetpack_sharing_enabled":true,"jetpack_likes_enabled":true,"_links":{"self":[{"href":"https:\/\/www.parthages.be\/eboutique\/wp-json\/wp\/v2\/product\/3159","targetHints":{"allow":["GET"]}}],"collection":[{"href":"https:\/\/www.parthages.be\/eboutique\/wp-json\/wp\/v2\/product"}],"about":[{"href":"https:\/\/www.parthages.be\/eboutique\/wp-json\/wp\/v2\/types\/product"}],"replies":[{"embeddable":true,"href":"https:\/\/www.parthages.be\/eboutique\/wp-json\/wp\/v2\/comments?post=3159"}],"wp:featuredmedia":[{"embeddable":true,"href":"https:\/\/www.parthages.be\/eboutique\/wp-json\/wp\/v2\/media\/3160"}],"wp:attachment":[{"href":"https:\/\/www.parthages.be\/eboutique\/wp-json\/wp\/v2\/media?parent=3159"}],"curies":[{"name":"wp","href":"https:\/\/api.w.org\/{rel}","templated":true}]}}