{"id":334,"date":"2013-06-10T13:43:59","date_gmt":"2013-06-10T11:43:59","guid":{"rendered":"https:\/\/www.parthages.be\/wordpress\/produit\/mon-cerveau-ne-m-ecoute-pas-comprendre-et-aider-l-enfant-dyspraxique\/"},"modified":"2022-05-16T21:06:18","modified_gmt":"2022-05-16T19:06:18","slug":"mon-cerveau-ne-m-ecoute-pas-comprendre-et-aider-l-enfant-dyspraxique","status":"publish","type":"product","link":"https:\/\/www.parthages.be\/eboutique\/produit\/mon-cerveau-ne-m-ecoute-pas-comprendre-et-aider-l-enfant-dyspraxique\/","title":{"rendered":"Mon cerveau ne m&rsquo;\u00e9coute pas: comprendre et aider l&rsquo;enfant dyspraxique"},"content":{"rendered":"<p style=\"margin-bottom: 0cm;\"><span lang=\"fr-BE\">La dyspraxie, estime-t-on, touche environ 6 % des enfants. Il s&rsquo;agit d&rsquo;un trouble de la planification et de la coordination des mouvements n\u00e9cessaires pour r\u00e9aliser une action nouvelle, orient\u00e9e vers un but pr\u00e9cis. Ainsi, un enfant dyspraxique met souvent ses v\u00eatements \u00e0 l&rsquo;envers et son \u00e9criture, malgr\u00e9 tous ses efforts, demeure ardue et maladroite. <\/span><\/p>\n<p style=\"margin-bottom: 0cm;\"><span lang=\"fr-BE\">R\u00e9dig\u00e9 dans un style clair, cet ouvrage propose une conception globale des multiples aspects du soutien \u00e0 l&rsquo;enfant dyspraxique. De l&rsquo;annonce du diagnostic jusqu&rsquo;\u00e0 l&rsquo;adolescence, les auteurs pr\u00e9sentent les d\u00e9fis de la vie quotidienne et de l&rsquo;apprentissage scolaire ainsi que des interventions de r\u00e9adaptation. Sont ainsi donn\u00e9es de pr\u00e9cieuses cl\u00e9s pour mettre en \u0153uvre un accompagnement sur mesure. \u00ab Parler ouvertement de la dyspraxie \u00e0 la maison, dans la famille, \u00e0 l&rsquo;\u00e9cole, contribue \u00e0 d\u00e9dramatiser le handicap et \u00e0 valoriser l&rsquo;enfant tel qu&rsquo;il est. \u00bb (Pr\u00e9sentation de l&rsquo;\u00e9diteur)<\/span><\/p>\n<p style=\"margin-bottom: 0cm;\"><span lang=\"fr-BE\">BRETON S.- LEGER F..<\/span><\/p>\n<p style=\"margin-bottom: 0cm;\"><span lang=\"fr-BE\">CHU Sainte-Justine<\/span><\/p>\n<p style=\"margin-bottom: 0cm;\"><span lang=\"fr-BE\">2007- 178p.-200gr-<br \/>\n<\/span><\/p>\n<p style=\"margin-bottom: 0cm;\"><span lang=\"fr-BE\">ISBN:<\/span> <span lang=\"fr-BE\">978-2-89619-081-2<\/span><\/p>\n<p style=\"margin-bottom: 0cm;\"><span lang=\"fr-BE\">\u00a0<\/span><\/p>\n<span class=\"et_bloom_bottom_trigger\"><\/span>","protected":false},"excerpt":{"rendered":"<p style=\"margin-bottom: 0cm;\"><span lang=\"fr-BE\">La dyspraxie, estime-t-on, touche environ 6 % des enfants. <\/span><\/p>\n<p>Cote doc: 2-20-BRE-M<\/p>\n","protected":false},"featured_media":333,"comment_status":"open","ping_status":"closed","template":"","meta":{"_et_pb_use_builder":"","_et_pb_old_content":"","_et_gb_content_width":"","spay_email":""},"class_list":["post-334","product","type-product","status-publish","has-post-thumbnail","hentry","product_cat-livres","product_tag-accompagnement","product_tag-annonce-du-handicap","product_tag-dyspraxie","product_tag-enfant","product_tag-readaptation","product_tag-soutien","product_tag-trouble-de-lapprentissage"],"jetpack_sharing_enabled":true,"jetpack_likes_enabled":true,"_links":{"self":[{"href":"https:\/\/www.parthages.be\/eboutique\/wp-json\/wp\/v2\/product\/334","targetHints":{"allow":["GET"]}}],"collection":[{"href":"https:\/\/www.parthages.be\/eboutique\/wp-json\/wp\/v2\/product"}],"about":[{"href":"https:\/\/www.parthages.be\/eboutique\/wp-json\/wp\/v2\/types\/product"}],"replies":[{"embeddable":true,"href":"https:\/\/www.parthages.be\/eboutique\/wp-json\/wp\/v2\/comments?post=334"}],"wp:featuredmedia":[{"embeddable":true,"href":"https:\/\/www.parthages.be\/eboutique\/wp-json\/wp\/v2\/media\/333"}],"wp:attachment":[{"href":"https:\/\/www.parthages.be\/eboutique\/wp-json\/wp\/v2\/media?parent=334"}],"curies":[{"name":"wp","href":"https:\/\/api.w.org\/{rel}","templated":true}]}}