{"id":342,"date":"2013-07-02T11:20:43","date_gmt":"2013-07-02T09:20:43","guid":{"rendered":"https:\/\/www.parthages.be\/wordpress\/produit\/psychopathologie-et-handicap-de-l-enfant-et-de-l-adolescent\/"},"modified":"2022-07-26T09:05:42","modified_gmt":"2022-07-26T07:05:42","slug":"psychopathologie-et-handicap-de-l-enfant-et-de-l-adolescent","status":"publish","type":"product","link":"https:\/\/www.parthages.be\/eboutique\/produit\/psychopathologie-et-handicap-de-l-enfant-et-de-l-adolescent\/","title":{"rendered":"Psychopathologie et handicap de l&rsquo;enfant et de l&rsquo;adolescent"},"content":{"rendered":"<p>Certaines pathologies ne peuvent \u00eatre gu\u00e9ries, mais il est possible de faire \u00e9voluer leurs cons\u00e9quences sur le sujet et ses proches. D&rsquo;autres troubles, plut\u00f4t r\u00e9actionnels ou adaptatifs, sont rapidement r\u00e9versibles. D&rsquo;autres encore ne sont qu&rsquo;un \u00e9pisode particulier du d\u00e9veloppement, durant lequel les souffrances et les crises ne rel\u00e8vent pas, ou seulement de mani\u00e8re temporaire, du soin sp\u00e9cialis\u00e9. C&rsquo;est dire l&rsquo;existence d&rsquo;une intrication \u00e9troite et complexe entre les signifiants \u00ab handicap \u00bb et \u00ab psychopathologie \u00bb et l&rsquo;int\u00e9r\u00eat de les d\u00e9finir sur les plans clinique et th\u00e9orique.<\/p>\n<p>Le concept de handicap a progressivement re\u00e7u une d\u00e9finition de plus en plus large et celui de \u00ab handicap psychique \u00bb est apparu r\u00e9cemment en France. La loi fran\u00e7aise du 11 f\u00e9vrier 2005 int\u00e8gre d\u00e9sormais sous un m\u00eame signifiant les d\u00e9ficiences intellectuelles, sensorielles, motrices, instrumentales, les multi ou polyhandicaps et les troubles psychiques, au diagnostic desquels le clinicien, psychiatre ou psychologue, est convoqu\u00e9. Cela impose un rapprochement du secteur de la p\u00e9dopsychiatrie et du secteur m\u00e9dicosocial ou m\u00e9dico-\u00e9ducatif, qui n&rsquo;aura de cons\u00e9quences positives que si les patients, leurs familles et les professionnels y sont activement associ\u00e9s.<\/p>\n<p>Les auteurs dressent ici un bilan des connaissances, issues des travaux fondamentaux et de leurs confrontations avec la clinique, et les nouvelles situations sociales, l\u00e9gislatives et \u00e9conomiques dans le contexte des tensions et des enjeux g\u00e9n\u00e9r\u00e9s par ce changement de perspective..<\/p>\n<p>(Pr\u00e9sentation de l&rsquo;\u00e9diteur)<\/p>\n<p>RAYNAUD J-P.- SCELLES R.<\/p>\n<p>Editions Er\u00e8s<\/p>\n<p>2013-246p..412gr- 26\u20ac<\/p>\n<p>ISBN\u00a0: 978-2-7492-3664-3<\/p>\n<p>Cote doc: 1-40-RAY-P<\/p>\n<span class=\"et_bloom_bottom_trigger\"><\/span>","protected":false},"excerpt":{"rendered":"<p>Certaines pathologies ne peuvent \u00eatre gu\u00e9ries, mais il est possible de faire \u00e9voluer leurs cons\u00e9quences sur le sujet et ses proches. D&rsquo;autres troubles, plut\u00f4t r\u00e9actionnels ou adaptatifs, sont rapidement r\u00e9versibles. D&rsquo;autres encore ne sont qu&rsquo;un \u00e9pisode particulier du d\u00e9veloppement, durant lequel les souffrances et les crises ne rel\u00e8vent pas, ou seulement de mani\u00e8re temporaire, du soin sp\u00e9cialis\u00e9.<\/p>\n","protected":false},"featured_media":341,"comment_status":"open","ping_status":"closed","template":"","meta":{"_et_pb_use_builder":"","_et_pb_old_content":"","_et_gb_content_width":"","spay_email":""},"class_list":["post-342","product","type-product","status-publish","has-post-thumbnail","hentry","product_cat-livres","product_tag-adolescent","product_tag-bareme","product_tag-classification","product_tag-deficience-motrice","product_tag-deficience-visuelle","product_tag-enfant","product_tag-evaluation","product_tag-evolution","product_tag-france","product_tag-handicap","product_tag-incapacite","product_tag-personne-handicapee","product_tag-psychiatrie","product_tag-soins","product_tag-trouble-neurologique"],"jetpack_sharing_enabled":true,"jetpack_likes_enabled":true,"_links":{"self":[{"href":"https:\/\/www.parthages.be\/eboutique\/wp-json\/wp\/v2\/product\/342","targetHints":{"allow":["GET"]}}],"collection":[{"href":"https:\/\/www.parthages.be\/eboutique\/wp-json\/wp\/v2\/product"}],"about":[{"href":"https:\/\/www.parthages.be\/eboutique\/wp-json\/wp\/v2\/types\/product"}],"replies":[{"embeddable":true,"href":"https:\/\/www.parthages.be\/eboutique\/wp-json\/wp\/v2\/comments?post=342"}],"wp:featuredmedia":[{"embeddable":true,"href":"https:\/\/www.parthages.be\/eboutique\/wp-json\/wp\/v2\/media\/341"}],"wp:attachment":[{"href":"https:\/\/www.parthages.be\/eboutique\/wp-json\/wp\/v2\/media?parent=342"}],"curies":[{"name":"wp","href":"https:\/\/api.w.org\/{rel}","templated":true}]}}